{"id":1483,"date":"2023-07-27T15:51:23","date_gmt":"2023-07-27T13:51:23","guid":{"rendered":"https:\/\/mindef.gov.cm\/armee-de-terre\/accueil\/"},"modified":"2025-10-07T08:47:15","modified_gmt":"2025-10-07T06:47:15","slug":"accueil","status":"publish","type":"page","link":"https:\/\/mindef.gov.cm\/armee-de-terre\/en\/","title":{"rendered":"Home"},"content":{"rendered":"\t\t<div data-elementor-type=\"wp-page\" data-elementor-id=\"1483\" class=\"elementor elementor-1483 elementor-133\" data-elementor-post-type=\"page\">\n\t\t\t\t\t\t<section class=\"elementor-section elementor-top-section elementor-element elementor-element-156b11b elementor-section-boxed elementor-section-height-default elementor-section-height-default\" data-id=\"156b11b\" data-element_type=\"section\">\n\t\t\t\t\t\t<div class=\"elementor-container elementor-column-gap-default\">\n\t\t\t\t\t<div class=\"elementor-column elementor-col-100 elementor-top-column elementor-element elementor-element-615b92fb\" data-id=\"615b92fb\" data-element_type=\"column\">\n\t\t\t<div class=\"elementor-widget-wrap elementor-element-populated\">\n\t\t\t\t\t\t<div class=\"elementor-element elementor-element-3e26d8ac slider-arrow-position-show-hover title_position_default img_hover_animation_default is-carousel-overflow-hidden slider-direction-ltr grid-hover-overlay-type-always grid-hover-overlay-height-default hover-overlay-height-default tpg-border-bottom-disable elementor-widget elementor-widget-tpg-slider-layout\" data-id=\"3e26d8ac\" data-element_type=\"widget\" data-widget_type=\"tpg-slider-layout.default\">\n\t\t\t\t<div class=\"elementor-widget-container\">\n\t\t\t        <div class=\"rt-container-fluid rt-tpg-container tpg-el-main-wrapper slider-layout-main slider-layout4-main \"\n             id=\"rt-tpg-container-558971375\"\n             data-layout=\"slider-layout4\"\n             data-grid-style=\"\"\n             data-desktop-col=\"4\"\n             data-tab-col=\"2\"\n             data-mobile-col=\"1\"\n             data-sc-id=\"elementor\"\n             data-el-query=''\n        >\n\t\t\t\n            <div class=\"slider-main-wrapper slider-layout4\">\n                <div class=\"rt-swiper-holder swiper\"\n                     data-rtowl-options='{\"speed\":500,\"autoPlayTimeOut\":3000,\"autoPlay\":true,\"stopOnHover\":true,\"nav\":true,\"dots\":false,\"loop\":true,\"lazyLoad\":false,\"autoHeight\":false,\"dynamic_dots\":false,\"grabCursor\":true}'\n                     dir=\"ltr\"\n                >\n                    <div class=\"swiper-wrapper rt-content-loader grid-behaviour grid-layout7 slider_layout_wrapper\">\n\t\t\t\t\t\t\r\n    <div class=\"default rt-slider-item swiper-slide rt-grid-item\" data-id=\"2516\">\r\n        <div class=\"rt-holder tpg-post-holder\">\r\n            <div class=\"rt-detail rt-el-content-wrapper\">\r\n\t\t\t\t                    <div class=\"rt-img-holder tpg-el-image-wrap has-thumbnail\">\r\n\t\t\t\t\t\t<a data-id=\"2516\" href=\"https:\/\/mindef.gov.cm\/armee-de-terre\/en\/happy-new-year-2026\/\" class=\"tpg-post-link\" target=\"_self\">                        <img fetchpriority=\"high\" decoding=\"async\" src=\"https:\/\/mindef.gov.cm\/armee-de-terre\/wp-content\/uploads\/sites\/5\/2026\/01\/happy-new-768x953.jpg\"\n                             class=\"rt-img-responsive\"\n                             width=\"768\"\n                             height=\"953\"\n                             alt=\"Happy new Year 2026\">\n\t\t\t\t\t\t\n\t\t\t\t\t\t\t\n\t\t<\/a>\n\t\t        <div class=\"overlay grid-hover-content\"><\/div>\n\t\t                    <\/div>\r\n\t\t\t\t            <\/div>\r\n        <\/div>\r\n    <\/div>\r\n\r\n\r\n    <div class=\"default rt-slider-item swiper-slide rt-grid-item\" data-id=\"1524\">\r\n        <div class=\"rt-holder tpg-post-holder\">\r\n            <div class=\"rt-detail rt-el-content-wrapper\">\r\n\t\t\t\t                    <div class=\"rt-img-holder tpg-el-image-wrap has-thumbnail\">\r\n\t\t\t\t\t\t<a data-id=\"1524\" href=\"https:\/\/mindef.gov.cm\/armee-de-terre\/en\/armee-nation2\/\" class=\"tpg-post-link\" target=\"_self\">                        <img decoding=\"async\" src=\"https:\/\/mindef.gov.cm\/armee-de-terre\/wp-content\/uploads\/sites\/5\/2023\/09\/Armee-Nation2-768x576.jpg\"\n                             class=\"rt-img-responsive\"\n                             width=\"768\"\n                             height=\"576\"\n                             alt=\"Arm\u00e9e-Nation2\">\n\t\t\t\t\t\t\n\t\t\t\t\t\t\t\n\t\t<\/a>\n\t\t        <div class=\"overlay grid-hover-content\"><\/div>\n\t\t                    <\/div>\r\n\t\t\t\t            <\/div>\r\n        <\/div>\r\n    <\/div>\r\n\r\n\r\n    <div class=\"default rt-slider-item swiper-slide rt-grid-item\" data-id=\"1531\">\r\n        <div class=\"rt-holder tpg-post-holder\">\r\n            <div class=\"rt-detail rt-el-content-wrapper\">\r\n\t\t\t\t                    <div class=\"rt-img-holder tpg-el-image-wrap has-thumbnail\">\r\n\t\t\t\t\t\t<a data-id=\"1531\" href=\"https:\/\/mindef.gov.cm\/armee-de-terre\/en\/armee-nation1\/\" class=\"tpg-post-link\" target=\"_self\">                        <img decoding=\"async\" src=\"https:\/\/mindef.gov.cm\/armee-de-terre\/wp-content\/uploads\/sites\/5\/2023\/09\/Armee-Nation1-768x512.jpg\"\n                             class=\"rt-img-responsive\"\n                             width=\"768\"\n                             height=\"512\"\n                             alt=\"Arm\u00e9e-Nation1\">\n\t\t\t\t\t\t\n\t\t\t\t\t\t\t\n\t\t<\/a>\n\t\t        <div class=\"overlay grid-hover-content\"><\/div>\n\t\t                    <\/div>\r\n\t\t\t\t            <\/div>\r\n        <\/div>\r\n    <\/div>\r\n\r\n\r\n    <div class=\"default rt-slider-item swiper-slide rt-grid-item\" data-id=\"1530\">\r\n        <div class=\"rt-holder tpg-post-holder\">\r\n            <div class=\"rt-detail rt-el-content-wrapper\">\r\n\t\t\t\t                    <div class=\"rt-img-holder tpg-el-image-wrap has-thumbnail\">\r\n\t\t\t\t\t\t<a data-id=\"1530\" href=\"https:\/\/mindef.gov.cm\/armee-de-terre\/en\/btap2\/\" class=\"tpg-post-link\" target=\"_self\">                        <img loading=\"lazy\" decoding=\"async\" src=\"https:\/\/mindef.gov.cm\/armee-de-terre\/wp-content\/uploads\/sites\/5\/2023\/09\/BTAP5-768x432.jpg\"\n                             class=\"rt-img-responsive\"\n                             width=\"768\"\n                             height=\"432\"\n                             alt=\"BTAP2\">\n\t\t\t\t\t\t\n\t\t\t\t\t\t\t\n\t\t<\/a>\n\t\t        <div class=\"overlay grid-hover-content\"><\/div>\n\t\t                    <\/div>\r\n\t\t\t\t            <\/div>\r\n        <\/div>\r\n    <\/div>\r\n\r\n\r\n    <div class=\"default rt-slider-item swiper-slide rt-grid-item\" data-id=\"1529\">\r\n        <div class=\"rt-holder tpg-post-holder\">\r\n            <div class=\"rt-detail rt-el-content-wrapper\">\r\n\t\t\t\t                    <div class=\"rt-img-holder tpg-el-image-wrap has-thumbnail\">\r\n\t\t\t\t\t\t<a data-id=\"1529\" href=\"https:\/\/mindef.gov.cm\/armee-de-terre\/en\/btap1\/\" class=\"tpg-post-link\" target=\"_self\">                        <img loading=\"lazy\" decoding=\"async\" src=\"https:\/\/mindef.gov.cm\/armee-de-terre\/wp-content\/uploads\/sites\/5\/2023\/09\/BTAP1-1-768x432.jpg\"\n                             class=\"rt-img-responsive\"\n                             width=\"768\"\n                             height=\"432\"\n                             alt=\"BTAP1\">\n\t\t\t\t\t\t\n\t\t\t\t\t\t\t\n\t\t<\/a>\n\t\t        <div class=\"overlay grid-hover-content\"><\/div>\n\t\t                    <\/div>\r\n\t\t\t\t            <\/div>\r\n        <\/div>\r\n    <\/div>\r\n\r\n\r\n    <div class=\"default rt-slider-item swiper-slide rt-grid-item\" data-id=\"1525\">\r\n        <div class=\"rt-holder tpg-post-holder\">\r\n            <div class=\"rt-detail rt-el-content-wrapper\">\r\n\t\t\t\t                    <div class=\"rt-img-holder tpg-el-image-wrap has-thumbnail\">\r\n\t\t\t\t\t\t<a data-id=\"1525\" href=\"https:\/\/mindef.gov.cm\/armee-de-terre\/en\/batterie-canon-de-35-mm-aa-deployee-au-cours-dun-tir-de-demonstration-2\/\" class=\"tpg-post-link\" target=\"_self\">                        <img loading=\"lazy\" decoding=\"async\" src=\"https:\/\/mindef.gov.cm\/armee-de-terre\/wp-content\/uploads\/sites\/5\/2023\/09\/Batterie-Canon-de-35-mm-AA-deployee-au-cours-dun-tir-de-demonstration-2-768x432.jpg\"\n                             class=\"rt-img-responsive\"\n                             width=\"768\"\n                             height=\"432\"\n                             alt=\"35 mm aa gun battery deployed during a demonstration firing 2\">\n\t\t\t\t\t\t\n\t\t\t\t\t\t\t\n\t\t<\/a>\n\t\t        <div class=\"overlay grid-hover-content\"><\/div>\n\t\t                    <\/div>\r\n\t\t\t\t            <\/div>\r\n        <\/div>\r\n    <\/div>\r\n\r\n\r\n    <div class=\"default rt-slider-item swiper-slide rt-grid-item\" data-id=\"1528\">\r\n        <div class=\"rt-holder tpg-post-holder\">\r\n            <div class=\"rt-detail rt-el-content-wrapper\">\r\n\t\t\t\t                    <div class=\"rt-img-holder tpg-el-image-wrap has-thumbnail\">\r\n\t\t\t\t\t\t<a data-id=\"1528\" href=\"https:\/\/mindef.gov.cm\/armee-de-terre\/en\/station-radar-avec-sa-cabine-dexploitation\/\" class=\"tpg-post-link\" target=\"_self\">                        <img loading=\"lazy\" decoding=\"async\" src=\"https:\/\/mindef.gov.cm\/armee-de-terre\/wp-content\/uploads\/sites\/5\/2023\/09\/Station-Radar-avec-sa-Cabine-dexploitation-768x755.jpg\"\n                             class=\"rt-img-responsive\"\n                             width=\"768\"\n                             height=\"755\"\n                             alt=\"Station Radar avec sa Cabine d\u2019exploitation\">\n\t\t\t\t\t\t\n\t\t\t\t\t\t\t\n\t\t<\/a>\n\t\t        <div class=\"overlay grid-hover-content\"><\/div>\n\t\t                    <\/div>\r\n\t\t\t\t            <\/div>\r\n        <\/div>\r\n    <\/div>\r\n\r\n\r\n    <div class=\"default rt-slider-item swiper-slide rt-grid-item\" data-id=\"1526\">\r\n        <div class=\"rt-holder tpg-post-holder\">\r\n            <div class=\"rt-detail rt-el-content-wrapper\">\r\n\t\t\t\t                    <div class=\"rt-img-holder tpg-el-image-wrap has-thumbnail\">\r\n\t\t\t\t\t\t<a data-id=\"1526\" href=\"https:\/\/mindef.gov.cm\/armee-de-terre\/en\/patrouille-motorisee-42bim-emergence-4\/\" class=\"tpg-post-link\" target=\"_self\">                        <img loading=\"lazy\" decoding=\"async\" src=\"https:\/\/mindef.gov.cm\/armee-de-terre\/wp-content\/uploads\/sites\/5\/2023\/09\/Patrouille-motorisee-42\u00b0BIM-Emergence-4-768x573.jpg\"\n                             class=\"rt-img-responsive\"\n                             width=\"768\"\n                             height=\"573\"\n                             alt=\"Motorised patrol 42\u00b0BIM (Emergence 4)\">\n\t\t\t\t\t\t\n\t\t\t\t\t\t\t\n\t\t<\/a>\n\t\t        <div class=\"overlay grid-hover-content\"><\/div>\n\t\t                    <\/div>\r\n\t\t\t\t            <\/div>\r\n        <\/div>\r\n    <\/div>\r\n\r\n                    <\/div>\n\n                <\/div>\n\n\n\t\t\t\t                    <!--swiper-pagination-horizontal-->\n\t\t\t\t\t\n\t\t\t\t\t                        <div class=\"swiper-navigation\">\n                            <div class=\"slider-btn swiper-button-prev\"><\/div>\n                            <div class=\"slider-btn swiper-button-next\"><\/div>\n                        <\/div>\n\t\t\t\t\t\t\t\t\t\n\t\t\t\t            <\/div>\n        <\/div>\n\t\t\t\t<\/div>\n\t\t\t\t<\/div>\n\t\t\t\t\t<\/div>\n\t\t<\/div>\n\t\t\t\t\t<\/div>\n\t\t<\/section>\n\t\t\t\t<section class=\"elementor-section elementor-top-section elementor-element elementor-element-6ea72910 elementor-section-boxed elementor-section-height-default elementor-section-height-default\" data-id=\"6ea72910\" data-element_type=\"section\">\n\t\t\t\t\t\t<div class=\"elementor-container elementor-column-gap-default\">\n\t\t\t\t\t<div class=\"elementor-column elementor-col-33 elementor-top-column elementor-element elementor-element-5f04efd5\" data-id=\"5f04efd5\" data-element_type=\"column\">\n\t\t\t<div class=\"elementor-widget-wrap elementor-element-populated\">\n\t\t\t\t\t\t<div class=\"elementor-element elementor-element-4ef1a003 elementor-widget elementor-widget-spacer\" data-id=\"4ef1a003\" data-element_type=\"widget\" data-widget_type=\"spacer.default\">\n\t\t\t\t<div class=\"elementor-widget-container\">\n\t\t\t\t\t<div class=\"elementor-spacer\">\n\t\t\t<div class=\"elementor-spacer-inner\"><\/div>\n\t\t<\/div>\n\t\t\t\t<\/div>\n\t\t\t\t<\/div>\n\t\t\t\t<div class=\"elementor-element elementor-element-6e708662 elementor-widget elementor-widget-heading\" data-id=\"6e708662\" data-element_type=\"widget\" data-widget_type=\"heading.default\">\n\t\t\t\t<div class=\"elementor-widget-container\">\n\t\t\t<h2 class=\"elementor-heading-title elementor-size-default\">THE ARMY<\/h2>\t\t<\/div>\n\t\t\t\t<\/div>\n\t\t\t\t\t<\/div>\n\t\t<\/div>\n\t\t\t\t<div class=\"elementor-column elementor-col-33 elementor-top-column elementor-element elementor-element-5c278da0\" data-id=\"5c278da0\" data-element_type=\"column\">\n\t\t\t<div class=\"elementor-widget-wrap elementor-element-populated\">\n\t\t\t\t\t\t<div class=\"elementor-element elementor-element-2b37f95e elementor-widget elementor-widget-image\" data-id=\"2b37f95e\" data-element_type=\"widget\" data-widget_type=\"image.default\">\n\t\t\t\t<div class=\"elementor-widget-container\">\n\t\t\t\t\t\t\t\t\t\t\t\t\t<img loading=\"lazy\" decoding=\"async\" width=\"394\" height=\"394\" src=\"https:\/\/mindef.gov.cm\/armee-de-terre\/wp-content\/uploads\/sites\/5\/2023\/10\/log-terre-1.png\" class=\"attachment-full size-full wp-image-1030\" alt=\"\" \/>\t\t\t\t\t\t\t\t\t\t\t\t\t<\/div>\n\t\t\t\t<\/div>\n\t\t\t\t\t<\/div>\n\t\t<\/div>\n\t\t\t\t<div class=\"elementor-column elementor-col-33 elementor-top-column elementor-element elementor-element-4b29d49a\" data-id=\"4b29d49a\" data-element_type=\"column\">\n\t\t\t<div class=\"elementor-widget-wrap elementor-element-populated\">\n\t\t\t\t\t\t<div class=\"elementor-element elementor-element-5d0c2a0a elementor-widget elementor-widget-spacer\" data-id=\"5d0c2a0a\" data-element_type=\"widget\" data-widget_type=\"spacer.default\">\n\t\t\t\t<div class=\"elementor-widget-container\">\n\t\t\t\t\t<div class=\"elementor-spacer\">\n\t\t\t<div class=\"elementor-spacer-inner\"><\/div>\n\t\t<\/div>\n\t\t\t\t<\/div>\n\t\t\t\t<\/div>\n\t\t\t\t<div class=\"elementor-element elementor-element-705d09f3 elementor-widget elementor-widget-heading\" data-id=\"705d09f3\" data-element_type=\"widget\" data-widget_type=\"heading.default\">\n\t\t\t\t<div class=\"elementor-widget-container\">\n\t\t\t<h2 class=\"elementor-heading-title elementor-size-default\">ARM\u00c9E DE TERRE<\/h2>\t\t<\/div>\n\t\t\t\t<\/div>\n\t\t\t\t\t<\/div>\n\t\t<\/div>\n\t\t\t\t\t<\/div>\n\t\t<\/section>\n\t\t\t\t<section class=\"elementor-section elementor-top-section elementor-element elementor-element-bf2244a elementor-hidden-tablet elementor-hidden-mobile elementor-section-boxed elementor-section-height-default elementor-section-height-default\" data-id=\"bf2244a\" data-element_type=\"section\" data-settings=\"{&quot;background_background&quot;:&quot;classic&quot;}\">\n\t\t\t\t\t\t<div class=\"elementor-container elementor-column-gap-default\">\n\t\t\t\t\t<div class=\"elementor-column elementor-col-100 elementor-top-column elementor-element elementor-element-49582d68\" data-id=\"49582d68\" data-element_type=\"column\">\n\t\t\t<div class=\"elementor-widget-wrap elementor-element-populated\">\n\t\t\t\t\t\t<div class=\"elementor-element elementor-element-2e74da95 elementor-widget elementor-widget-spacer\" data-id=\"2e74da95\" data-element_type=\"widget\" data-widget_type=\"spacer.default\">\n\t\t\t\t<div class=\"elementor-widget-container\">\n\t\t\t\t\t<div class=\"elementor-spacer\">\n\t\t\t<div class=\"elementor-spacer-inner\"><\/div>\n\t\t<\/div>\n\t\t\t\t<\/div>\n\t\t\t\t<\/div>\n\t\t\t\t\t<\/div>\n\t\t<\/div>\n\t\t\t\t\t<\/div>\n\t\t<\/section>\n\t\t\t\t<section class=\"elementor-section elementor-top-section elementor-element elementor-element-102e788d elementor-section-boxed elementor-section-height-default elementor-section-height-default\" data-id=\"102e788d\" data-element_type=\"section\" data-settings=\"{&quot;background_background&quot;:&quot;classic&quot;}\">\n\t\t\t\t\t\t<div class=\"elementor-container elementor-column-gap-default\">\n\t\t\t\t\t<div class=\"elementor-column elementor-col-33 elementor-top-column elementor-element elementor-element-60f97950\" data-id=\"60f97950\" data-element_type=\"column\">\n\t\t\t<div class=\"elementor-widget-wrap elementor-element-populated\">\n\t\t\t\t\t\t<div class=\"elementor-element elementor-element-3e4c6907 elementor-widget elementor-widget-image\" data-id=\"3e4c6907\" data-element_type=\"widget\" id=\"valeurs\" data-widget_type=\"image.default\">\n\t\t\t\t<div class=\"elementor-widget-container\">\n\t\t\t\t\t\t\t\t\t\t\t\t\t<img loading=\"lazy\" decoding=\"async\" width=\"2560\" height=\"1810\" src=\"https:\/\/mindef.gov.cm\/armee-de-terre\/wp-content\/uploads\/sites\/5\/2023\/07\/terre-scaled.gif\" class=\"attachment-full size-full wp-image-253\" alt=\"\" \/>\t\t\t\t\t\t\t\t\t\t\t\t\t<\/div>\n\t\t\t\t<\/div>\n\t\t\t\t<div class=\"elementor-element elementor-element-1fa71e4d elementor-widget elementor-widget-heading\" data-id=\"1fa71e4d\" data-element_type=\"widget\" data-widget_type=\"heading.default\">\n\t\t\t\t<div class=\"elementor-widget-container\">\n\t\t\t<h2 class=\"elementor-heading-title elementor-size-default\">Our Values<\/h2>\t\t<\/div>\n\t\t\t\t<\/div>\n\t\t\t\t<div class=\"elementor-element elementor-element-a5b0d06 elementor-widget-divider--view-line elementor-widget elementor-widget-divider\" data-id=\"a5b0d06\" data-element_type=\"widget\" data-widget_type=\"divider.default\">\n\t\t\t\t<div class=\"elementor-widget-container\">\n\t\t\t\t\t<div class=\"elementor-divider\">\n\t\t\t<span class=\"elementor-divider-separator\">\n\t\t\t\t\t\t<\/span>\n\t\t<\/div>\n\t\t\t\t<\/div>\n\t\t\t\t<\/div>\n\t\t\t\t<div class=\"elementor-element elementor-element-c03577f elementor-align-center elementor-widget elementor-widget-button\" data-id=\"c03577f\" data-element_type=\"widget\" data-widget_type=\"button.default\">\n\t\t\t\t<div class=\"elementor-widget-container\">\n\t\t\t\t\t\t\t<div class=\"elementor-button-wrapper\">\n\t\t\t\t\t<a class=\"elementor-button elementor-button-link elementor-size-sm\" href=\"https:\/\/mindef.gov.cm\/armee-de-terre\/#valeurs\">\n\t\t\t\t\t\t<span class=\"elementor-button-content-wrapper\">\n\t\t\t\t\t\t<span class=\"elementor-button-icon\">\n\t\t\t\t<i aria-hidden=\"true\" class=\"far fa-arrow-alt-circle-right\"><\/i>\t\t\t<\/span>\n\t\t\t\t\t\t\t\t\t<span class=\"elementor-button-text\">Visit<\/span>\n\t\t\t\t\t<\/span>\n\t\t\t\t\t<\/a>\n\t\t\t\t<\/div>\n\t\t\t\t\t\t<\/div>\n\t\t\t\t<\/div>\n\t\t\t\t\t<\/div>\n\t\t<\/div>\n\t\t\t\t<div class=\"elementor-column elementor-col-33 elementor-top-column elementor-element elementor-element-272561f1\" data-id=\"272561f1\" data-element_type=\"column\">\n\t\t\t<div class=\"elementor-widget-wrap elementor-element-populated\">\n\t\t\t\t\t\t<div class=\"elementor-element elementor-element-12f1700c elementor-widget elementor-widget-image\" data-id=\"12f1700c\" data-element_type=\"widget\" data-widget_type=\"image.default\">\n\t\t\t\t<div class=\"elementor-widget-container\">\n\t\t\t\t\t\t\t\t\t\t\t\t\t<img loading=\"lazy\" decoding=\"async\" width=\"2560\" height=\"1810\" src=\"https:\/\/mindef.gov.cm\/armee-de-terre\/wp-content\/uploads\/sites\/5\/2023\/07\/terre2-scaled.gif\" class=\"attachment-full size-full wp-image-251\" alt=\"\" \/>\t\t\t\t\t\t\t\t\t\t\t\t\t<\/div>\n\t\t\t\t<\/div>\n\t\t\t\t<div class=\"elementor-element elementor-element-72e8873e elementor-widget elementor-widget-heading\" data-id=\"72e8873e\" data-element_type=\"widget\" data-widget_type=\"heading.default\">\n\t\t\t\t<div class=\"elementor-widget-container\">\n\t\t\t<h2 class=\"elementor-heading-title elementor-size-default\">Our Missions<\/h2>\t\t<\/div>\n\t\t\t\t<\/div>\n\t\t\t\t<div class=\"elementor-element elementor-element-fbd9946 elementor-widget-divider--view-line elementor-widget elementor-widget-divider\" data-id=\"fbd9946\" data-element_type=\"widget\" data-widget_type=\"divider.default\">\n\t\t\t\t<div class=\"elementor-widget-container\">\n\t\t\t\t\t<div class=\"elementor-divider\">\n\t\t\t<span class=\"elementor-divider-separator\">\n\t\t\t\t\t\t<\/span>\n\t\t<\/div>\n\t\t\t\t<\/div>\n\t\t\t\t<\/div>\n\t\t\t\t<div class=\"elementor-element elementor-element-3b265e7f elementor-align-center elementor-widget elementor-widget-button\" data-id=\"3b265e7f\" data-element_type=\"widget\" data-widget_type=\"button.default\">\n\t\t\t\t<div class=\"elementor-widget-container\">\n\t\t\t\t\t\t\t<div class=\"elementor-button-wrapper\">\n\t\t\t\t\t<a class=\"elementor-button elementor-button-link elementor-size-sm\" href=\"https:\/\/mindef.gov.cm\/armee-de-terre\/missions\/\">\n\t\t\t\t\t\t<span class=\"elementor-button-content-wrapper\">\n\t\t\t\t\t\t<span class=\"elementor-button-icon\">\n\t\t\t\t<i aria-hidden=\"true\" class=\"far fa-arrow-alt-circle-right\"><\/i>\t\t\t<\/span>\n\t\t\t\t\t\t\t\t\t<span class=\"elementor-button-text\">Visit<\/span>\n\t\t\t\t\t<\/span>\n\t\t\t\t\t<\/a>\n\t\t\t\t<\/div>\n\t\t\t\t\t\t<\/div>\n\t\t\t\t<\/div>\n\t\t\t\t\t<\/div>\n\t\t<\/div>\n\t\t\t\t<div class=\"elementor-column elementor-col-33 elementor-top-column elementor-element elementor-element-561307f0\" data-id=\"561307f0\" data-element_type=\"column\">\n\t\t\t<div class=\"elementor-widget-wrap elementor-element-populated\">\n\t\t\t\t\t\t<div class=\"elementor-element elementor-element-69042d8b elementor-widget elementor-widget-image\" data-id=\"69042d8b\" data-element_type=\"widget\" data-widget_type=\"image.default\">\n\t\t\t\t<div class=\"elementor-widget-container\">\n\t\t\t\t\t\t\t\t\t\t\t\t\t<img loading=\"lazy\" decoding=\"async\" width=\"1599\" height=\"1232\" src=\"https:\/\/mindef.gov.cm\/armee-de-terre\/wp-content\/uploads\/sites\/5\/2023\/07\/terre3.gif\" class=\"attachment-full size-full wp-image-252\" alt=\"\" \/>\t\t\t\t\t\t\t\t\t\t\t\t\t<\/div>\n\t\t\t\t<\/div>\n\t\t\t\t<div class=\"elementor-element elementor-element-44efe002 elementor-widget elementor-widget-heading\" data-id=\"44efe002\" data-element_type=\"widget\" data-widget_type=\"heading.default\">\n\t\t\t\t<div class=\"elementor-widget-container\">\n\t\t\t<h2 class=\"elementor-heading-title elementor-size-default\">Publications<\/h2>\t\t<\/div>\n\t\t\t\t<\/div>\n\t\t\t\t<div class=\"elementor-element elementor-element-5339f774 elementor-widget-divider--view-line elementor-widget elementor-widget-divider\" data-id=\"5339f774\" data-element_type=\"widget\" data-widget_type=\"divider.default\">\n\t\t\t\t<div class=\"elementor-widget-container\">\n\t\t\t\t\t<div class=\"elementor-divider\">\n\t\t\t<span class=\"elementor-divider-separator\">\n\t\t\t\t\t\t<\/span>\n\t\t<\/div>\n\t\t\t\t<\/div>\n\t\t\t\t<\/div>\n\t\t\t\t<div class=\"elementor-element elementor-element-47f31a6c elementor-align-center elementor-widget elementor-widget-button\" data-id=\"47f31a6c\" data-element_type=\"widget\" data-widget_type=\"button.default\">\n\t\t\t\t<div class=\"elementor-widget-container\">\n\t\t\t\t\t\t\t<div class=\"elementor-button-wrapper\">\n\t\t\t\t\t<a class=\"elementor-button elementor-button-link elementor-size-sm\" href=\"http:\/\/mindef.gov.cm\/armee-de-terre\/publication\/\">\n\t\t\t\t\t\t<span class=\"elementor-button-content-wrapper\">\n\t\t\t\t\t\t<span class=\"elementor-button-icon\">\n\t\t\t\t<i aria-hidden=\"true\" class=\"far fa-arrow-alt-circle-right\"><\/i>\t\t\t<\/span>\n\t\t\t\t\t\t\t\t\t<span class=\"elementor-button-text\">Visit<\/span>\n\t\t\t\t\t<\/span>\n\t\t\t\t\t<\/a>\n\t\t\t\t<\/div>\n\t\t\t\t\t\t<\/div>\n\t\t\t\t<\/div>\n\t\t\t\t\t<\/div>\n\t\t<\/div>\n\t\t\t\t\t<\/div>\n\t\t<\/section>\n\t\t\t\t<section class=\"elementor-section elementor-top-section elementor-element elementor-element-28609457 elementor-hidden-tablet elementor-hidden-mobile elementor-section-boxed elementor-section-height-default elementor-section-height-default\" data-id=\"28609457\" data-element_type=\"section\" data-settings=\"{&quot;background_background&quot;:&quot;classic&quot;}\">\n\t\t\t\t\t\t<div class=\"elementor-container elementor-column-gap-default\">\n\t\t\t\t\t<div class=\"elementor-column elementor-col-100 elementor-top-column elementor-element elementor-element-78e52b6c\" data-id=\"78e52b6c\" data-element_type=\"column\">\n\t\t\t<div class=\"elementor-widget-wrap elementor-element-populated\">\n\t\t\t\t\t\t<div class=\"elementor-element elementor-element-48f76c3b elementor-widget elementor-widget-spacer\" data-id=\"48f76c3b\" data-element_type=\"widget\" data-widget_type=\"spacer.default\">\n\t\t\t\t<div class=\"elementor-widget-container\">\n\t\t\t\t\t<div class=\"elementor-spacer\">\n\t\t\t<div class=\"elementor-spacer-inner\"><\/div>\n\t\t<\/div>\n\t\t\t\t<\/div>\n\t\t\t\t<\/div>\n\t\t\t\t\t<\/div>\n\t\t<\/div>\n\t\t\t\t\t<\/div>\n\t\t<\/section>\n\t\t\t\t<section class=\"elementor-section elementor-top-section elementor-element elementor-element-8b4f080 elementor-section-boxed elementor-section-height-default elementor-section-height-default\" data-id=\"8b4f080\" data-element_type=\"section\" data-settings=\"{&quot;background_background&quot;:&quot;classic&quot;}\">\n\t\t\t\t\t\t<div class=\"elementor-container elementor-column-gap-default\">\n\t\t\t\t\t<div class=\"elementor-column elementor-col-20 elementor-top-column elementor-element elementor-element-e6f6f0d\" data-id=\"e6f6f0d\" data-element_type=\"column\">\n\t\t\t<div class=\"elementor-widget-wrap elementor-element-populated\">\n\t\t\t\t\t\t<div class=\"elementor-element elementor-element-e71ae31 elementor-widget elementor-widget-spacer\" data-id=\"e71ae31\" data-element_type=\"widget\" data-widget_type=\"spacer.default\">\n\t\t\t\t<div class=\"elementor-widget-container\">\n\t\t\t\t\t<div class=\"elementor-spacer\">\n\t\t\t<div class=\"elementor-spacer-inner\"><\/div>\n\t\t<\/div>\n\t\t\t\t<\/div>\n\t\t\t\t<\/div>\n\t\t\t\t\t<\/div>\n\t\t<\/div>\n\t\t\t\t<div class=\"elementor-column elementor-col-20 elementor-top-column elementor-element elementor-element-04c2020\" data-id=\"04c2020\" data-element_type=\"column\">\n\t\t\t<div class=\"elementor-widget-wrap elementor-element-populated\">\n\t\t\t\t\t\t<div class=\"elementor-element elementor-element-e335500 elementor-hidden-tablet elementor-hidden-mobile elementor-widget elementor-widget-spacer\" data-id=\"e335500\" data-element_type=\"widget\" data-widget_type=\"spacer.default\">\n\t\t\t\t<div class=\"elementor-widget-container\">\n\t\t\t\t\t<div class=\"elementor-spacer\">\n\t\t\t<div class=\"elementor-spacer-inner\"><\/div>\n\t\t<\/div>\n\t\t\t\t<\/div>\n\t\t\t\t<\/div>\n\t\t\t\t<div class=\"elementor-element elementor-element-e57d680 elementor-widget elementor-widget-image\" data-id=\"e57d680\" data-element_type=\"widget\" data-widget_type=\"image.default\">\n\t\t\t\t<div class=\"elementor-widget-container\">\n\t\t\t\t\t\t\t\t\t\t\t\t\t<img loading=\"lazy\" decoding=\"async\" width=\"949\" height=\"1429\" src=\"https:\/\/mindef.gov.cm\/armee-de-terre\/wp-content\/uploads\/sites\/5\/2025\/10\/Saly_Mohamadou.png\" class=\"attachment-full size-full wp-image-2352\" alt=\"\" \/>\t\t\t\t\t\t\t\t\t\t\t\t\t<\/div>\n\t\t\t\t<\/div>\n\t\t\t\t\t<\/div>\n\t\t<\/div>\n\t\t\t\t<div class=\"elementor-column elementor-col-20 elementor-top-column elementor-element elementor-element-a45cd94\" data-id=\"a45cd94\" data-element_type=\"column\">\n\t\t\t<div class=\"elementor-widget-wrap\">\n\t\t\t\t\t\t\t<\/div>\n\t\t<\/div>\n\t\t\t\t<div class=\"elementor-column elementor-col-20 elementor-top-column elementor-element elementor-element-fd749f7\" data-id=\"fd749f7\" data-element_type=\"column\">\n\t\t\t<div class=\"elementor-widget-wrap elementor-element-populated\">\n\t\t\t\t\t\t<div class=\"elementor-element elementor-element-76d7f05 elementor-hidden-tablet elementor-hidden-mobile elementor-widget elementor-widget-spacer\" data-id=\"76d7f05\" data-element_type=\"widget\" data-widget_type=\"spacer.default\">\n\t\t\t\t<div class=\"elementor-widget-container\">\n\t\t\t\t\t<div class=\"elementor-spacer\">\n\t\t\t<div class=\"elementor-spacer-inner\"><\/div>\n\t\t<\/div>\n\t\t\t\t<\/div>\n\t\t\t\t<\/div>\n\t\t\t\t<div class=\"elementor-element elementor-element-b17c3a7 elementor-widget elementor-widget-image\" data-id=\"b17c3a7\" data-element_type=\"widget\" data-widget_type=\"image.default\">\n\t\t\t\t<div class=\"elementor-widget-container\">\n\t\t\t\t\t\t\t\t\t\t\t\t\t<img loading=\"lazy\" decoding=\"async\" width=\"394\" height=\"394\" src=\"https:\/\/mindef.gov.cm\/armee-de-terre\/wp-content\/uploads\/sites\/5\/2023\/07\/log-terre.png\" class=\"attachment-full size-full wp-image-1329\" alt=\"\" \/>\t\t\t\t\t\t\t\t\t\t\t\t\t<\/div>\n\t\t\t\t<\/div>\n\t\t\t\t<div class=\"elementor-element elementor-element-db24d03 elementor-widget elementor-widget-heading\" data-id=\"db24d03\" data-element_type=\"widget\" data-widget_type=\"heading.default\">\n\t\t\t\t<div class=\"elementor-widget-container\">\n\t\t\t<h2 class=\"elementor-heading-title elementor-size-default\">MAJOR GENERAL SALY MOHAMADOU<\/h2>\t\t<\/div>\n\t\t\t\t<\/div>\n\t\t\t\t<div class=\"elementor-element elementor-element-b80c79a elementor-hidden-tablet elementor-hidden-mobile elementor-widget elementor-widget-spacer\" data-id=\"b80c79a\" data-element_type=\"widget\" data-widget_type=\"spacer.default\">\n\t\t\t\t<div class=\"elementor-widget-container\">\n\t\t\t\t\t<div class=\"elementor-spacer\">\n\t\t\t<div class=\"elementor-spacer-inner\"><\/div>\n\t\t<\/div>\n\t\t\t\t<\/div>\n\t\t\t\t<\/div>\n\t\t\t\t<div class=\"elementor-element elementor-element-99b581f elementor-widget-divider--view-line elementor-widget elementor-widget-divider\" data-id=\"99b581f\" data-element_type=\"widget\" data-widget_type=\"divider.default\">\n\t\t\t\t<div class=\"elementor-widget-container\">\n\t\t\t\t\t<div class=\"elementor-divider\">\n\t\t\t<span class=\"elementor-divider-separator\">\n\t\t\t\t\t\t<\/span>\n\t\t<\/div>\n\t\t\t\t<\/div>\n\t\t\t\t<\/div>\n\t\t\t\t<div class=\"elementor-element elementor-element-9a10cd7 elementor-widget elementor-widget-heading\" data-id=\"9a10cd7\" data-element_type=\"widget\" data-widget_type=\"heading.default\">\n\t\t\t\t<div class=\"elementor-widget-container\">\n\t\t\t<h4 class=\"elementor-heading-title elementor-size-small\">Chief of Army Staff<\/h4>\t\t<\/div>\n\t\t\t\t<\/div>\n\t\t\t\t<div class=\"elementor-element elementor-element-a1e6754 elementor-widget elementor-widget-heading\" data-id=\"a1e6754\" data-element_type=\"widget\" data-widget_type=\"heading.default\">\n\t\t\t\t<div class=\"elementor-widget-container\">\n\t\t\t<h4 class=\"elementor-heading-title elementor-size-small\">Chef d'\u00e9tat-major de l'arm\u00e9e de Terre  <\/h4>\t\t<\/div>\n\t\t\t\t<\/div>\n\t\t\t\t<div class=\"elementor-element elementor-element-33738d6 elementor-widget elementor-widget-heading\" data-id=\"33738d6\" data-element_type=\"widget\" data-widget_type=\"heading.default\">\n\t\t\t\t<div class=\"elementor-widget-container\">\n\t\t\t<h2 class=\"elementor-heading-title elementor-size-small\"><a href=\"https:\/\/mindef.gov.cm\/armee-de-terre\/en\/chief-of-army-staff\/\">Read the Chief of Army Staff biography<\/a><\/h2>\t\t<\/div>\n\t\t\t\t<\/div>\n\t\t\t\t\t<\/div>\n\t\t<\/div>\n\t\t\t\t<div class=\"elementor-column elementor-col-20 elementor-top-column elementor-element elementor-element-7761ce9\" data-id=\"7761ce9\" data-element_type=\"column\">\n\t\t\t<div class=\"elementor-widget-wrap\">\n\t\t\t\t\t\t\t<\/div>\n\t\t<\/div>\n\t\t\t\t\t<\/div>\n\t\t<\/section>\n\t\t\t\t<section class=\"elementor-section elementor-top-section elementor-element elementor-element-3442628 elementor-section-boxed elementor-section-height-default elementor-section-height-default\" data-id=\"3442628\" data-element_type=\"section\">\n\t\t\t\t\t\t<div class=\"elementor-container elementor-column-gap-default\">\n\t\t\t\t\t<div class=\"elementor-column elementor-col-100 elementor-top-column elementor-element elementor-element-d6c0d9f\" data-id=\"d6c0d9f\" data-element_type=\"column\">\n\t\t\t<div class=\"elementor-widget-wrap elementor-element-populated\">\n\t\t\t\t\t\t<div class=\"elementor-element elementor-element-e089931 elementor-widget elementor-widget-spacer\" data-id=\"e089931\" data-element_type=\"widget\" data-widget_type=\"spacer.default\">\n\t\t\t\t<div class=\"elementor-widget-container\">\n\t\t\t\t\t<div class=\"elementor-spacer\">\n\t\t\t<div class=\"elementor-spacer-inner\"><\/div>\n\t\t<\/div>\n\t\t\t\t<\/div>\n\t\t\t\t<\/div>\n\t\t\t\t\t<\/div>\n\t\t<\/div>\n\t\t\t\t\t<\/div>\n\t\t<\/section>\n\t\t\t\t<section class=\"elementor-section elementor-top-section elementor-element elementor-element-30dff12d elementor-section-height-min-height elementor-section-stretched elementor-section-boxed elementor-section-height-default elementor-section-items-middle\" data-id=\"30dff12d\" data-element_type=\"section\" data-settings=\"{&quot;stretch_section&quot;:&quot;section-stretched&quot;,&quot;background_background&quot;:&quot;classic&quot;}\">\n\t\t\t\t\t\t<div class=\"elementor-container elementor-column-gap-default\">\n\t\t\t\t\t<div class=\"elementor-column elementor-col-100 elementor-top-column elementor-element elementor-element-7f602e6d elementor-hidden-tablet elementor-hidden-mobile\" data-id=\"7f602e6d\" data-element_type=\"column\">\n\t\t\t<div class=\"elementor-widget-wrap\">\n\t\t\t\t\t\t\t<\/div>\n\t\t<\/div>\n\t\t\t\t\t<\/div>\n\t\t<\/section>\n\t\t\t\t<section class=\"elementor-section elementor-top-section elementor-element elementor-element-3ac4d6a6 elementor-section-boxed elementor-section-height-default elementor-section-height-default\" data-id=\"3ac4d6a6\" data-element_type=\"section\">\n\t\t\t\t\t\t<div class=\"elementor-container elementor-column-gap-default\">\n\t\t\t\t\t<div class=\"elementor-column elementor-col-100 elementor-top-column elementor-element elementor-element-3ceb492d\" data-id=\"3ceb492d\" data-element_type=\"column\">\n\t\t\t<div class=\"elementor-widget-wrap elementor-element-populated\">\n\t\t\t\t\t\t<div class=\"elementor-element elementor-element-33f0bbd8 elementor-hidden-tablet elementor-hidden-mobile elementor-widget elementor-widget-spacer\" data-id=\"33f0bbd8\" data-element_type=\"widget\" data-widget_type=\"spacer.default\">\n\t\t\t\t<div class=\"elementor-widget-container\">\n\t\t\t\t\t<div class=\"elementor-spacer\">\n\t\t\t<div class=\"elementor-spacer-inner\"><\/div>\n\t\t<\/div>\n\t\t\t\t<\/div>\n\t\t\t\t<\/div>\n\t\t\t\t<div class=\"elementor-element elementor-element-670c660 section-title-style-style3 tpg-wrapper-align-center meta-visibility-show title_position_default title_hover_border_default title-default img_hover_animation_default meta_position_default readmore-btn-default-style is-carousel-overflow-hidden slider-direction-ltr grid-hover-overlay-type-always grid-hover-overlay-height-default hover-overlay-height-default elementor-widget elementor-widget-tpg-slider-layout\" data-id=\"670c660\" data-element_type=\"widget\" data-widget_type=\"tpg-slider-layout.default\">\n\t\t\t\t<div class=\"elementor-widget-container\">\n\t\t\t        <div class=\"rt-container-fluid rt-tpg-container tpg-el-main-wrapper slider-layout-main slider-layout12-main \"\n             id=\"rt-tpg-container-324713322\"\n             data-layout=\"slider-layout12\"\n             data-grid-style=\"\"\n             data-desktop-col=\"3\"\n             data-tab-col=\"2\"\n             data-mobile-col=\"1\"\n             data-sc-id=\"elementor\"\n             data-el-query=''\n        >\n\t\t\t\n        <div class=\"tpg-widget-heading-wrapper rt-clear heading-style3 \">\n            <span class=\"tpg-widget-heading-line line-left\"><\/span>\n\t\t\t<h2 class='tpg-widget-heading'>\n\t\t\t\n\t\t\t\t                    <span>\n\t\t\t\t\t\tNEWS\t\t\t\t\t<\/span>\n\t\t\t\t\t\n\t\t\t\t\t\t\t<\/h2>            <span class=\"tpg-widget-heading-line line-right\"><\/span>\n\n\t\t\t\n        <\/div>\n\n\t\t\n\t\t\n            <div class=\"slider-main-wrapper slider-layout12\">\n                <div class=\"rt-swiper-holder swiper\"\n                     data-rtowl-options='{\"speed\":500,\"autoPlayTimeOut\":2500,\"autoPlay\":true,\"stopOnHover\":true,\"nav\":true,\"dots\":true,\"loop\":true,\"lazyLoad\":false,\"autoHeight\":false,\"dynamic_dots\":false,\"grabCursor\":true}'\n                     dir=\"ltr\"\n                >\n                    <div class=\"swiper-wrapper rt-content-loader grid-behaviour  grid_hover-layout5 slider-layout slider_layout_wrapper\">\n\t\t\t\t\t\t\r\n<div class=\"slider-column swiper-slide\">\r\n\r\n\t<div class=\"default rt-slider-item swiper-slide rt-grid-hover-item rt-grid-item\" data-id=\"2516\">\r\n\t\t<div class=\"rt-holder tpg-post-holder\">\r\n\t\t\t<div class=\"rt-detail rt-el-content-wrapper\">\r\n\t\t\t\t\t\t\t\t\t<div class=\"rt-img-holder tpg-el-image-wrap has-thumbnail\">\r\n\t\t\t\t\t\t<a data-id=\"2516\" href=\"https:\/\/mindef.gov.cm\/armee-de-terre\/en\/happy-new-year-2026\/\" class=\"tpg-post-link\" target=\"_self\">                        <img loading=\"lazy\" decoding=\"async\" src=\"https:\/\/mindef.gov.cm\/armee-de-terre\/wp-content\/uploads\/sites\/5\/2026\/01\/happy-new.jpg\"\n                             class=\"rt-img-responsive\"\n                             width=\"1650\"\n                             height=\"2048\"\n                             alt=\"Happy new Year 2026\">\n\t\t\t\t\t\t\n\t\t\t\t\t\t\t\n\t\t<\/a>\n\t\t        <div class=\"overlay grid-hover-content\"><\/div>\n\t\t\t\t\t\t\t<\/div>\r\n\t\t\t\t\r\n\t\t\t\t<div class=\"grid-hover-content\">\r\n\t\t\t\t\t<div class=\"slider-content-inner\">\r\n\r\n\t\t\t\t\t\t<div class=\"entry-title-wrapper\"><h3 class=\"entry-title\"><a data-id=\"2516\" href=\"https:\/\/mindef.gov.cm\/armee-de-terre\/en\/happy-new-year-2026\/\" class=\"tpg-post-link\" target=\"_self\">Happy new Year 2026<\/a><\/h3><\/div>\r\n\r\n\t\t\t\t\t\t\t\t\t\t\t\t\t<div class=\"post-meta-tags rt-el-post-meta\">\r\n\t\t\t\t\t\t\t\t            <span class='date'>\n\t\t\t\t<i class='flaticon-calendar '><\/i>\t\t\t\t<a href=\"https:\/\/mindef.gov.cm\/armee-de-terre\/en\/2026\/01\/16\/\">\n\t\t\t\t\t16 January 2026\t\t\t\t<\/a>\n\t\t\t<\/span>\n\t\t\t\t\t\t\t\t\t\t<\/div>\r\n\t\t\t\t\t\t\r\n\t\t\t\t\t\t                            <div class=\"tpg-excerpt tpg-el-excerpt\">\r\n\t\t\t\t\t\t\t\t                                    <div class=\"tpg-excerpt-inner\">\r\n\t\t\t\t\t\t\t\t\t\t...                                    <\/div>\r\n\t\t\t\t\t\t\t\t\t\t\t\t\t\t\t\t                            <\/div>\r\n\t\t\t\t\t\t\r\n\t\t\t\t\t\t        <div class=\"post-footer\">\n            <div class=\"post-footer\">\n                <div class=\"read-more\">\n\t\t\t\t\t<a data-id=\"2516\" href=\"https:\/\/mindef.gov.cm\/armee-de-terre\/en\/happy-new-year-2026\/\" class=\"tpg-post-link\" target=\"_self\">Read More<\/a>                <\/div>\n            <\/div>\n        <\/div>\n\t\t\t\t\t\t\t<\/div>\r\n\t\t\t\t<\/div>\r\n\t\t\t<\/div>\r\n\t\t<\/div>\r\n\t<\/div>\r\n<\/div>\r\n\r\n<div class=\"slider-column swiper-slide\">\r\n\r\n\t<div class=\"default rt-slider-item swiper-slide rt-grid-hover-item rt-grid-item\" data-id=\"1524\">\r\n\t\t<div class=\"rt-holder tpg-post-holder\">\r\n\t\t\t<div class=\"rt-detail rt-el-content-wrapper\">\r\n\t\t\t\t\t\t\t\t\t<div class=\"rt-img-holder tpg-el-image-wrap has-thumbnail\">\r\n\t\t\t\t\t\t<a data-id=\"1524\" href=\"https:\/\/mindef.gov.cm\/armee-de-terre\/en\/armee-nation2\/\" class=\"tpg-post-link\" target=\"_self\">                        <img loading=\"lazy\" decoding=\"async\" src=\"https:\/\/mindef.gov.cm\/armee-de-terre\/wp-content\/uploads\/sites\/5\/2023\/09\/Armee-Nation2-scaled.jpg\"\n                             class=\"rt-img-responsive\"\n                             width=\"2560\"\n                             height=\"1920\"\n                             alt=\"Arm\u00e9e-Nation2\">\n\t\t\t\t\t\t\n\t\t\t\t\t\t\t\n\t\t<\/a>\n\t\t        <div class=\"overlay grid-hover-content\"><\/div>\n\t\t\t\t\t\t\t<\/div>\r\n\t\t\t\t\r\n\t\t\t\t<div class=\"grid-hover-content\">\r\n\t\t\t\t\t<div class=\"slider-content-inner\">\r\n\r\n\t\t\t\t\t\t<div class=\"entry-title-wrapper\"><h3 class=\"entry-title\"><a data-id=\"1524\" href=\"https:\/\/mindef.gov.cm\/armee-de-terre\/en\/armee-nation2\/\" class=\"tpg-post-link\" target=\"_self\">Arm\u00e9e-Nation2<\/a><\/h3><\/div>\r\n\r\n\t\t\t\t\t\t\t\t\t\t\t\t\t<div class=\"post-meta-tags rt-el-post-meta\">\r\n\t\t\t\t\t\t\t\t            <span class='date'>\n\t\t\t\t<i class='flaticon-calendar '><\/i>\t\t\t\t<a href=\"https:\/\/mindef.gov.cm\/armee-de-terre\/en\/2023\/09\/13\/\">\n\t\t\t\t\t13 September 2023\t\t\t\t<\/a>\n\t\t\t<\/span>\n\t\t\t\t\t\t\t\t\t\t<\/div>\r\n\t\t\t\t\t\t\r\n\t\t\t\t\t\t                            <div class=\"tpg-excerpt tpg-el-excerpt\">\r\n\t\t\t\t\t\t\t\t                                    <div class=\"tpg-excerpt-inner\">\r\n\t\t\t\t\t\t\t\t\t\t...                                    <\/div>\r\n\t\t\t\t\t\t\t\t\t\t\t\t\t\t\t\t                            <\/div>\r\n\t\t\t\t\t\t\r\n\t\t\t\t\t\t        <div class=\"post-footer\">\n            <div class=\"post-footer\">\n                <div class=\"read-more\">\n\t\t\t\t\t<a data-id=\"1524\" href=\"https:\/\/mindef.gov.cm\/armee-de-terre\/en\/armee-nation2\/\" class=\"tpg-post-link\" target=\"_self\">Read More<\/a>                <\/div>\n            <\/div>\n        <\/div>\n\t\t\t\t\t\t\t<\/div>\r\n\t\t\t\t<\/div>\r\n\t\t\t<\/div>\r\n\t\t<\/div>\r\n\t<\/div>\r\n<\/div>\r\n\r\n<div class=\"slider-column swiper-slide\">\r\n\r\n\t<div class=\"default rt-slider-item swiper-slide rt-grid-hover-item rt-grid-item\" data-id=\"1525\">\r\n\t\t<div class=\"rt-holder tpg-post-holder\">\r\n\t\t\t<div class=\"rt-detail rt-el-content-wrapper\">\r\n\t\t\t\t\t\t\t\t\t<div class=\"rt-img-holder tpg-el-image-wrap has-thumbnail\">\r\n\t\t\t\t\t\t<a data-id=\"1525\" href=\"https:\/\/mindef.gov.cm\/armee-de-terre\/en\/batterie-canon-de-35-mm-aa-deployee-au-cours-dun-tir-de-demonstration-2\/\" class=\"tpg-post-link\" target=\"_self\">                        <img loading=\"lazy\" decoding=\"async\" src=\"https:\/\/mindef.gov.cm\/armee-de-terre\/wp-content\/uploads\/sites\/5\/2023\/09\/Batterie-Canon-de-35-mm-AA-deployee-au-cours-dun-tir-de-demonstration-2.jpg\"\n                             class=\"rt-img-responsive\"\n                             width=\"1934\"\n                             height=\"1089\"\n                             alt=\"35 mm aa gun battery deployed during a demonstration firing 2\">\n\t\t\t\t\t\t\n\t\t\t\t\t\t\t\n\t\t<\/a>\n\t\t        <div class=\"overlay grid-hover-content\"><\/div>\n\t\t\t\t\t\t\t<\/div>\r\n\t\t\t\t\r\n\t\t\t\t<div class=\"grid-hover-content\">\r\n\t\t\t\t\t<div class=\"slider-content-inner\">\r\n\r\n\t\t\t\t\t\t<div class=\"entry-title-wrapper\"><h3 class=\"entry-title\"><a data-id=\"1525\" href=\"https:\/\/mindef.gov.cm\/armee-de-terre\/en\/batterie-canon-de-35-mm-aa-deployee-au-cours-dun-tir-de-demonstration-2\/\" class=\"tpg-post-link\" target=\"_self\">35 mm aa gun battery deployed during a demonstration firing 2<\/a><\/h3><\/div>\r\n\r\n\t\t\t\t\t\t\t\t\t\t\t\t\t<div class=\"post-meta-tags rt-el-post-meta\">\r\n\t\t\t\t\t\t\t\t            <span class='date'>\n\t\t\t\t<i class='flaticon-calendar '><\/i>\t\t\t\t<a href=\"https:\/\/mindef.gov.cm\/armee-de-terre\/en\/2023\/09\/13\/\">\n\t\t\t\t\t13 September 2023\t\t\t\t<\/a>\n\t\t\t<\/span>\n\t\t\t\t\t\t\t\t\t\t<\/div>\r\n\t\t\t\t\t\t\r\n\t\t\t\t\t\t                            <div class=\"tpg-excerpt tpg-el-excerpt\">\r\n\t\t\t\t\t\t\t\t                                    <div class=\"tpg-excerpt-inner\">\r\n\t\t\t\t\t\t\t\t\t\t35 mm aa gun battery deployed during a demonstration firing 2...                                    <\/div>\r\n\t\t\t\t\t\t\t\t\t\t\t\t\t\t\t\t                            <\/div>\r\n\t\t\t\t\t\t\r\n\t\t\t\t\t\t        <div class=\"post-footer\">\n            <div class=\"post-footer\">\n                <div class=\"read-more\">\n\t\t\t\t\t<a data-id=\"1525\" href=\"https:\/\/mindef.gov.cm\/armee-de-terre\/en\/batterie-canon-de-35-mm-aa-deployee-au-cours-dun-tir-de-demonstration-2\/\" class=\"tpg-post-link\" target=\"_self\">Read More<\/a>                <\/div>\n            <\/div>\n        <\/div>\n\t\t\t\t\t\t\t<\/div>\r\n\t\t\t\t<\/div>\r\n\t\t\t<\/div>\r\n\t\t<\/div>\r\n\t<\/div>\r\n<\/div>\r\n\r\n<div class=\"slider-column swiper-slide\">\r\n\r\n\t<div class=\"default rt-slider-item swiper-slide rt-grid-hover-item rt-grid-item\" data-id=\"1526\">\r\n\t\t<div class=\"rt-holder tpg-post-holder\">\r\n\t\t\t<div class=\"rt-detail rt-el-content-wrapper\">\r\n\t\t\t\t\t\t\t\t\t<div class=\"rt-img-holder tpg-el-image-wrap has-thumbnail\">\r\n\t\t\t\t\t\t<a data-id=\"1526\" href=\"https:\/\/mindef.gov.cm\/armee-de-terre\/en\/patrouille-motorisee-42bim-emergence-4\/\" class=\"tpg-post-link\" target=\"_self\">                        <img loading=\"lazy\" decoding=\"async\" src=\"https:\/\/mindef.gov.cm\/armee-de-terre\/wp-content\/uploads\/sites\/5\/2023\/09\/Patrouille-motorisee-42\u00b0BIM-Emergence-4-scaled.jpg\"\n                             class=\"rt-img-responsive\"\n                             width=\"2560\"\n                             height=\"1911\"\n                             alt=\"Motorised patrol 42\u00b0BIM (Emergence 4)\">\n\t\t\t\t\t\t\n\t\t\t\t\t\t\t\n\t\t<\/a>\n\t\t        <div class=\"overlay grid-hover-content\"><\/div>\n\t\t\t\t\t\t\t<\/div>\r\n\t\t\t\t\r\n\t\t\t\t<div class=\"grid-hover-content\">\r\n\t\t\t\t\t<div class=\"slider-content-inner\">\r\n\r\n\t\t\t\t\t\t<div class=\"entry-title-wrapper\"><h3 class=\"entry-title\"><a data-id=\"1526\" href=\"https:\/\/mindef.gov.cm\/armee-de-terre\/en\/patrouille-motorisee-42bim-emergence-4\/\" class=\"tpg-post-link\" target=\"_self\">Motorised patrol 42\u00b0BIM (Emergence 4)<\/a><\/h3><\/div>\r\n\r\n\t\t\t\t\t\t\t\t\t\t\t\t\t<div class=\"post-meta-tags rt-el-post-meta\">\r\n\t\t\t\t\t\t\t\t            <span class='date'>\n\t\t\t\t<i class='flaticon-calendar '><\/i>\t\t\t\t<a href=\"https:\/\/mindef.gov.cm\/armee-de-terre\/en\/2023\/09\/13\/\">\n\t\t\t\t\t13 September 2023\t\t\t\t<\/a>\n\t\t\t<\/span>\n\t\t\t\t\t\t\t\t\t\t<\/div>\r\n\t\t\t\t\t\t\r\n\t\t\t\t\t\t                            <div class=\"tpg-excerpt tpg-el-excerpt\">\r\n\t\t\t\t\t\t\t\t                                    <div class=\"tpg-excerpt-inner\">\r\n\t\t\t\t\t\t\t\t\t\tMotorised patrol 42\u00b0BIM (Emergence 4)...                                    <\/div>\r\n\t\t\t\t\t\t\t\t\t\t\t\t\t\t\t\t                            <\/div>\r\n\t\t\t\t\t\t\r\n\t\t\t\t\t\t        <div class=\"post-footer\">\n            <div class=\"post-footer\">\n                <div class=\"read-more\">\n\t\t\t\t\t<a data-id=\"1526\" href=\"https:\/\/mindef.gov.cm\/armee-de-terre\/en\/patrouille-motorisee-42bim-emergence-4\/\" class=\"tpg-post-link\" target=\"_self\">Read More<\/a>                <\/div>\n            <\/div>\n        <\/div>\n\t\t\t\t\t\t\t<\/div>\r\n\t\t\t\t<\/div>\r\n\t\t\t<\/div>\r\n\t\t<\/div>\r\n\t<\/div>\r\n<\/div>\r\n\r\n<div class=\"slider-column swiper-slide\">\r\n\r\n\t<div class=\"default rt-slider-item swiper-slide rt-grid-hover-item rt-grid-item\" data-id=\"1527\">\r\n\t\t<div class=\"rt-holder tpg-post-holder\">\r\n\t\t\t<div class=\"rt-detail rt-el-content-wrapper\">\r\n\t\t\t\t\t\t\t\t\t<div class=\"rt-img-holder tpg-el-image-wrap has-thumbnail\">\r\n\t\t\t\t\t\t<a data-id=\"1527\" href=\"https:\/\/mindef.gov.cm\/armee-de-terre\/en\/breifeing-escadron-blinde-avant-offensive\/\" class=\"tpg-post-link\" target=\"_self\">                        <img loading=\"lazy\" decoding=\"async\" src=\"https:\/\/mindef.gov.cm\/armee-de-terre\/wp-content\/uploads\/sites\/5\/2023\/09\/breifeing-escadron-blinde-avant-offensive.png\"\n                             class=\"rt-img-responsive\"\n                             width=\"370\"\n                             height=\"264\"\n                             alt=\"Breifeing escadron blinde avant offensive\">\n\t\t\t\t\t\t\n\t\t\t\t\t\t\t\n\t\t<\/a>\n\t\t        <div class=\"overlay grid-hover-content\"><\/div>\n\t\t\t\t\t\t\t<\/div>\r\n\t\t\t\t\r\n\t\t\t\t<div class=\"grid-hover-content\">\r\n\t\t\t\t\t<div class=\"slider-content-inner\">\r\n\r\n\t\t\t\t\t\t<div class=\"entry-title-wrapper\"><h3 class=\"entry-title\"><a data-id=\"1527\" href=\"https:\/\/mindef.gov.cm\/armee-de-terre\/en\/breifeing-escadron-blinde-avant-offensive\/\" class=\"tpg-post-link\" target=\"_self\">Breifeing escadron blinde avant offensive<\/a><\/h3><\/div>\r\n\r\n\t\t\t\t\t\t\t\t\t\t\t\t\t<div class=\"post-meta-tags rt-el-post-meta\">\r\n\t\t\t\t\t\t\t\t            <span class='date'>\n\t\t\t\t<i class='flaticon-calendar '><\/i>\t\t\t\t<a href=\"https:\/\/mindef.gov.cm\/armee-de-terre\/en\/2023\/09\/13\/\">\n\t\t\t\t\t13 September 2023\t\t\t\t<\/a>\n\t\t\t<\/span>\n\t\t\t\t\t\t\t\t\t\t<\/div>\r\n\t\t\t\t\t\t\r\n\t\t\t\t\t\t                            <div class=\"tpg-excerpt tpg-el-excerpt\">\r\n\t\t\t\t\t\t\t\t                                    <div class=\"tpg-excerpt-inner\">\r\n\t\t\t\t\t\t\t\t\t\tBreifeing escadron blinde avant offensive...                                    <\/div>\r\n\t\t\t\t\t\t\t\t\t\t\t\t\t\t\t\t                            <\/div>\r\n\t\t\t\t\t\t\r\n\t\t\t\t\t\t        <div class=\"post-footer\">\n            <div class=\"post-footer\">\n                <div class=\"read-more\">\n\t\t\t\t\t<a data-id=\"1527\" href=\"https:\/\/mindef.gov.cm\/armee-de-terre\/en\/breifeing-escadron-blinde-avant-offensive\/\" class=\"tpg-post-link\" target=\"_self\">Read More<\/a>                <\/div>\n            <\/div>\n        <\/div>\n\t\t\t\t\t\t\t<\/div>\r\n\t\t\t\t<\/div>\r\n\t\t\t<\/div>\r\n\t\t<\/div>\r\n\t<\/div>\r\n<\/div>\r\n                    <\/div>\n\n                <\/div>\n\n\n\t\t\t\t\n\t\t\t\t                    <div class=\"slider-thumb-main-wrapper\">\n                        <div class=\"swiper-thumb-wrapper gallery-thumbs swiper\">\n                            <div class=\"swiper-wrapper\">\n\t\t\t\t\t\t\t\t                                        <div class=\"swiper-slide\">\n                                            <div class=\"post-thumbnail-wrap\">\n                                                <div class=\"p-thumbnail\">\n\t\t\t\t\t\t\t\t\t\t\t\t\t<img loading=\"lazy\" decoding=\"async\" width=\"150\" height=\"150\" src=\"https:\/\/mindef.gov.cm\/armee-de-terre\/wp-content\/uploads\/sites\/5\/2026\/01\/happy-new-150x150.jpg\" class=\"attachment-thumbnail size-thumbnail wp-post-image\" alt=\"\" \/>                                                <\/div>\n                                                <div class=\"p-content\">\n                                                    <div class=\"post-taxonomy\">\n\t\t\t\t\t\t\t\t\t\t\t\t\t\t<a class=\"scroll-en\" style=\"\" href=\"https:\/\/mindef.gov.cm\/armee-de-terre\/en\/category\/scroll-en\/\" rel=\"tag\">scroll<\/a>                                                    <\/div>\n                                                    <h3 class=\"thumb-title\">Happy new Year 2026<\/h3>\n\t\t\t\t\t\t\t\t\t\t\t\t\t                                                        <div class=\"post-meta-tags rt-el-post-meta\">\n\t\t\t\t\t\t\t\t\t\t\t\t\t\t\t            <span class='date'>\n\t\t\t\t<i class='flaticon-calendar '><\/i>\t\t\t\t<a href=\"https:\/\/mindef.gov.cm\/armee-de-terre\/en\/2026\/01\/16\/\">\n\t\t\t\t\t16 January 2026\t\t\t\t<\/a>\n\t\t\t<\/span>\n\t\t\t                                                        <\/div>\n\t\t\t\t\t\t\t\t\t\t\t\t\t                                                <\/div>\n                                            <\/div>\n                                        <\/div>\n\t\t\t\t\t\t\t\t\t\t                                        <div class=\"swiper-slide\">\n                                            <div class=\"post-thumbnail-wrap\">\n                                                <div class=\"p-thumbnail\">\n\t\t\t\t\t\t\t\t\t\t\t\t\t<img loading=\"lazy\" decoding=\"async\" width=\"150\" height=\"150\" src=\"https:\/\/mindef.gov.cm\/armee-de-terre\/wp-content\/uploads\/sites\/5\/2023\/09\/Armee-Nation2-150x150.jpg\" class=\"attachment-thumbnail size-thumbnail wp-post-image\" alt=\"\" \/>                                                <\/div>\n                                                <div class=\"p-content\">\n                                                    <div class=\"post-taxonomy\">\n\t\t\t\t\t\t\t\t\t\t\t\t\t\t<a class=\"armee-nation-en\" style=\"\" href=\"https:\/\/mindef.gov.cm\/armee-de-terre\/en\/category\/armee-nation-en\/\" rel=\"tag\">Arm\u00e9e-Nation<\/a>                                                    <\/div>\n                                                    <h3 class=\"thumb-title\">Arm\u00e9e-Nation2<\/h3>\n\t\t\t\t\t\t\t\t\t\t\t\t\t                                                        <div class=\"post-meta-tags rt-el-post-meta\">\n\t\t\t\t\t\t\t\t\t\t\t\t\t\t\t            <span class='date'>\n\t\t\t\t<i class='flaticon-calendar '><\/i>\t\t\t\t<a href=\"https:\/\/mindef.gov.cm\/armee-de-terre\/en\/2023\/09\/13\/\">\n\t\t\t\t\t13 September 2023\t\t\t\t<\/a>\n\t\t\t<\/span>\n\t\t\t                                                        <\/div>\n\t\t\t\t\t\t\t\t\t\t\t\t\t                                                <\/div>\n                                            <\/div>\n                                        <\/div>\n\t\t\t\t\t\t\t\t\t\t                                        <div class=\"swiper-slide\">\n                                            <div class=\"post-thumbnail-wrap\">\n                                                <div class=\"p-thumbnail\">\n\t\t\t\t\t\t\t\t\t\t\t\t\t<img loading=\"lazy\" decoding=\"async\" width=\"150\" height=\"150\" src=\"https:\/\/mindef.gov.cm\/armee-de-terre\/wp-content\/uploads\/sites\/5\/2023\/09\/Batterie-Canon-de-35-mm-AA-deployee-au-cours-dun-tir-de-demonstration-2-150x150.jpg\" class=\"attachment-thumbnail size-thumbnail wp-post-image\" alt=\"\" \/>                                                <\/div>\n                                                <div class=\"p-content\">\n                                                    <div class=\"post-taxonomy\">\n\t\t\t\t\t\t\t\t\t\t\t\t\t\t<a class=\"formations-et-unites-en\" style=\"\" href=\"https:\/\/mindef.gov.cm\/armee-de-terre\/en\/category\/formations-et-unites-en\/\" rel=\"tag\">Formations et Unit\u00e9s<\/a><a class=\"scroll-en\" style=\"\" href=\"https:\/\/mindef.gov.cm\/armee-de-terre\/en\/category\/scroll-en\/\" rel=\"tag\">scroll<\/a>                                                    <\/div>\n                                                    <h3 class=\"thumb-title\">35 mm aa gun battery deployed during a demonstration firing 2<\/h3>\n\t\t\t\t\t\t\t\t\t\t\t\t\t                                                        <div class=\"post-meta-tags rt-el-post-meta\">\n\t\t\t\t\t\t\t\t\t\t\t\t\t\t\t            <span class='date'>\n\t\t\t\t<i class='flaticon-calendar '><\/i>\t\t\t\t<a href=\"https:\/\/mindef.gov.cm\/armee-de-terre\/en\/2023\/09\/13\/\">\n\t\t\t\t\t13 September 2023\t\t\t\t<\/a>\n\t\t\t<\/span>\n\t\t\t                                                        <\/div>\n\t\t\t\t\t\t\t\t\t\t\t\t\t                                                <\/div>\n                                            <\/div>\n                                        <\/div>\n\t\t\t\t\t\t\t\t\t\t                                        <div class=\"swiper-slide\">\n                                            <div class=\"post-thumbnail-wrap\">\n                                                <div class=\"p-thumbnail\">\n\t\t\t\t\t\t\t\t\t\t\t\t\t<img loading=\"lazy\" decoding=\"async\" width=\"150\" height=\"150\" src=\"https:\/\/mindef.gov.cm\/armee-de-terre\/wp-content\/uploads\/sites\/5\/2023\/09\/Patrouille-motorisee-42\u00b0BIM-Emergence-4-150x150.jpg\" class=\"attachment-thumbnail size-thumbnail wp-post-image\" alt=\"\" \/>                                                <\/div>\n                                                <div class=\"p-content\">\n                                                    <div class=\"post-taxonomy\">\n\t\t\t\t\t\t\t\t\t\t\t\t\t\t<a class=\"formations-et-unites-en\" style=\"\" href=\"https:\/\/mindef.gov.cm\/armee-de-terre\/en\/category\/formations-et-unites-en\/\" rel=\"tag\">Formations et Unit\u00e9s<\/a>                                                    <\/div>\n                                                    <h3 class=\"thumb-title\">Motorised patrol 42\u00b0BIM (Emergence 4)<\/h3>\n\t\t\t\t\t\t\t\t\t\t\t\t\t                                                        <div class=\"post-meta-tags rt-el-post-meta\">\n\t\t\t\t\t\t\t\t\t\t\t\t\t\t\t            <span class='date'>\n\t\t\t\t<i class='flaticon-calendar '><\/i>\t\t\t\t<a href=\"https:\/\/mindef.gov.cm\/armee-de-terre\/en\/2023\/09\/13\/\">\n\t\t\t\t\t13 September 2023\t\t\t\t<\/a>\n\t\t\t<\/span>\n\t\t\t                                                        <\/div>\n\t\t\t\t\t\t\t\t\t\t\t\t\t                                                <\/div>\n                                            <\/div>\n                                        <\/div>\n\t\t\t\t\t\t\t\t\t\t                                        <div class=\"swiper-slide\">\n                                            <div class=\"post-thumbnail-wrap\">\n                                                <div class=\"p-thumbnail\">\n\t\t\t\t\t\t\t\t\t\t\t\t\t<img loading=\"lazy\" decoding=\"async\" width=\"150\" height=\"150\" src=\"https:\/\/mindef.gov.cm\/armee-de-terre\/wp-content\/uploads\/sites\/5\/2023\/09\/breifeing-escadron-blinde-avant-offensive-150x150.png\" class=\"attachment-thumbnail size-thumbnail wp-post-image\" alt=\"\" \/>                                                <\/div>\n                                                <div class=\"p-content\">\n                                                    <div class=\"post-taxonomy\">\n\t\t\t\t\t\t\t\t\t\t\t\t\t\t<a class=\"formations-et-unites-en\" style=\"\" href=\"https:\/\/mindef.gov.cm\/armee-de-terre\/en\/category\/formations-et-unites-en\/\" rel=\"tag\">Formations et Unit\u00e9s<\/a>                                                    <\/div>\n                                                    <h3 class=\"thumb-title\">Breifeing escadron blinde avant offensive<\/h3>\n\t\t\t\t\t\t\t\t\t\t\t\t\t                                                        <div class=\"post-meta-tags rt-el-post-meta\">\n\t\t\t\t\t\t\t\t\t\t\t\t\t\t\t            <span class='date'>\n\t\t\t\t<i class='flaticon-calendar '><\/i>\t\t\t\t<a href=\"https:\/\/mindef.gov.cm\/armee-de-terre\/en\/2023\/09\/13\/\">\n\t\t\t\t\t13 September 2023\t\t\t\t<\/a>\n\t\t\t<\/span>\n\t\t\t                                                        <\/div>\n\t\t\t\t\t\t\t\t\t\t\t\t\t                                                <\/div>\n                                            <\/div>\n                                        <\/div>\n\t\t\t\t\t\t\t\t\t\t                            <\/div>\n                            <div class=\"swiper-thumb-pagination\"><\/div>\n                        <\/div>\n                    <\/div>\n\t\t\t\t            <\/div>\n        <\/div>\n\t\t\t\t<\/div>\n\t\t\t\t<\/div>\n\t\t\t\t\t<\/div>\n\t\t<\/div>\n\t\t\t\t\t<\/div>\n\t\t<\/section>\n\t\t\t\t<section class=\"elementor-section elementor-top-section elementor-element elementor-element-10affb4 elementor-section-height-min-height elementor-section-boxed elementor-section-height-default elementor-section-items-middle\" data-id=\"10affb4\" data-element_type=\"section\" data-settings=\"{&quot;background_background&quot;:&quot;classic&quot;}\">\n\t\t\t\t\t\t<div class=\"elementor-container elementor-column-gap-default\">\n\t\t\t\t\t<div class=\"elementor-column elementor-col-100 elementor-top-column elementor-element elementor-element-ba554a6\" data-id=\"ba554a6\" data-element_type=\"column\">\n\t\t\t<div class=\"elementor-widget-wrap elementor-element-populated\">\n\t\t\t\t\t\t<div class=\"elementor-element elementor-element-a9b76c0 elementor-widget elementor-widget-spacer\" data-id=\"a9b76c0\" data-element_type=\"widget\" data-widget_type=\"spacer.default\">\n\t\t\t\t<div class=\"elementor-widget-container\">\n\t\t\t\t\t<div class=\"elementor-spacer\">\n\t\t\t<div class=\"elementor-spacer-inner\"><\/div>\n\t\t<\/div>\n\t\t\t\t<\/div>\n\t\t\t\t<\/div>\n\t\t\t\t<div class=\"elementor-element elementor-element-da7a831 section-title-style-style3 slider-arrow-position-top-right img_hover_animation_img_no_effect is-carousel-overflow-hidden slider-direction-ltr grid-hover-overlay-type-always grid-hover-overlay-height-default hover-overlay-height-default tpg-border-bottom-disable elementor-widget elementor-widget-tpg-slider-layout\" data-id=\"da7a831\" data-element_type=\"widget\" data-widget_type=\"tpg-slider-layout.default\">\n\t\t\t\t<div class=\"elementor-widget-container\">\n\t\t\t        <div class=\"rt-container-fluid rt-tpg-container tpg-el-main-wrapper slider-layout-main slider-layout1-main \"\n             id=\"rt-tpg-container-3690173304\"\n             data-layout=\"slider-layout1\"\n             data-grid-style=\"\"\n             data-desktop-col=\"1\"\n             data-tab-col=\"2\"\n             data-mobile-col=\"1\"\n             data-sc-id=\"elementor\"\n             data-el-query=''\n        >\n\t\t\t\n        <div class=\"tpg-widget-heading-wrapper rt-clear heading-style3 \">\n            <span class=\"tpg-widget-heading-line line-left\"><\/span>\n\t\t\t<h2 class='tpg-widget-heading'>\n\t\t\t\n\t\t\t\t                    <span>\n\t\t\t\t\t\tRANKS AND DESIGNATIONS\t\t\t\t\t<\/span>\n\t\t\t\t\t\n\t\t\t\t\t\t\t<\/h2>            <span class=\"tpg-widget-heading-line line-right\"><\/span>\n\n\t\t\t\n        <\/div>\n\n\t\t\n\t\t\n            <div class=\"slider-main-wrapper slider-layout1\">\n                <div class=\"rt-swiper-holder swiper\"\n                     data-rtowl-options='{\"speed\":500,\"autoPlayTimeOut\":3000,\"autoPlay\":true,\"stopOnHover\":true,\"nav\":true,\"dots\":false,\"loop\":true,\"lazyLoad\":false,\"autoHeight\":false,\"dynamic_dots\":false,\"grabCursor\":true}'\n                     dir=\"ltr\"\n                >\n                    <div class=\"swiper-wrapper rt-content-loader grid-behaviour grid-layout1  slider_layout_wrapper\">\n\t\t\t\t\t\t\r\n\r\n    <div class=\"img_no_effect rt-slider-item swiper-slide rt-grid-item post-1532 post type-post status-publish format-standard has-post-thumbnail hentry category-bon-a-savoir-en tag-grades-et-appellation-en\" data-id=\"1532\" role=\"group\">\r\n        <div class=\"rt-holder tpg-post-holder\">\r\n            <div class=\"rt-detail rt-el-content-wrapper\">\r\n\t\t\t\t                    <div class=\"rt-img-holder tpg-el-image-wrap has-thumbnail\">\r\n\t\t\t\t\t\t<a data-id=\"1532\" href=\"https:\/\/mindef.gov.cm\/armee-de-terre\/en\/grades-et-appellations-officier-generaux-armee-de-terre\/\" class=\"tpg-post-link\" target=\"_self\">                        <img loading=\"lazy\" decoding=\"async\" src=\"https:\/\/mindef.gov.cm\/armee-de-terre\/wp-content\/uploads\/sites\/5\/2023\/08\/officiers-generaux.jpg\"\n                             class=\"rt-img-responsive\"\n                             width=\"2256\"\n                             height=\"696\"\n                             alt=\"GRADES ET APPELLATIONS OFFICIER GENERAUX ARMEE DE TERRE\">\n\t\t\t\t\t\t\n\t\t\t\t\t\t\t\n\t\t<\/a>\n\t\t        <div class=\"overlay grid-hover-content\"><\/div>\n\t\t                    <\/div>\r\n\t\t\t\t\r\n\r\n\t\t\t\t\r\n\t\t\t\t\r\n\t            \r\n\t\t\t\t            <\/div>\r\n        <\/div>\r\n    <\/div>\r\n\r\n\r\n\r\n    <div class=\"img_no_effect rt-slider-item swiper-slide rt-grid-item post-1533 post type-post status-publish format-standard has-post-thumbnail hentry category-bon-a-savoir-en tag-grades-et-appellation-en\" data-id=\"1533\" role=\"group\">\r\n        <div class=\"rt-holder tpg-post-holder\">\r\n            <div class=\"rt-detail rt-el-content-wrapper\">\r\n\t\t\t\t                    <div class=\"rt-img-holder tpg-el-image-wrap has-thumbnail\">\r\n\t\t\t\t\t\t<a data-id=\"1533\" href=\"https:\/\/mindef.gov.cm\/armee-de-terre\/en\/grades-et-appellations-officier-superieurs-armee-de-terre\/\" class=\"tpg-post-link\" target=\"_self\">                        <img loading=\"lazy\" decoding=\"async\" src=\"https:\/\/mindef.gov.cm\/armee-de-terre\/wp-content\/uploads\/sites\/5\/2023\/08\/officiers-superieurs.jpg\"\n                             class=\"rt-img-responsive\"\n                             width=\"2256\"\n                             height=\"696\"\n                             alt=\"GRADES ET APPELLATIONS OFFICIER SUPERIEURS ARMEE DE TERRE\">\n\t\t\t\t\t\t\n\t\t\t\t\t\t\t\n\t\t<\/a>\n\t\t        <div class=\"overlay grid-hover-content\"><\/div>\n\t\t                    <\/div>\r\n\t\t\t\t\r\n\r\n\t\t\t\t\r\n\t\t\t\t\r\n\t            \r\n\t\t\t\t            <\/div>\r\n        <\/div>\r\n    <\/div>\r\n\r\n\r\n\r\n    <div class=\"img_no_effect rt-slider-item swiper-slide rt-grid-item post-1534 post type-post status-publish format-standard has-post-thumbnail hentry category-bon-a-savoir-en tag-grades-et-appellation-en\" data-id=\"1534\" role=\"group\">\r\n        <div class=\"rt-holder tpg-post-holder\">\r\n            <div class=\"rt-detail rt-el-content-wrapper\">\r\n\t\t\t\t                    <div class=\"rt-img-holder tpg-el-image-wrap has-thumbnail\">\r\n\t\t\t\t\t\t<a data-id=\"1534\" href=\"https:\/\/mindef.gov.cm\/armee-de-terre\/en\/grades-et-appellations-officiers-subalternes-armee-de-terre\/\" class=\"tpg-post-link\" target=\"_self\">                        <img loading=\"lazy\" decoding=\"async\" src=\"https:\/\/mindef.gov.cm\/armee-de-terre\/wp-content\/uploads\/sites\/5\/2023\/08\/officiers-subalternes.jpg\"\n                             class=\"rt-img-responsive\"\n                             width=\"2256\"\n                             height=\"696\"\n                             alt=\"GRADES ET APPELLATIONS OFFICIERS SUBALTERNES ARMEE DE TERRE\">\n\t\t\t\t\t\t\n\t\t\t\t\t\t\t\n\t\t<\/a>\n\t\t        <div class=\"overlay grid-hover-content\"><\/div>\n\t\t                    <\/div>\r\n\t\t\t\t\r\n\r\n\t\t\t\t\r\n\t\t\t\t\r\n\t            \r\n\t\t\t\t            <\/div>\r\n        <\/div>\r\n    <\/div>\r\n\r\n\r\n\r\n    <div class=\"img_no_effect rt-slider-item swiper-slide rt-grid-item post-1535 post type-post status-publish format-standard has-post-thumbnail hentry category-bon-a-savoir-en tag-grades-et-appellation-en\" data-id=\"1535\" role=\"group\">\r\n        <div class=\"rt-holder tpg-post-holder\">\r\n            <div class=\"rt-detail rt-el-content-wrapper\">\r\n\t\t\t\t                    <div class=\"rt-img-holder tpg-el-image-wrap has-thumbnail\">\r\n\t\t\t\t\t\t<a data-id=\"1535\" href=\"https:\/\/mindef.gov.cm\/armee-de-terre\/en\/grades-et-appellations-astirants-et-eoa-armee-de-terre\/\" class=\"tpg-post-link\" target=\"_self\">                        <img loading=\"lazy\" decoding=\"async\" src=\"https:\/\/mindef.gov.cm\/armee-de-terre\/wp-content\/uploads\/sites\/5\/2023\/08\/aspirants-eleves-officiers.jpg\"\n                             class=\"rt-img-responsive\"\n                             width=\"2256\"\n                             height=\"696\"\n                             alt=\"GRADES ET APPELLATIONS ASTIRANTS ET EOA ARMEE DE TERRE\">\n\t\t\t\t\t\t\n\t\t\t\t\t\t\t\n\t\t<\/a>\n\t\t        <div class=\"overlay grid-hover-content\"><\/div>\n\t\t                    <\/div>\r\n\t\t\t\t\r\n\r\n\t\t\t\t\r\n\t\t\t\t\r\n\t            \r\n\t\t\t\t            <\/div>\r\n        <\/div>\r\n    <\/div>\r\n\r\n\r\n\r\n    <div class=\"img_no_effect rt-slider-item swiper-slide rt-grid-item post-1536 post type-post status-publish format-standard has-post-thumbnail hentry category-bon-a-savoir-en tag-grades-et-appellation-en\" data-id=\"1536\" role=\"group\">\r\n        <div class=\"rt-holder tpg-post-holder\">\r\n            <div class=\"rt-detail rt-el-content-wrapper\">\r\n\t\t\t\t                    <div class=\"rt-img-holder tpg-el-image-wrap has-thumbnail\">\r\n\t\t\t\t\t\t<a data-id=\"1536\" href=\"https:\/\/mindef.gov.cm\/armee-de-terre\/en\/grades-et-appellations-sous-officier-superieurs-armee-de-terre\/\" class=\"tpg-post-link\" target=\"_self\">                        <img loading=\"lazy\" decoding=\"async\" src=\"https:\/\/mindef.gov.cm\/armee-de-terre\/wp-content\/uploads\/sites\/5\/2023\/08\/sous-officiers-superieurs.jpg\"\n                             class=\"rt-img-responsive\"\n                             width=\"2256\"\n                             height=\"696\"\n                             alt=\"GRADES ET APPELLATIONS SOUS-OFFICIER SUPERIEURS ARMEE DE TERRE\">\n\t\t\t\t\t\t\n\t\t\t\t\t\t\t\n\t\t<\/a>\n\t\t        <div class=\"overlay grid-hover-content\"><\/div>\n\t\t                    <\/div>\r\n\t\t\t\t\r\n\r\n\t\t\t\t\r\n\t\t\t\t\r\n\t            \r\n\t\t\t\t            <\/div>\r\n        <\/div>\r\n    <\/div>\r\n\r\n\r\n\r\n    <div class=\"img_no_effect rt-slider-item swiper-slide rt-grid-item post-1537 post type-post status-publish format-standard has-post-thumbnail hentry category-bon-a-savoir-en tag-grades-et-appellation-en\" data-id=\"1537\" role=\"group\">\r\n        <div class=\"rt-holder tpg-post-holder\">\r\n            <div class=\"rt-detail rt-el-content-wrapper\">\r\n\t\t\t\t                    <div class=\"rt-img-holder tpg-el-image-wrap has-thumbnail\">\r\n\t\t\t\t\t\t<a data-id=\"1537\" href=\"https:\/\/mindef.gov.cm\/armee-de-terre\/en\/grades-et-appellations-sous-officiers-subalternes-armee-de-terre\/\" class=\"tpg-post-link\" target=\"_self\">                        <img loading=\"lazy\" decoding=\"async\" src=\"https:\/\/mindef.gov.cm\/armee-de-terre\/wp-content\/uploads\/sites\/5\/2023\/08\/sous-officiers-subalternes.jpg\"\n                             class=\"rt-img-responsive\"\n                             width=\"2256\"\n                             height=\"696\"\n                             alt=\"GRADES ET APPELLATIONS SOUS-OFFICIERS SUBALTERNES ARMEE DE TERRE\">\n\t\t\t\t\t\t\n\t\t\t\t\t\t\t\n\t\t<\/a>\n\t\t        <div class=\"overlay grid-hover-content\"><\/div>\n\t\t                    <\/div>\r\n\t\t\t\t\r\n\r\n\t\t\t\t\r\n\t\t\t\t\r\n\t            \r\n\t\t\t\t            <\/div>\r\n        <\/div>\r\n    <\/div>\r\n\r\n\r\n\r\n    <div class=\"img_no_effect rt-slider-item swiper-slide rt-grid-item post-1538 post type-post status-publish format-standard has-post-thumbnail hentry category-bon-a-savoir-en tag-grades-et-appellation-en\" data-id=\"1538\" role=\"group\">\r\n        <div class=\"rt-holder tpg-post-holder\">\r\n            <div class=\"rt-detail rt-el-content-wrapper\">\r\n\t\t\t\t                    <div class=\"rt-img-holder tpg-el-image-wrap has-thumbnail\">\r\n\t\t\t\t\t\t<a data-id=\"1538\" href=\"https:\/\/mindef.gov.cm\/armee-de-terre\/en\/grades-et-appellations-militaires-du-rang-armee-de-terre\/\" class=\"tpg-post-link\" target=\"_self\">                        <img loading=\"lazy\" decoding=\"async\" src=\"https:\/\/mindef.gov.cm\/armee-de-terre\/wp-content\/uploads\/sites\/5\/2023\/08\/militaires-du-rang.jpg\"\n                             class=\"rt-img-responsive\"\n                             width=\"2256\"\n                             height=\"696\"\n                             alt=\"GRADES ET APPELLATIONS MILITAIRES DU RANG ARMEE DE TERRE\">\n\t\t\t\t\t\t\n\t\t\t\t\t\t\t\n\t\t<\/a>\n\t\t        <div class=\"overlay grid-hover-content\"><\/div>\n\t\t                    <\/div>\r\n\t\t\t\t\r\n\r\n\t\t\t\t\r\n\t\t\t\t\r\n\t            \r\n\t\t\t\t            <\/div>\r\n        <\/div>\r\n    <\/div>\r\n\r\n                    <\/div>\n\n                <\/div>\n\n\n\t\t\t\t                    <!--swiper-pagination-horizontal-->\n\t\t\t\t\t\n\t\t\t\t\t                        <div class=\"swiper-navigation\">\n                            <div class=\"slider-btn swiper-button-prev\"><\/div>\n                            <div class=\"slider-btn swiper-button-next\"><\/div>\n                        <\/div>\n\t\t\t\t\t\t\t\t\t\n\t\t\t\t            <\/div>\n        <\/div>\n\t\t\t\t<\/div>\n\t\t\t\t<\/div>\n\t\t\t\t\t<\/div>\n\t\t<\/div>\n\t\t\t\t\t<\/div>\n\t\t<\/section>\n\t\t\t\t<section class=\"elementor-section elementor-top-section elementor-element elementor-element-18fe79fa elementor-section-full_width elementor-section-height-default elementor-section-height-default\" data-id=\"18fe79fa\" data-element_type=\"section\" data-settings=\"{&quot;background_background&quot;:&quot;classic&quot;}\">\n\t\t\t\t\t\t<div class=\"elementor-container elementor-column-gap-default\">\n\t\t\t\t\t<div class=\"elementor-column elementor-col-100 elementor-top-column elementor-element elementor-element-571a4ab1\" data-id=\"571a4ab1\" data-element_type=\"column\">\n\t\t\t<div class=\"elementor-widget-wrap elementor-element-populated\">\n\t\t\t\t\t\t<div class=\"elementor-element elementor-element-14811977 elementor-widget elementor-widget-google_maps\" data-id=\"14811977\" data-element_type=\"widget\" data-widget_type=\"google_maps.default\">\n\t\t\t\t<div class=\"elementor-widget-container\">\n\t\t\t\t\t<div class=\"elementor-custom-embed\">\n\t\t\t<iframe loading=\"lazy\"\n\t\t\t\t\tsrc=\"https:\/\/maps.google.com\/maps?q=yaounde%20arm%C3%A9e%20de%20terre&#038;t=m&#038;z=10&#038;output=embed&#038;iwloc=near\"\n\t\t\t\t\ttitle=\"yaounde arm\u00e9e de terre\"\n\t\t\t\t\taria-label=\"yaounde arm\u00e9e de terre\"\n\t\t\t><\/iframe>\n\t\t<\/div>\n\t\t\t\t<\/div>\n\t\t\t\t<\/div>\n\t\t\t\t\t<\/div>\n\t\t<\/div>\n\t\t\t\t\t<\/div>\n\t\t<\/section>\n\t\t\t\t<\/div>\n\t\t","protected":false},"excerpt":{"rendered":"<p>THE ARMY ARM\u00c9E DE TERRE Our Values Visit Our Missions Visit Publications Visit MAJOR GENERAL SALY MOHAMADOU Chief of Army Staff Chef d&#8217;\u00e9tat-major de l&#8217;arm\u00e9e de Terre Read the Chief of Army Staff biography NEWS Les stagiaires du 30e dipl\u00f4me d\u2019Etat-major s\u2019impr\u00e8gnent des sp\u00e9cificit\u00e9s de l\u2019Arm\u00e9e de Terre 3 octobre 2025 Dans le cadre de [&hellip;]<\/p>\n","protected":false},"author":1,"featured_media":0,"parent":0,"menu_order":0,"comment_status":"closed","ping_status":"closed","template":"","meta":{"footnotes":""},"class_list":["post-1483","page","type-page","status-publish","hentry"],"yoast_head":"<!-- This site is optimized with the Yoast SEO plugin v23.3 - https:\/\/yoast.com\/wordpress\/plugins\/seo\/ -->\n<title>Home - Arm\u00e9e de Terre<\/title>\n<meta name=\"robots\" content=\"index, follow, max-snippet:-1, max-image-preview:large, max-video-preview:-1\" \/>\n<link rel=\"canonical\" href=\"https:\/\/mindef.gov.cm\/armee-de-terre\/en\/\" \/>\n<meta property=\"og:locale\" content=\"en_US\" \/>\n<meta property=\"og:type\" content=\"article\" \/>\n<meta property=\"og:title\" content=\"Home - Arm\u00e9e de Terre\" \/>\n<meta property=\"og:description\" content=\"THE ARMY ARM\u00c9E DE TERRE Our Values Visit Our Missions Visit Publications Visit MAJOR GENERAL SALY MOHAMADOU Chief of Army Staff Chef d&#8217;\u00e9tat-major de l&#8217;arm\u00e9e de Terre Read the Chief of Army Staff biography NEWS Les stagiaires du 30e dipl\u00f4me d\u2019Etat-major s\u2019impr\u00e8gnent des sp\u00e9cificit\u00e9s de l\u2019Arm\u00e9e de Terre 3 octobre 2025 Dans le cadre de [&hellip;]\" \/>\n<meta property=\"og:url\" content=\"https:\/\/mindef.gov.cm\/armee-de-terre\/en\/\" \/>\n<meta property=\"og:site_name\" content=\"Arm\u00e9e de Terre\" \/>\n<meta property=\"article:modified_time\" content=\"2025-10-07T06:47:15+00:00\" \/>\n<meta property=\"og:image\" content=\"https:\/\/mindef.gov.cm\/armee-de-terre\/wp-content\/uploads\/sites\/5\/2025\/10\/30e-diplome-1-768x513.jpg\" \/>\n<meta name=\"twitter:card\" content=\"summary_large_image\" \/>\n<meta name=\"twitter:label1\" content=\"Est. reading time\" \/>\n\t<meta name=\"twitter:data1\" content=\"13 minutes\" \/>\n<script type=\"application\/ld+json\" class=\"yoast-schema-graph\">{\"@context\":\"https:\/\/schema.org\",\"@graph\":[{\"@type\":\"WebPage\",\"@id\":\"https:\/\/mindef.gov.cm\/armee-de-terre\/en\/\",\"url\":\"https:\/\/mindef.gov.cm\/armee-de-terre\/en\/\",\"name\":\"Home - Arm\u00e9e de Terre\",\"isPartOf\":{\"@id\":\"https:\/\/mindef.gov.cm\/armee-de-terre\/en\/#website\"},\"primaryImageOfPage\":{\"@id\":\"https:\/\/mindef.gov.cm\/armee-de-terre\/en\/#primaryimage\"},\"image\":{\"@id\":\"https:\/\/mindef.gov.cm\/armee-de-terre\/en\/#primaryimage\"},\"thumbnailUrl\":\"https:\/\/mindef.gov.cm\/armee-de-terre\/wp-content\/uploads\/sites\/5\/2025\/10\/30e-diplome-1-768x513.jpg\",\"datePublished\":\"2023-07-27T13:51:23+00:00\",\"dateModified\":\"2025-10-07T06:47:15+00:00\",\"breadcrumb\":{\"@id\":\"https:\/\/mindef.gov.cm\/armee-de-terre\/en\/#breadcrumb\"},\"inLanguage\":\"en-US\",\"potentialAction\":[{\"@type\":\"ReadAction\",\"target\":[\"https:\/\/mindef.gov.cm\/armee-de-terre\/en\/\"]}]},{\"@type\":\"ImageObject\",\"inLanguage\":\"en-US\",\"@id\":\"https:\/\/mindef.gov.cm\/armee-de-terre\/en\/#primaryimage\",\"url\":\"https:\/\/mindef.gov.cm\/armee-de-terre\/wp-content\/uploads\/sites\/5\/2025\/10\/30e-diplome-1-768x513.jpg\",\"contentUrl\":\"https:\/\/mindef.gov.cm\/armee-de-terre\/wp-content\/uploads\/sites\/5\/2025\/10\/30e-diplome-1-768x513.jpg\"},{\"@type\":\"BreadcrumbList\",\"@id\":\"https:\/\/mindef.gov.cm\/armee-de-terre\/en\/#breadcrumb\",\"itemListElement\":[{\"@type\":\"ListItem\",\"position\":1,\"name\":\"Home\",\"item\":\"https:\/\/mindef.gov.cm\/armee-de-terre\/en\/accueil\/\"},{\"@type\":\"ListItem\",\"position\":2,\"name\":\"Home\"}]},{\"@type\":\"WebSite\",\"@id\":\"https:\/\/mindef.gov.cm\/armee-de-terre\/en\/#website\",\"url\":\"https:\/\/mindef.gov.cm\/armee-de-terre\/en\/\",\"name\":\"Arm\u00e9e de Terre\",\"description\":\"\",\"publisher\":{\"@id\":\"https:\/\/mindef.gov.cm\/armee-de-terre\/en\/#organization\"},\"potentialAction\":[{\"@type\":\"SearchAction\",\"target\":{\"@type\":\"EntryPoint\",\"urlTemplate\":\"https:\/\/mindef.gov.cm\/armee-de-terre\/en\/?s={search_term_string}\"},\"query-input\":\"required name=search_term_string\"}],\"inLanguage\":\"en-US\"},{\"@type\":\"Organization\",\"@id\":\"https:\/\/mindef.gov.cm\/armee-de-terre\/en\/#organization\",\"name\":\"Arm\u00e9e de Terre\",\"url\":\"https:\/\/mindef.gov.cm\/armee-de-terre\/en\/\",\"logo\":{\"@type\":\"ImageObject\",\"inLanguage\":\"en-US\",\"@id\":\"https:\/\/mindef.gov.cm\/armee-de-terre\/en\/#\/schema\/logo\/image\/\",\"url\":\"https:\/\/mindef.gov.cm\/armee-de-terre\/wp-content\/uploads\/sites\/5\/2023\/07\/LOGO-MINDEF-PNG-FRANCAIS.png\",\"contentUrl\":\"https:\/\/mindef.gov.cm\/armee-de-terre\/wp-content\/uploads\/sites\/5\/2023\/07\/LOGO-MINDEF-PNG-FRANCAIS.png\",\"width\":2126,\"height\":478,\"caption\":\"Arm\u00e9e de Terre\"},\"image\":{\"@id\":\"https:\/\/mindef.gov.cm\/armee-de-terre\/en\/#\/schema\/logo\/image\/\"}}]}<\/script>\n<!-- \/ Yoast SEO plugin. -->","yoast_head_json":{"title":"Home - Arm\u00e9e de Terre","robots":{"index":"index","follow":"follow","max-snippet":"max-snippet:-1","max-image-preview":"max-image-preview:large","max-video-preview":"max-video-preview:-1"},"canonical":"https:\/\/mindef.gov.cm\/armee-de-terre\/en\/","og_locale":"en_US","og_type":"article","og_title":"Home - Arm\u00e9e de Terre","og_description":"THE ARMY ARM\u00c9E DE TERRE Our Values Visit Our Missions Visit Publications Visit MAJOR GENERAL SALY MOHAMADOU Chief of Army Staff Chef d&#8217;\u00e9tat-major de l&#8217;arm\u00e9e de Terre Read the Chief of Army Staff biography NEWS Les stagiaires du 30e dipl\u00f4me d\u2019Etat-major s\u2019impr\u00e8gnent des sp\u00e9cificit\u00e9s de l\u2019Arm\u00e9e de Terre 3 octobre 2025 Dans le cadre de [&hellip;]","og_url":"https:\/\/mindef.gov.cm\/armee-de-terre\/en\/","og_site_name":"Arm\u00e9e de Terre","article_modified_time":"2025-10-07T06:47:15+00:00","og_image":[{"url":"https:\/\/mindef.gov.cm\/armee-de-terre\/wp-content\/uploads\/sites\/5\/2025\/10\/30e-diplome-1-768x513.jpg"}],"twitter_card":"summary_large_image","twitter_misc":{"Est. reading time":"13 minutes"},"schema":{"@context":"https:\/\/schema.org","@graph":[{"@type":"WebPage","@id":"https:\/\/mindef.gov.cm\/armee-de-terre\/en\/","url":"https:\/\/mindef.gov.cm\/armee-de-terre\/en\/","name":"Home - Arm\u00e9e de Terre","isPartOf":{"@id":"https:\/\/mindef.gov.cm\/armee-de-terre\/en\/#website"},"primaryImageOfPage":{"@id":"https:\/\/mindef.gov.cm\/armee-de-terre\/en\/#primaryimage"},"image":{"@id":"https:\/\/mindef.gov.cm\/armee-de-terre\/en\/#primaryimage"},"thumbnailUrl":"https:\/\/mindef.gov.cm\/armee-de-terre\/wp-content\/uploads\/sites\/5\/2025\/10\/30e-diplome-1-768x513.jpg","datePublished":"2023-07-27T13:51:23+00:00","dateModified":"2025-10-07T06:47:15+00:00","breadcrumb":{"@id":"https:\/\/mindef.gov.cm\/armee-de-terre\/en\/#breadcrumb"},"inLanguage":"en-US","potentialAction":[{"@type":"ReadAction","target":["https:\/\/mindef.gov.cm\/armee-de-terre\/en\/"]}]},{"@type":"ImageObject","inLanguage":"en-US","@id":"https:\/\/mindef.gov.cm\/armee-de-terre\/en\/#primaryimage","url":"https:\/\/mindef.gov.cm\/armee-de-terre\/wp-content\/uploads\/sites\/5\/2025\/10\/30e-diplome-1-768x513.jpg","contentUrl":"https:\/\/mindef.gov.cm\/armee-de-terre\/wp-content\/uploads\/sites\/5\/2025\/10\/30e-diplome-1-768x513.jpg"},{"@type":"BreadcrumbList","@id":"https:\/\/mindef.gov.cm\/armee-de-terre\/en\/#breadcrumb","itemListElement":[{"@type":"ListItem","position":1,"name":"Home","item":"https:\/\/mindef.gov.cm\/armee-de-terre\/en\/accueil\/"},{"@type":"ListItem","position":2,"name":"Home"}]},{"@type":"WebSite","@id":"https:\/\/mindef.gov.cm\/armee-de-terre\/en\/#website","url":"https:\/\/mindef.gov.cm\/armee-de-terre\/en\/","name":"Arm\u00e9e de Terre","description":"","publisher":{"@id":"https:\/\/mindef.gov.cm\/armee-de-terre\/en\/#organization"},"potentialAction":[{"@type":"SearchAction","target":{"@type":"EntryPoint","urlTemplate":"https:\/\/mindef.gov.cm\/armee-de-terre\/en\/?s={search_term_string}"},"query-input":"required name=search_term_string"}],"inLanguage":"en-US"},{"@type":"Organization","@id":"https:\/\/mindef.gov.cm\/armee-de-terre\/en\/#organization","name":"Arm\u00e9e de Terre","url":"https:\/\/mindef.gov.cm\/armee-de-terre\/en\/","logo":{"@type":"ImageObject","inLanguage":"en-US","@id":"https:\/\/mindef.gov.cm\/armee-de-terre\/en\/#\/schema\/logo\/image\/","url":"https:\/\/mindef.gov.cm\/armee-de-terre\/wp-content\/uploads\/sites\/5\/2023\/07\/LOGO-MINDEF-PNG-FRANCAIS.png","contentUrl":"https:\/\/mindef.gov.cm\/armee-de-terre\/wp-content\/uploads\/sites\/5\/2023\/07\/LOGO-MINDEF-PNG-FRANCAIS.png","width":2126,"height":478,"caption":"Arm\u00e9e de Terre"},"image":{"@id":"https:\/\/mindef.gov.cm\/armee-de-terre\/en\/#\/schema\/logo\/image\/"}}]}},"rttpg_featured_image_url":null,"rttpg_author":{"display_name":"ricaldorichard237@gmail.com","author_link":"https:\/\/mindef.gov.cm\/armee-de-terre\/en\/author\/ricaldorichard237gmail-com\/"},"rttpg_comment":0,"rttpg_category":"","rttpg_excerpt":"THE ARMY ARM\u00c9E DE TERRE Our Values Visit Our Missions Visit Publications Visit MAJOR GENERAL SALY MOHAMADOU Chief of Army Staff Chef d&#8217;\u00e9tat-major de l&#8217;arm\u00e9e de Terre Read the Chief of Army Staff biography NEWS Les stagiaires du 30e dipl\u00f4me d\u2019Etat-major s\u2019impr\u00e8gnent des sp\u00e9cificit\u00e9s de l\u2019Arm\u00e9e de Terre 3 octobre 2025 Dans le cadre de&hellip;","_links":{"self":[{"href":"https:\/\/mindef.gov.cm\/armee-de-terre\/en\/wp-json\/wp\/v2\/pages\/1483","targetHints":{"allow":["GET"]}}],"collection":[{"href":"https:\/\/mindef.gov.cm\/armee-de-terre\/en\/wp-json\/wp\/v2\/pages"}],"about":[{"href":"https:\/\/mindef.gov.cm\/armee-de-terre\/en\/wp-json\/wp\/v2\/types\/page"}],"author":[{"embeddable":true,"href":"https:\/\/mindef.gov.cm\/armee-de-terre\/en\/wp-json\/wp\/v2\/users\/1"}],"replies":[{"embeddable":true,"href":"https:\/\/mindef.gov.cm\/armee-de-terre\/en\/wp-json\/wp\/v2\/comments?post=1483"}],"version-history":[{"count":18,"href":"https:\/\/mindef.gov.cm\/armee-de-terre\/en\/wp-json\/wp\/v2\/pages\/1483\/revisions"}],"predecessor-version":[{"id":2504,"href":"https:\/\/mindef.gov.cm\/armee-de-terre\/en\/wp-json\/wp\/v2\/pages\/1483\/revisions\/2504"}],"wp:attachment":[{"href":"https:\/\/mindef.gov.cm\/armee-de-terre\/en\/wp-json\/wp\/v2\/media?parent=1483"}],"curies":[{"name":"wp","href":"https:\/\/api.w.org\/{rel}","templated":true}]}}