{"id":117,"date":"2023-07-27T16:40:47","date_gmt":"2023-07-27T14:40:47","guid":{"rendered":"http:\/\/mindef.gov.cm\/sapeurs-pompiers\/actualite\/"},"modified":"2023-11-08T11:55:47","modified_gmt":"2023-11-08T10:55:47","slug":"actualites","status":"publish","type":"page","link":"https:\/\/mindef.gov.cm\/sapeurs-pompiers\/actualites\/","title":{"rendered":"actualites"},"content":{"rendered":"\t\t<div data-elementor-type=\"wp-page\" data-elementor-id=\"117\" class=\"elementor elementor-117\" data-elementor-post-type=\"page\">\n\t\t\t\t\t\t<section class=\"elementor-section elementor-top-section elementor-element elementor-element-5365564 elementor-section-boxed elementor-section-height-default elementor-section-height-default\" data-id=\"5365564\" data-element_type=\"section\" data-settings=\"{&quot;background_background&quot;:&quot;classic&quot;}\">\n\t\t\t\t\t\t<div class=\"elementor-container elementor-column-gap-default\">\n\t\t\t\t\t<div class=\"elementor-column elementor-col-100 elementor-top-column elementor-element elementor-element-b3d17ba\" data-id=\"b3d17ba\" data-element_type=\"column\">\n\t\t\t<div class=\"elementor-widget-wrap elementor-element-populated\">\n\t\t\t\t\t\t<div class=\"elementor-element elementor-element-1768e3e elementor-widget elementor-widget-spacer\" data-id=\"1768e3e\" data-element_type=\"widget\" data-widget_type=\"spacer.default\">\n\t\t\t\t<div class=\"elementor-widget-container\">\n\t\t\t\t\t<div class=\"elementor-spacer\">\n\t\t\t<div class=\"elementor-spacer-inner\"><\/div>\n\t\t<\/div>\n\t\t\t\t<\/div>\n\t\t\t\t<\/div>\n\t\t\t\t<div class=\"elementor-element elementor-element-0e6bc71 section-title-style-style3 title-two-line tpg-border-bottom-enable meta-visibility-show title_position_default title_hover_border_default img_hover_animation_default meta_position_default readmore-btn-default-style grid-hover-overlay-type-always tpg-el-box-border-enable elementor-widget elementor-widget-tpg-grid-layout\" data-id=\"0e6bc71\" data-element_type=\"widget\" data-widget_type=\"tpg-grid-layout.default\">\n\t\t\t\t<div class=\"elementor-widget-container\">\n\t\t\t\t\t<div class=\"rt-container-fluid rt-tpg-container tpg-el-main-wrapper clearfix grid-layout1-main \"\n\t\t\t id=\"rt-tpg-container-2524536992\"\n\t\t\t data-layout=\"grid-layout1\"\n\t\t\t data-grid-style=\"tpg-full-height\"\n\t\t\t data-sc-id=\"elementor\"\n\t\t\t data-el-settings=''\n\t\t\t data-el-query=''\n\t\t\t data-el-path=''\n\t\t>\n\n\t\t\t\t\t\t<div class='tpg-header-wrapper '>\n\t\t\t\t\n        <div class=\"tpg-widget-heading-wrapper rt-clear heading-style3 \">\n            <span class=\"tpg-widget-heading-line line-left\"><\/span>\n\t\t\t<h2 class='tpg-widget-heading'>\n\t\t\t\n\t\t\t\t                    <span>\n\t\t\t\t\t\tA la une\t\t\t\t\t<\/span>\n\t\t\t\t\t\n\t\t\t\t\t\t\t<\/h2>            <span class=\"tpg-widget-heading-line line-right\"><\/span>\n\n\t\t\t\n        <\/div>\n\n\t\t\n\t\t\t\t\t<\/div>\n\n\t\t\t<div data-title=\"Loading ...\" class=\"rt-row rt-content-loader grid-layout1 grid-behaviour tpg-full-height grid_layout_wrapper\">\n\t\t\t\t<div class=\"rt-col-md-4 rt-col-sm-12 rt-col-xs-12 default rt-grid-item post-5152 post type-post status-publish format-standard has-post-thumbnail hentry category-scroll tag-actualites-sapeurs tag-banniere-sapeurs\"\t\tdata-id=\"5152\">\n\t<div class=\"rt-holder tpg-post-holder\">\n\t\t<div class=\"rt-detail rt-el-content-wrapper\">\n\t\t\t\t\t\t\t<div class=\"rt-img-holder tpg-el-image-wrap has-thumbnail\">\n\t\t\t\t\t<a data-id=\"5152\" href=\"https:\/\/mindef.gov.cm\/sapeurs-pompiers\/%f0%9d%90%8f%f0%9d%90%a8%f0%9d%90%ae%f0%9d%90%ab-%f0%9d%90%ac%f0%9d%90%9a%f0%9d%90%ae%f0%9d%90%af%f0%9d%90%9e%f0%9d%90%ab-%f0%9d%90%9d%f0%9d%90%9e%f0%9d%90%ac-%f0%9d%90%af%f0%9d%90%a2%f0%9d%90%9e\/\" class=\"tpg-post-link\" target=\"_self\">                        <img fetchpriority=\"high\" decoding=\"async\" src=\"https:\/\/mindef.gov.cm\/sapeurs-pompiers\/wp-content\/uploads\/sites\/8\/2025\/11\/\ud835\udc2c\ud835\udc1a\ud835\udc2e\ud835\udc2f\ud835\udc1e\ud835\udc2b-\ud835\udc1d\ud835\udc1e\ud835\udc2c-\ud835\udc2f\ud835\udc22\ud835\udc1e\ud835\udc2c-1.jpg\"\n                             class=\"rt-img-responsive\"\n                             width=\"1280\"\n                             height=\"720\"\n                             alt=\"Pour sauver des vies, il faut rester pr\u00eat, inform\u00e9 et exigeant \u2026\">\n\t\t\t\t\t\t\n\t\t\t\t\t\t\t\n\t\t<\/a>\n\t\t        <div class=\"overlay grid-hover-content\"><\/div>\n\t\t\t\t\t\t<\/div>\n\t\t\t\n\t\t\t<div class=\"entry-title-wrapper\"><h3 class=\"entry-title\"><a data-id=\"5152\" href=\"https:\/\/mindef.gov.cm\/sapeurs-pompiers\/%f0%9d%90%8f%f0%9d%90%a8%f0%9d%90%ae%f0%9d%90%ab-%f0%9d%90%ac%f0%9d%90%9a%f0%9d%90%ae%f0%9d%90%af%f0%9d%90%9e%f0%9d%90%ab-%f0%9d%90%9d%f0%9d%90%9e%f0%9d%90%ac-%f0%9d%90%af%f0%9d%90%a2%f0%9d%90%9e\/\" class=\"tpg-post-link\" target=\"_self\">Pour sauver des vies, il faut rester pr\u00eat, inform\u00e9 et exigeant \u2026<\/a><\/h3><\/div>\n\t\t\t\t\t\t\t<div class=\"post-meta-tags rt-el-post-meta\">\n\t\t\t\t\t\t\t\t\t<\/div>\n\t\t\t\n\n\t\t\t\t\t\t\t<div class=\"tpg-excerpt tpg-el-excerpt\">\n\t\t\t\t\t\t\t\t\t\t\t<div class=\"tpg-excerpt-inner\">\n\t\t\t\t\t\t\tC'est conscients de cela que les \u00e9quipes du \ud835\udc12\ud835\udc1e\ud835\udc2b\ud835\udc2f\ud835\udc22\ud835\udc1c\ud835\udc1e \ud835\udc12\ud835\udc1a\ud835\udc27\ud835\udc2d\u00e9 \ud835\udc1d\ud835\udc2e...\t\t\t\t\t\t<\/div>\n\t\t\t\t\t\t\t\t\t\t\t\t\t\t<\/div>\n\t\t\t\n\t\t\t        <div class=\"post-footer\">\n            <div class=\"post-footer\">\n                <div class=\"read-more\">\n\t\t\t\t\t<a data-id=\"5152\" href=\"https:\/\/mindef.gov.cm\/sapeurs-pompiers\/%f0%9d%90%8f%f0%9d%90%a8%f0%9d%90%ae%f0%9d%90%ab-%f0%9d%90%ac%f0%9d%90%9a%f0%9d%90%ae%f0%9d%90%af%f0%9d%90%9e%f0%9d%90%ab-%f0%9d%90%9d%f0%9d%90%9e%f0%9d%90%ac-%f0%9d%90%af%f0%9d%90%a2%f0%9d%90%9e\/\" class=\"tpg-post-link\" target=\"_self\">Lire la suite<i aria-hidden=\"true\" class=\"right-icon fas fa-arrow-circle-right\"><\/i><\/a>                <\/div>\n            <\/div>\n        <\/div>\n\t\t\t\t<\/div>\n\t<\/div>\n<\/div>\n<div class=\"rt-col-md-4 rt-col-sm-12 rt-col-xs-12 default rt-grid-item post-5128 post type-post status-publish format-standard has-post-thumbnail hentry category-scroll tag-actualites-sapeurs tag-banniere-sapeurs tag-interventions-marquantes-20ieme\"\t\tdata-id=\"5128\">\n\t<div class=\"rt-holder tpg-post-holder\">\n\t\t<div class=\"rt-detail rt-el-content-wrapper\">\n\t\t\t\t\t\t\t<div class=\"rt-img-holder tpg-el-image-wrap has-thumbnail\">\n\t\t\t\t\t<a data-id=\"5128\" href=\"https:\/\/mindef.gov.cm\/sapeurs-pompiers\/controle-daptitude-operationnelle-au-centre-de-secours-de-nkongsamba\/\" class=\"tpg-post-link\" target=\"_self\">                        <img decoding=\"async\" src=\"https:\/\/mindef.gov.cm\/sapeurs-pompiers\/wp-content\/uploads\/sites\/8\/2025\/11\/Nkongsamba-1.jpg\"\n                             class=\"rt-img-responsive\"\n                             width=\"1280\"\n                             height=\"960\"\n                             alt=\"*Contr\u00f4le d\u2019Aptitude Op\u00e9rationnelle au Centre de Secours de Nkongsamba*\">\n\t\t\t\t\t\t\n\t\t\t\t\t\t\t\n\t\t<\/a>\n\t\t        <div class=\"overlay grid-hover-content\"><\/div>\n\t\t\t\t\t\t<\/div>\n\t\t\t\n\t\t\t<div class=\"entry-title-wrapper\"><h3 class=\"entry-title\"><a data-id=\"5128\" href=\"https:\/\/mindef.gov.cm\/sapeurs-pompiers\/controle-daptitude-operationnelle-au-centre-de-secours-de-nkongsamba\/\" class=\"tpg-post-link\" target=\"_self\">*Contr\u00f4le d\u2019Aptitude Op\u00e9rationnelle au Centre de Secours de Nkongsamba*<\/a><\/h3><\/div>\n\t\t\t\t\t\t\t<div class=\"post-meta-tags rt-el-post-meta\">\n\t\t\t\t\t\t\t\t\t<\/div>\n\t\t\t\n\n\t\t\t\t\t\t\t<div class=\"tpg-excerpt tpg-el-excerpt\">\n\t\t\t\t\t\t\t\t\t\t\t<div class=\"tpg-excerpt-inner\">\n\t\t\t\t\t\t\tSous la conduite du Chef de Bataillon, Officier Adjoint du...\t\t\t\t\t\t<\/div>\n\t\t\t\t\t\t\t\t\t\t\t\t\t\t<\/div>\n\t\t\t\n\t\t\t        <div class=\"post-footer\">\n            <div class=\"post-footer\">\n                <div class=\"read-more\">\n\t\t\t\t\t<a data-id=\"5128\" href=\"https:\/\/mindef.gov.cm\/sapeurs-pompiers\/controle-daptitude-operationnelle-au-centre-de-secours-de-nkongsamba\/\" class=\"tpg-post-link\" target=\"_self\">Lire la suite<i aria-hidden=\"true\" class=\"right-icon fas fa-arrow-circle-right\"><\/i><\/a>                <\/div>\n            <\/div>\n        <\/div>\n\t\t\t\t<\/div>\n\t<\/div>\n<\/div>\n<div class=\"rt-col-md-4 rt-col-sm-12 rt-col-xs-12 default rt-grid-item post-5092 post type-post status-publish format-standard has-post-thumbnail hentry category-interventions-marquantes category-scroll tag-actualites-sapeurs tag-banniere-sapeurs\"\t\tdata-id=\"5092\">\n\t<div class=\"rt-holder tpg-post-holder\">\n\t\t<div class=\"rt-detail rt-el-content-wrapper\">\n\t\t\t\t\t\t\t<div class=\"rt-img-holder tpg-el-image-wrap has-thumbnail\">\n\t\t\t\t\t<a data-id=\"5092\" href=\"https:\/\/mindef.gov.cm\/sapeurs-pompiers\/noyade-dans-les-eaux-du-radie-palar\/\" class=\"tpg-post-link\" target=\"_self\">                        <img decoding=\"async\" src=\"https:\/\/mindef.gov.cm\/sapeurs-pompiers\/wp-content\/uploads\/sites\/8\/2025\/09\/RADIE-Palar.-4.jpg\"\n                             class=\"rt-img-responsive\"\n                             width=\"1016\"\n                             height=\"852\"\n                             alt=\"NOYADE DANS LES EAUX DU RADI\u00c9 Palar.\">\n\t\t\t\t\t\t\n\t\t\t\t\t\t\t\n\t\t<\/a>\n\t\t        <div class=\"overlay grid-hover-content\"><\/div>\n\t\t\t\t\t\t<\/div>\n\t\t\t\n\t\t\t<div class=\"entry-title-wrapper\"><h3 class=\"entry-title\"><a data-id=\"5092\" href=\"https:\/\/mindef.gov.cm\/sapeurs-pompiers\/noyade-dans-les-eaux-du-radie-palar\/\" class=\"tpg-post-link\" target=\"_self\">NOYADE DANS LES EAUX DU RADI\u00c9 Palar.<\/a><\/h3><\/div>\n\t\t\t\t\t\t\t<div class=\"post-meta-tags rt-el-post-meta\">\n\t\t\t\t\t\t\t\t\t<\/div>\n\t\t\t\n\n\t\t\t\t\t\t\t<div class=\"tpg-excerpt tpg-el-excerpt\">\n\t\t\t\t\t\t\t\t\t\t\t<div class=\"tpg-excerpt-inner\">\n\t\t\t\t\t\t\tMercredi 24 Septembre 2025, aux environs de 05h-45min, les...\t\t\t\t\t\t<\/div>\n\t\t\t\t\t\t\t\t\t\t\t\t\t\t<\/div>\n\t\t\t\n\t\t\t        <div class=\"post-footer\">\n            <div class=\"post-footer\">\n                <div class=\"read-more\">\n\t\t\t\t\t<a data-id=\"5092\" href=\"https:\/\/mindef.gov.cm\/sapeurs-pompiers\/noyade-dans-les-eaux-du-radie-palar\/\" class=\"tpg-post-link\" target=\"_self\">Lire la suite<i aria-hidden=\"true\" class=\"right-icon fas fa-arrow-circle-right\"><\/i><\/a>                <\/div>\n            <\/div>\n        <\/div>\n\t\t\t\t<\/div>\n\t<\/div>\n<\/div>\n\t\t\t<\/div>\n\t\t\t\n\t\t<\/div>\n\t\t\t\t<\/div>\n\t\t\t\t<\/div>\n\t\t\t\t<div class=\"elementor-element elementor-element-35d381d elementor-widget elementor-widget-spacer\" data-id=\"35d381d\" data-element_type=\"widget\" data-widget_type=\"spacer.default\">\n\t\t\t\t<div class=\"elementor-widget-container\">\n\t\t\t\t\t<div class=\"elementor-spacer\">\n\t\t\t<div class=\"elementor-spacer-inner\"><\/div>\n\t\t<\/div>\n\t\t\t\t<\/div>\n\t\t\t\t<\/div>\n\t\t\t\t\t<\/div>\n\t\t<\/div>\n\t\t\t\t\t<\/div>\n\t\t<\/section>\n\t\t\t\t<section class=\"elementor-section elementor-top-section elementor-element elementor-element-3a0f15e5 elementor-section-boxed elementor-section-height-default elementor-section-height-default\" data-id=\"3a0f15e5\" data-element_type=\"section\" data-settings=\"{&quot;background_background&quot;:&quot;classic&quot;}\">\n\t\t\t\t\t\t<div class=\"elementor-container elementor-column-gap-default\">\n\t\t\t\t\t<div class=\"elementor-column elementor-col-100 elementor-top-column elementor-element elementor-element-415512d\" data-id=\"415512d\" data-element_type=\"column\">\n\t\t\t<div class=\"elementor-widget-wrap elementor-element-populated\">\n\t\t\t\t\t\t<div class=\"elementor-element elementor-element-56599ebb elementor-widget elementor-widget-spacer\" data-id=\"56599ebb\" data-element_type=\"widget\" data-widget_type=\"spacer.default\">\n\t\t\t\t<div class=\"elementor-widget-container\">\n\t\t\t\t\t<div class=\"elementor-spacer\">\n\t\t\t<div class=\"elementor-spacer-inner\"><\/div>\n\t\t<\/div>\n\t\t\t\t<\/div>\n\t\t\t\t<\/div>\n\t\t\t\t<div class=\"elementor-element elementor-element-0dd189a section-title-style-style3 title-two-line tpg-border-bottom-enable section-title-align-left title-alignment-left elementor-widget-mobile__width-inherit meta-visibility-show title_position_default title_hover_border_default img_hover_animation_default meta_position_default readmore-btn-default-style grid-hover-overlay-type-always tpg-el-box-border-enable elementor-widget elementor-widget-tpg-list-layout\" data-id=\"0dd189a\" data-element_type=\"widget\" data-widget_type=\"tpg-list-layout.default\">\n\t\t\t\t<div class=\"elementor-widget-container\">\n\t\t\t\n        <div class=\"rt-container-fluid rt-tpg-container tpg-el-main-wrapper list-layout1-main \"\n             data-sc-id=\"elementor\"\n             id=\"rt-tpg-container-93446899\"\n             data-layout=\"list-layout1\"\n             data-grid-style=\"tpg-even\"\n             data-el-settings=''\n             data-el-query=''\n             data-el-path=''\n        >\n\t\t\t            <div class='tpg-header-wrapper '>\n\t\t\t\t\n        <div class=\"tpg-widget-heading-wrapper rt-clear heading-style3 \">\n            <span class=\"tpg-widget-heading-line line-left\"><\/span>\n\t\t\t<h2 class='tpg-widget-heading'>\n\t\t\t\n\t\t\t\t                    <span>\n\t\t\t\t\t\tTOUS NOS ARTICLES\t\t\t\t\t<\/span>\n\t\t\t\t\t\n\t\t\t\t\t\t\t<\/h2>            <span class=\"tpg-widget-heading-line line-right\"><\/span>\n\n\t\t\t\n        <\/div>\n\n\t\t\n\t\t            <\/div>\n\n            <div data-title=\"Loading ...\" class=\"rt-row rt-content-loader list-layout1 tpg-even list-behaviour list-layout-wrapper\">\n\t\t\t\t\n<div class=\"rt-col-md-12 rt-col-sm-12 rt-col-xs-12 default rt-list-item rt-grid-item\" data-id=\"5152\">\n\t<div class=\"rt-holder tpg-post-holder\">\n\t\t<div class=\"rt-detail rt-el-content-wrapper\">\n\t\t\t\t\t\t\t<div class=\"rt-img-holder tpg-el-image-wrap has-thumbnail\">\n\t\t\t\t\t<a data-id=\"5152\" href=\"https:\/\/mindef.gov.cm\/sapeurs-pompiers\/%f0%9d%90%8f%f0%9d%90%a8%f0%9d%90%ae%f0%9d%90%ab-%f0%9d%90%ac%f0%9d%90%9a%f0%9d%90%ae%f0%9d%90%af%f0%9d%90%9e%f0%9d%90%ab-%f0%9d%90%9d%f0%9d%90%9e%f0%9d%90%ac-%f0%9d%90%af%f0%9d%90%a2%f0%9d%90%9e\/\" class=\"tpg-post-link\" target=\"_self\">                        <img loading=\"lazy\" decoding=\"async\" src=\"https:\/\/mindef.gov.cm\/sapeurs-pompiers\/wp-content\/uploads\/sites\/8\/2025\/11\/\ud835\udc2c\ud835\udc1a\ud835\udc2e\ud835\udc2f\ud835\udc1e\ud835\udc2b-\ud835\udc1d\ud835\udc1e\ud835\udc2c-\ud835\udc2f\ud835\udc22\ud835\udc1e\ud835\udc2c-1-1024x576.jpg\"\n                             class=\"rt-img-responsive\"\n                             width=\"800\"\n                             height=\"450\"\n                             alt=\"Pour sauver des vies, il faut rester pr\u00eat, inform\u00e9 et exigeant \u2026\">\n\t\t\t\t\t\t\n\t\t\t\t\t\t\t\n\t\t<\/a>\n\t\t        <div class=\"overlay grid-hover-content\"><\/div>\n\t\t\t\t\t\t<\/div>\n\t\t\t\n\t\t\t<div class=\"post-right-content\">\n\t\t\t\t<div class=\"entry-title-wrapper\"><h3 class=\"entry-title\"><a data-id=\"5152\" href=\"https:\/\/mindef.gov.cm\/sapeurs-pompiers\/%f0%9d%90%8f%f0%9d%90%a8%f0%9d%90%ae%f0%9d%90%ab-%f0%9d%90%ac%f0%9d%90%9a%f0%9d%90%ae%f0%9d%90%af%f0%9d%90%9e%f0%9d%90%ab-%f0%9d%90%9d%f0%9d%90%9e%f0%9d%90%ac-%f0%9d%90%af%f0%9d%90%a2%f0%9d%90%9e\/\" class=\"tpg-post-link\" target=\"_self\">Pour sauver des vies, il faut rester pr\u00eat, inform\u00e9 et exigeant \u2026<\/a><\/h3><\/div>\n\t\t\t\t\t\t\t\t\t<div class=\"post-meta-tags rt-el-post-meta\">\n\t\t\t\t\t\t            <span class='date'>\n\t\t\t\t\t\t\t\t<a href=\"https:\/\/mindef.gov.cm\/sapeurs-pompiers\/2025\/11\/27\/\">\n\t\t\t\t\t27 novembre 2025\t\t\t\t<\/a>\n\t\t\t<\/span>\n\t\t\t<span class='separator'>|<\/span>\t\t\t\t\t<\/div>\n\t\t\t\t\n\t\t\t\t\t\t\t\t\t<div class=\"tpg-excerpt tpg-el-excerpt\">\n\t\t\t\t\t\t\t\t\t\t\t\t\t<div class=\"tpg-excerpt-inner\">\n\t\t\t\t\t\t\t\tC'est conscients de cela que les \u00e9quipes du \ud835\udc12\ud835\udc1e\ud835\udc2b\ud835\udc2f\ud835\udc22\ud835\udc1c\ud835\udc1e \ud835\udc12\ud835\udc1a\ud835\udc27\ud835\udc2d\u00e9 \ud835\udc1d\ud835\udc2e \ud835\udc02\ud835\udc28\ud835\udc2b\ud835\udc29\ud835\udc2c \ud835\udc0d\ud835\udc1a\ud835\udc2d\ud835\udc22\ud835\udc28\ud835\udc27\ud835\udc1a\ud835\udc25 \ud835\udc1d\ud835\udc1e\ud835\udc2c \ud835\udc12\ud835\udc1a\ud835\udc29\ud835\udc1e\ud835\udc2e\ud835\udc2b\ud835\udc2c-\ud835\udc0f\ud835\udc28\ud835\udc26\ud835\udc29\ud835\udc22\ud835\udc1e\ud835\udc2b\ud835\udc2c ont...\t\t\t\t\t\t\t<\/div>\n\t\t\t\t\t\t\t\t\t\t\t\t\t\t\t\t\t<\/div>\n\t\t\t\t\n\t\t\t\t        <div class=\"post-footer\">\n            <div class=\"post-footer\">\n                <div class=\"read-more\">\n\t\t\t\t\t<a data-id=\"5152\" href=\"https:\/\/mindef.gov.cm\/sapeurs-pompiers\/%f0%9d%90%8f%f0%9d%90%a8%f0%9d%90%ae%f0%9d%90%ab-%f0%9d%90%ac%f0%9d%90%9a%f0%9d%90%ae%f0%9d%90%af%f0%9d%90%9e%f0%9d%90%ab-%f0%9d%90%9d%f0%9d%90%9e%f0%9d%90%ac-%f0%9d%90%af%f0%9d%90%a2%f0%9d%90%9e\/\" class=\"tpg-post-link\" target=\"_self\">Lire la suite<i aria-hidden=\"true\" class=\"right-icon fas fa-arrow-circle-right\"><\/i><\/a>                <\/div>\n            <\/div>\n        <\/div>\n\t\t\t\t\t<\/div>\n\t\t<\/div>\n\t<\/div>\n<\/div>\n\n<div class=\"rt-col-md-12 rt-col-sm-12 rt-col-xs-12 default rt-list-item rt-grid-item\" data-id=\"5128\">\n\t<div class=\"rt-holder tpg-post-holder\">\n\t\t<div class=\"rt-detail rt-el-content-wrapper\">\n\t\t\t\t\t\t\t<div class=\"rt-img-holder tpg-el-image-wrap has-thumbnail\">\n\t\t\t\t\t<a data-id=\"5128\" href=\"https:\/\/mindef.gov.cm\/sapeurs-pompiers\/controle-daptitude-operationnelle-au-centre-de-secours-de-nkongsamba\/\" class=\"tpg-post-link\" target=\"_self\">                        <img loading=\"lazy\" decoding=\"async\" src=\"https:\/\/mindef.gov.cm\/sapeurs-pompiers\/wp-content\/uploads\/sites\/8\/2025\/11\/Nkongsamba-1-1024x768.jpg\"\n                             class=\"rt-img-responsive\"\n                             width=\"800\"\n                             height=\"600\"\n                             alt=\"*Contr\u00f4le d\u2019Aptitude Op\u00e9rationnelle au Centre de Secours de Nkongsamba*\">\n\t\t\t\t\t\t\n\t\t\t\t\t\t\t\n\t\t<\/a>\n\t\t        <div class=\"overlay grid-hover-content\"><\/div>\n\t\t\t\t\t\t<\/div>\n\t\t\t\n\t\t\t<div class=\"post-right-content\">\n\t\t\t\t<div class=\"entry-title-wrapper\"><h3 class=\"entry-title\"><a data-id=\"5128\" href=\"https:\/\/mindef.gov.cm\/sapeurs-pompiers\/controle-daptitude-operationnelle-au-centre-de-secours-de-nkongsamba\/\" class=\"tpg-post-link\" target=\"_self\">*Contr\u00f4le d\u2019Aptitude Op\u00e9rationnelle au Centre de Secours de Nkongsamba*<\/a><\/h3><\/div>\n\t\t\t\t\t\t\t\t\t<div class=\"post-meta-tags rt-el-post-meta\">\n\t\t\t\t\t\t            <span class='date'>\n\t\t\t\t\t\t\t\t<a href=\"https:\/\/mindef.gov.cm\/sapeurs-pompiers\/2025\/11\/27\/\">\n\t\t\t\t\t27 novembre 2025\t\t\t\t<\/a>\n\t\t\t<\/span>\n\t\t\t<span class='separator'>|<\/span>\t\t\t\t\t<\/div>\n\t\t\t\t\n\t\t\t\t\t\t\t\t\t<div class=\"tpg-excerpt tpg-el-excerpt\">\n\t\t\t\t\t\t\t\t\t\t\t\t\t<div class=\"tpg-excerpt-inner\">\n\t\t\t\t\t\t\t\tSous la conduite du Chef de Bataillon, Officier Adjoint du 20\u1d49 Groupement de Sapeurs-Pompiers...\t\t\t\t\t\t\t<\/div>\n\t\t\t\t\t\t\t\t\t\t\t\t\t\t\t\t\t<\/div>\n\t\t\t\t\n\t\t\t\t        <div class=\"post-footer\">\n            <div class=\"post-footer\">\n                <div class=\"read-more\">\n\t\t\t\t\t<a data-id=\"5128\" href=\"https:\/\/mindef.gov.cm\/sapeurs-pompiers\/controle-daptitude-operationnelle-au-centre-de-secours-de-nkongsamba\/\" class=\"tpg-post-link\" target=\"_self\">Lire la suite<i aria-hidden=\"true\" class=\"right-icon fas fa-arrow-circle-right\"><\/i><\/a>                <\/div>\n            <\/div>\n        <\/div>\n\t\t\t\t\t<\/div>\n\t\t<\/div>\n\t<\/div>\n<\/div>\n\n<div class=\"rt-col-md-12 rt-col-sm-12 rt-col-xs-12 default rt-list-item rt-grid-item\" data-id=\"5092\">\n\t<div class=\"rt-holder tpg-post-holder\">\n\t\t<div class=\"rt-detail rt-el-content-wrapper\">\n\t\t\t\t\t\t\t<div class=\"rt-img-holder tpg-el-image-wrap has-thumbnail\">\n\t\t\t\t\t<a data-id=\"5092\" href=\"https:\/\/mindef.gov.cm\/sapeurs-pompiers\/noyade-dans-les-eaux-du-radie-palar\/\" class=\"tpg-post-link\" target=\"_self\">                        <img loading=\"lazy\" decoding=\"async\" src=\"https:\/\/mindef.gov.cm\/sapeurs-pompiers\/wp-content\/uploads\/sites\/8\/2025\/09\/RADIE-Palar.-4.jpg\"\n                             class=\"rt-img-responsive\"\n                             width=\"800\"\n                             height=\"671\"\n                             alt=\"NOYADE DANS LES EAUX DU RADI\u00c9 Palar.\">\n\t\t\t\t\t\t\n\t\t\t\t\t\t\t\n\t\t<\/a>\n\t\t        <div class=\"overlay grid-hover-content\"><\/div>\n\t\t\t\t\t\t<\/div>\n\t\t\t\n\t\t\t<div class=\"post-right-content\">\n\t\t\t\t<div class=\"entry-title-wrapper\"><h3 class=\"entry-title\"><a data-id=\"5092\" href=\"https:\/\/mindef.gov.cm\/sapeurs-pompiers\/noyade-dans-les-eaux-du-radie-palar\/\" class=\"tpg-post-link\" target=\"_self\">NOYADE DANS LES EAUX DU RADI\u00c9 Palar.<\/a><\/h3><\/div>\n\t\t\t\t\t\t\t\t\t<div class=\"post-meta-tags rt-el-post-meta\">\n\t\t\t\t\t\t            <span class='date'>\n\t\t\t\t\t\t\t\t<a href=\"https:\/\/mindef.gov.cm\/sapeurs-pompiers\/2025\/09\/24\/\">\n\t\t\t\t\t24 septembre 2025\t\t\t\t<\/a>\n\t\t\t<\/span>\n\t\t\t<span class='separator'>|<\/span>\t\t\t\t\t<\/div>\n\t\t\t\t\n\t\t\t\t\t\t\t\t\t<div class=\"tpg-excerpt tpg-el-excerpt\">\n\t\t\t\t\t\t\t\t\t\t\t\t\t<div class=\"tpg-excerpt-inner\">\n\t\t\t\t\t\t\t\tMercredi 24 Septembre 2025, aux environs de 05h-45min, les secours de la 401\u00b0 Compagnie d'Incendie...\t\t\t\t\t\t\t<\/div>\n\t\t\t\t\t\t\t\t\t\t\t\t\t\t\t\t\t<\/div>\n\t\t\t\t\n\t\t\t\t        <div class=\"post-footer\">\n            <div class=\"post-footer\">\n                <div class=\"read-more\">\n\t\t\t\t\t<a data-id=\"5092\" href=\"https:\/\/mindef.gov.cm\/sapeurs-pompiers\/noyade-dans-les-eaux-du-radie-palar\/\" class=\"tpg-post-link\" target=\"_self\">Lire la suite<i aria-hidden=\"true\" class=\"right-icon fas fa-arrow-circle-right\"><\/i><\/a>                <\/div>\n            <\/div>\n        <\/div>\n\t\t\t\t\t<\/div>\n\t\t<\/div>\n\t<\/div>\n<\/div>\n\n<div class=\"rt-col-md-12 rt-col-sm-12 rt-col-xs-12 default rt-list-item rt-grid-item\" data-id=\"5030\">\n\t<div class=\"rt-holder tpg-post-holder\">\n\t\t<div class=\"rt-detail rt-el-content-wrapper\">\n\t\t\t\t\t\t\t<div class=\"rt-img-holder tpg-el-image-wrap has-thumbnail\">\n\t\t\t\t\t<a data-id=\"5030\" href=\"https:\/\/mindef.gov.cm\/sapeurs-pompiers\/campagne-de-consultation-au-centre-medical-du-10e-groupement\/\" class=\"tpg-post-link\" target=\"_self\">                        <img loading=\"lazy\" decoding=\"async\" src=\"https:\/\/mindef.gov.cm\/sapeurs-pompiers\/wp-content\/uploads\/sites\/8\/2025\/09\/IMG-20250922-WA0026-726x1024.jpg\"\n                             class=\"rt-img-responsive\"\n                             width=\"726\"\n                             height=\"1024\"\n                             alt=\"Campagne de Consultation au Centre M\u00e9dical du 10e Groupement de Sapeurs-Pompiers sis a MIMBOMAN Terminus du 25 au 28 Septembre 2025.\">\n\t\t\t\t\t\t\n\t\t\t\t\t\t\t\n\t\t<\/a>\n\t\t        <div class=\"overlay grid-hover-content\"><\/div>\n\t\t\t\t\t\t<\/div>\n\t\t\t\n\t\t\t<div class=\"post-right-content\">\n\t\t\t\t<div class=\"entry-title-wrapper\"><h3 class=\"entry-title\"><a data-id=\"5030\" href=\"https:\/\/mindef.gov.cm\/sapeurs-pompiers\/campagne-de-consultation-au-centre-medical-du-10e-groupement\/\" class=\"tpg-post-link\" target=\"_self\">Campagne de Consultation au Centre M\u00e9dical du 10e Groupement de Sapeurs-Pompiers sis a MIMBOMAN Terminus du 25 au 28 Septembre 2025.<\/a><\/h3><\/div>\n\t\t\t\t\t\t\t\t\t<div class=\"post-meta-tags rt-el-post-meta\">\n\t\t\t\t\t\t            <span class='date'>\n\t\t\t\t\t\t\t\t<a href=\"https:\/\/mindef.gov.cm\/sapeurs-pompiers\/2025\/09\/23\/\">\n\t\t\t\t\t23 septembre 2025\t\t\t\t<\/a>\n\t\t\t<\/span>\n\t\t\t<span class='separator'>|<\/span>\t\t\t\t\t<\/div>\n\t\t\t\t\n\t\t\t\t\t\t\t\t\t<div class=\"tpg-excerpt tpg-el-excerpt\">\n\t\t\t\t\t\t\t\t\t\t\t\t\t<div class=\"tpg-excerpt-inner\">\n\t\t\t\t\t\t\t\tCette initiative a pour but d&#8217; am\u00e9liorer la sant\u00e9 et le bien-\u00eatre des communaut\u00e9s tout en...\t\t\t\t\t\t\t<\/div>\n\t\t\t\t\t\t\t\t\t\t\t\t\t\t\t\t\t<\/div>\n\t\t\t\t\n\t\t\t\t        <div class=\"post-footer\">\n            <div class=\"post-footer\">\n                <div class=\"read-more\">\n\t\t\t\t\t<a data-id=\"5030\" href=\"https:\/\/mindef.gov.cm\/sapeurs-pompiers\/campagne-de-consultation-au-centre-medical-du-10e-groupement\/\" class=\"tpg-post-link\" target=\"_self\">Lire la suite<i aria-hidden=\"true\" class=\"right-icon fas fa-arrow-circle-right\"><\/i><\/a>                <\/div>\n            <\/div>\n        <\/div>\n\t\t\t\t\t<\/div>\n\t\t<\/div>\n\t<\/div>\n<\/div>\n\n<div class=\"rt-col-md-12 rt-col-sm-12 rt-col-xs-12 default rt-list-item rt-grid-item\" data-id=\"4998\">\n\t<div class=\"rt-holder tpg-post-holder\">\n\t\t<div class=\"rt-detail rt-el-content-wrapper\">\n\t\t\t\t\t\t\t<div class=\"rt-img-holder tpg-el-image-wrap has-thumbnail\">\n\t\t\t\t\t<a data-id=\"4998\" href=\"https:\/\/mindef.gov.cm\/sapeurs-pompiers\/%f0%9d%90%91%f0%9d%90%9e%f0%9d%90%a7%f0%9d%90%ad%f0%9d%90%ab%f0%9d%90%9e%f0%9d%90%9e-%f0%9d%90%ac%f0%9d%90%9c%f0%9d%90%a8%f0%9d%90%a5%f0%9d%90%9a%f0%9d%90%a2%f0%9d%90%ab%f0%9d%90%9e\/\" class=\"tpg-post-link\" target=\"_self\">                        <img loading=\"lazy\" decoding=\"async\" src=\"https:\/\/mindef.gov.cm\/sapeurs-pompiers\/wp-content\/uploads\/sites\/8\/2025\/09\/sapeur.jpg\"\n                             class=\"rt-img-responsive\"\n                             width=\"600\"\n                             height=\"503\"\n                             alt=\"Rentr\u00e9e Scolaire: Prot\u00e9geons nos enfants avant tout!\">\n\t\t\t\t\t\t\n\t\t\t\t\t\t\t\n\t\t<\/a>\n\t\t        <div class=\"overlay grid-hover-content\"><\/div>\n\t\t\t\t\t\t<\/div>\n\t\t\t\n\t\t\t<div class=\"post-right-content\">\n\t\t\t\t<div class=\"entry-title-wrapper\"><h3 class=\"entry-title\"><a data-id=\"4998\" href=\"https:\/\/mindef.gov.cm\/sapeurs-pompiers\/%f0%9d%90%91%f0%9d%90%9e%f0%9d%90%a7%f0%9d%90%ad%f0%9d%90%ab%f0%9d%90%9e%f0%9d%90%9e-%f0%9d%90%ac%f0%9d%90%9c%f0%9d%90%a8%f0%9d%90%a5%f0%9d%90%9a%f0%9d%90%a2%f0%9d%90%ab%f0%9d%90%9e\/\" class=\"tpg-post-link\" target=\"_self\">Rentr\u00e9e Scolaire: Prot\u00e9geons nos enfants avant tout!<\/a><\/h3><\/div>\n\t\t\t\t\t\t\t\t\t<div class=\"post-meta-tags rt-el-post-meta\">\n\t\t\t\t\t\t            <span class='date'>\n\t\t\t\t\t\t\t\t<a href=\"https:\/\/mindef.gov.cm\/sapeurs-pompiers\/2025\/09\/09\/\">\n\t\t\t\t\t9 septembre 2025\t\t\t\t<\/a>\n\t\t\t<\/span>\n\t\t\t<span class='separator'>|<\/span>\t\t\t\t\t<\/div>\n\t\t\t\t\n\t\t\t\t\t\t\t\t\t<div class=\"tpg-excerpt tpg-el-excerpt\">\n\t\t\t\t\t\t\t\t\t\t\t\t\t<div class=\"tpg-excerpt-inner\">\n\t\t\t\t\t\t\t\t\ud835\udc0f\ud835\udc1a\ud835\udc2b\ud835\udc1e\ud835\udc27\ud835\udc2d\ud835\udc2c : dites-leur de toujours marcher sur le trottoir, de traverser uniquement sur les passages...\t\t\t\t\t\t\t<\/div>\n\t\t\t\t\t\t\t\t\t\t\t\t\t\t\t\t\t<\/div>\n\t\t\t\t\n\t\t\t\t        <div class=\"post-footer\">\n            <div class=\"post-footer\">\n                <div class=\"read-more\">\n\t\t\t\t\t<a data-id=\"4998\" href=\"https:\/\/mindef.gov.cm\/sapeurs-pompiers\/%f0%9d%90%91%f0%9d%90%9e%f0%9d%90%a7%f0%9d%90%ad%f0%9d%90%ab%f0%9d%90%9e%f0%9d%90%9e-%f0%9d%90%ac%f0%9d%90%9c%f0%9d%90%a8%f0%9d%90%a5%f0%9d%90%9a%f0%9d%90%a2%f0%9d%90%ab%f0%9d%90%9e\/\" class=\"tpg-post-link\" target=\"_self\">Lire la suite<i aria-hidden=\"true\" class=\"right-icon fas fa-arrow-circle-right\"><\/i><\/a>                <\/div>\n            <\/div>\n        <\/div>\n\t\t\t\t\t<\/div>\n\t\t<\/div>\n\t<\/div>\n<\/div>\n            <\/div>\n\n\t\t\t<div class='rt-pagination-wrap' data-total-pages='24' data-posts-per-page='5' data-type='pagination'><div class=\"rt-pagination\"><ul class=\"pagination-list\"><li class=\"active\"><span>1<\/span><\/li><li><a data-paged='2' href='https:\/\/mindef.gov.cm\/sapeurs-pompiers\/wp-json\/wp\/v2\/pages\/117\/page\/2\/'>2<\/a><\/li><li><a data-paged='3' href='https:\/\/mindef.gov.cm\/sapeurs-pompiers\/wp-json\/wp\/v2\/pages\/117\/page\/3\/'>3<\/a><\/li><li><a data-paged='4' href='https:\/\/mindef.gov.cm\/sapeurs-pompiers\/wp-json\/wp\/v2\/pages\/117\/page\/4\/'>4<\/a><\/li><li><a data-paged='5' href='https:\/\/mindef.gov.cm\/sapeurs-pompiers\/wp-json\/wp\/v2\/pages\/117\/page\/5\/'>5<\/a><\/li><li><a data-paged='2' href=\"https:\/\/mindef.gov.cm\/sapeurs-pompiers\/wp-json\/wp\/v2\/pages\/117\/page\/2\/\" aria-label='Next'>&rsaquo;<\/a><\/li><li><a data-paged='24' href='https:\/\/mindef.gov.cm\/sapeurs-pompiers\/wp-json\/wp\/v2\/pages\/117\/page\/24\/' aria-label='Last'>&raquo;<\/a><\/li><\/ul><\/div><\/div>\n        <\/div>\n\t\t\t\t<\/div>\n\t\t\t\t<\/div>\n\t\t\t\t<div class=\"elementor-element elementor-element-dcac8c6 elementor-widget elementor-widget-spacer\" data-id=\"dcac8c6\" data-element_type=\"widget\" data-widget_type=\"spacer.default\">\n\t\t\t\t<div class=\"elementor-widget-container\">\n\t\t\t\t\t<div class=\"elementor-spacer\">\n\t\t\t<div class=\"elementor-spacer-inner\"><\/div>\n\t\t<\/div>\n\t\t\t\t<\/div>\n\t\t\t\t<\/div>\n\t\t\t\t\t<\/div>\n\t\t<\/div>\n\t\t\t\t\t<\/div>\n\t\t<\/section>\n\t\t\t\t<section class=\"elementor-section elementor-top-section elementor-element elementor-element-02d79d0 elementor-section-boxed elementor-section-height-default elementor-section-height-default\" data-id=\"02d79d0\" data-element_type=\"section\" data-settings=\"{&quot;background_background&quot;:&quot;classic&quot;}\">\n\t\t\t\t\t\t<div class=\"elementor-container elementor-column-gap-default\">\n\t\t\t\t\t<div class=\"elementor-column elementor-col-100 elementor-top-column elementor-element elementor-element-ef24f50\" data-id=\"ef24f50\" data-element_type=\"column\">\n\t\t\t<div class=\"elementor-widget-wrap elementor-element-populated\">\n\t\t\t\t\t\t<div class=\"elementor-element elementor-element-36557db elementor-widget elementor-widget-spacer\" data-id=\"36557db\" data-element_type=\"widget\" data-widget_type=\"spacer.default\">\n\t\t\t\t<div class=\"elementor-widget-container\">\n\t\t\t\t\t<div class=\"elementor-spacer\">\n\t\t\t<div class=\"elementor-spacer-inner\"><\/div>\n\t\t<\/div>\n\t\t\t\t<\/div>\n\t\t\t\t<\/div>\n\t\t\t\t<div class=\"elementor-element elementor-element-f2ba546 section-title-style-style3 img_hover_animation_img_no_effect title-alignment-center meta-visibility-show title_position_default title_hover_border_default title-default meta_position_default tpg-category-position-default readmore-btn-default-style grid-hover-overlay-type-always tpg-el-box-border-enable tpg-border-bottom-disable elementor-widget elementor-widget-tpg-grid-layout\" data-id=\"f2ba546\" data-element_type=\"widget\" data-widget_type=\"tpg-grid-layout.default\">\n\t\t\t\t<div class=\"elementor-widget-container\">\n\t\t\t\t\t<div class=\"rt-container-fluid rt-tpg-container tpg-el-main-wrapper clearfix grid-layout4-main \"\n\t\t\t id=\"rt-tpg-container-3444402808\"\n\t\t\t data-layout=\"grid-layout4\"\n\t\t\t data-grid-style=\"tpg-full-height\"\n\t\t\t data-sc-id=\"elementor\"\n\t\t\t data-el-settings=''\n\t\t\t data-el-query=''\n\t\t\t data-el-path=''\n\t\t>\n\n\t\t\t\t\t\t<div class='tpg-header-wrapper '>\n\t\t\t\t\n        <div class=\"tpg-widget-heading-wrapper rt-clear heading-style3 \">\n            <span class=\"tpg-widget-heading-line line-left\"><\/span>\n\t\t\t<h2 class='tpg-widget-heading'>\n\t\t\t\n\t\t\t\t                    <span>\n\t\t\t\t\t\tMANUEL DE PROCEDURES\t\t\t\t\t<\/span>\n\t\t\t\t\t\n\t\t\t\t\t\t\t<\/h2>            <span class=\"tpg-widget-heading-line line-right\"><\/span>\n\n\t\t\t\n        <\/div>\n\n\t\t\n\t\t\t\t\t<\/div>\n\n\t\t\t<div data-title=\"Loading ...\" class=\"rt-row rt-content-loader grid-layout4 grid-behaviour tpg-full-height grid_layout_wrapper\">\n\t\t\t\t\n<div class=\"rt-col-md-4 rt-col-sm-6 rt-col-xs-12 img_no_effect rt-grid-item\" data-id=\"639\">\n\t<div class=\"rt-holder tpg-post-holder\">\n\t\t<div class=\"rt-detail rt-el-content-wrapper\">\n\t\t\t\t\t\t\t<div class=\"rt-img-holder tpg-el-image-wrap has-thumbnail\">\n\t\t\t\t\t        <div class=\"tpg-separate-category style1 top_left cat-over-image\">\n\t\t\t<span class='categories-links'>\n\t\t\t\n\n\t\t\t<a class=\"manuel-de-procedures\" href=\"https:\/\/mindef.gov.cm\/sapeurs-pompiers\/category\/manuel-de-procedures\/\">MANUEL DE PROCEDURES<\/a>\t\t\t<\/span>\n        <\/div>\n\t\t<a data-id=\"639\" href=\"https:\/\/mindef.gov.cm\/sapeurs-pompiers\/tome-5-mpa-sapeurs-pompiers\/\" class=\"tpg-post-link\" target=\"_self\">                        <img loading=\"lazy\" decoding=\"async\" src=\"https:\/\/mindef.gov.cm\/sapeurs-pompiers\/wp-content\/uploads\/sites\/8\/2023\/08\/TOME-5-MPA-SAPEURS-POMPIERS.jpg\"\n                             class=\"rt-img-responsive\"\n                             width=\"597\"\n                             height=\"843\"\n                             alt=\"TOME 5 MPA SAPEURS POMPIERS\">\n\t\t\t\t\t\t\n\t\t\t\t\t\t\t\n\t\t<\/a>\n\t\t        <div class=\"overlay grid-hover-content\"><\/div>\n\t\t\t\t\t\t<\/div>\n\t\t\t\n\t\t\t<div class=\"entry-title-wrapper\">        <div class=\"tpg-separate-category style1 top_left cat-above-title\">\n\t\t\t<span class='categories-links'>\n\t\t\t\n\n\t\t\t<a class=\"manuel-de-procedures\" href=\"https:\/\/mindef.gov.cm\/sapeurs-pompiers\/category\/manuel-de-procedures\/\">MANUEL DE PROCEDURES<\/a>\t\t\t<\/span>\n        <\/div>\n\t\t<h3 class=\"entry-title\"><a data-id=\"639\" href=\"https:\/\/mindef.gov.cm\/sapeurs-pompiers\/tome-5-mpa-sapeurs-pompiers\/\" class=\"tpg-post-link\" target=\"_self\">TOME 5 MPA SAPEURS POMPIERS<\/a><\/h3><\/div>\n\t\t\t\t\t\t\t<div class=\"post-meta-tags rt-el-post-meta\">\n\t\t\t\t\t            <span class='date'>\n\t\t\t\t<i class='flaticon-calendar '><\/i>\t\t\t\t<a href=\"https:\/\/mindef.gov.cm\/sapeurs-pompiers\/2023\/08\/08\/\">\n\t\t\t\t\t8 ao\u00fbt 2023\t\t\t\t<\/a>\n\t\t\t<\/span>\n\t\t\t\t\t\t\t<\/div>\n\t\t\t\n\t\t\t\n\t\t\t        <div class=\"post-footer\">\n            <div class=\"post-footer\">\n                <div class=\"read-more\">\n\t\t\t\t\t<a data-id=\"639\" href=\"https:\/\/mindef.gov.cm\/sapeurs-pompiers\/tome-5-mpa-sapeurs-pompiers\/\" class=\"tpg-post-link\" target=\"_self\">Lire la siute<i aria-hidden=\"true\" class=\"right-icon fas fa-book-open\"><\/i><\/a>                <\/div>\n            <\/div>\n        <\/div>\n\t\t\t\t<\/div>\n\t<\/div>\n<\/div>\n\n<div class=\"rt-col-md-4 rt-col-sm-6 rt-col-xs-12 img_no_effect rt-grid-item\" data-id=\"635\">\n\t<div class=\"rt-holder tpg-post-holder\">\n\t\t<div class=\"rt-detail rt-el-content-wrapper\">\n\t\t\t\t\t\t\t<div class=\"rt-img-holder tpg-el-image-wrap has-thumbnail\">\n\t\t\t\t\t        <div class=\"tpg-separate-category style1 top_left cat-over-image\">\n\t\t\t<span class='categories-links'>\n\t\t\t\n\n\t\t\t<a class=\"manuel-de-procedures\" href=\"https:\/\/mindef.gov.cm\/sapeurs-pompiers\/category\/manuel-de-procedures\/\">MANUEL DE PROCEDURES<\/a>\t\t\t<\/span>\n        <\/div>\n\t\t<a data-id=\"635\" href=\"https:\/\/mindef.gov.cm\/sapeurs-pompiers\/tome-5-guide-de-lusager-des-sapeurs\/\" class=\"tpg-post-link\" target=\"_self\">                        <img loading=\"lazy\" decoding=\"async\" src=\"https:\/\/mindef.gov.cm\/sapeurs-pompiers\/wp-content\/uploads\/sites\/8\/2023\/08\/TOME-5-GUIDE-DE-LUSAGER-DES-SAPEURS.jpg\"\n                             class=\"rt-img-responsive\"\n                             width=\"597\"\n                             height=\"843\"\n                             alt=\"TOME 5 GUIDE DE L&#8217;USAGER DES SAPEURS\">\n\t\t\t\t\t\t\n\t\t\t\t\t\t\t\n\t\t<\/a>\n\t\t        <div class=\"overlay grid-hover-content\"><\/div>\n\t\t\t\t\t\t<\/div>\n\t\t\t\n\t\t\t<div class=\"entry-title-wrapper\">        <div class=\"tpg-separate-category style1 top_left cat-above-title\">\n\t\t\t<span class='categories-links'>\n\t\t\t\n\n\t\t\t<a class=\"manuel-de-procedures\" href=\"https:\/\/mindef.gov.cm\/sapeurs-pompiers\/category\/manuel-de-procedures\/\">MANUEL DE PROCEDURES<\/a>\t\t\t<\/span>\n        <\/div>\n\t\t<h3 class=\"entry-title\"><a data-id=\"635\" href=\"https:\/\/mindef.gov.cm\/sapeurs-pompiers\/tome-5-guide-de-lusager-des-sapeurs\/\" class=\"tpg-post-link\" target=\"_self\">TOME 5 GUIDE DE L&#8217;USAGER DES SAPEURS<\/a><\/h3><\/div>\n\t\t\t\t\t\t\t<div class=\"post-meta-tags rt-el-post-meta\">\n\t\t\t\t\t            <span class='date'>\n\t\t\t\t<i class='flaticon-calendar '><\/i>\t\t\t\t<a href=\"https:\/\/mindef.gov.cm\/sapeurs-pompiers\/2023\/08\/08\/\">\n\t\t\t\t\t8 ao\u00fbt 2023\t\t\t\t<\/a>\n\t\t\t<\/span>\n\t\t\t\t\t\t\t<\/div>\n\t\t\t\n\t\t\t\n\t\t\t        <div class=\"post-footer\">\n            <div class=\"post-footer\">\n                <div class=\"read-more\">\n\t\t\t\t\t<a data-id=\"635\" href=\"https:\/\/mindef.gov.cm\/sapeurs-pompiers\/tome-5-guide-de-lusager-des-sapeurs\/\" class=\"tpg-post-link\" target=\"_self\">Lire la siute<i aria-hidden=\"true\" class=\"right-icon fas fa-book-open\"><\/i><\/a>                <\/div>\n            <\/div>\n        <\/div>\n\t\t\t\t<\/div>\n\t<\/div>\n<\/div>\n\t\t\t<\/div>\n\t\t\t\n\t\t<\/div>\n\t\t\t\t<\/div>\n\t\t\t\t<\/div>\n\t\t\t\t<div class=\"elementor-element elementor-element-d676581 elementor-widget elementor-widget-spacer\" data-id=\"d676581\" data-element_type=\"widget\" data-widget_type=\"spacer.default\">\n\t\t\t\t<div class=\"elementor-widget-container\">\n\t\t\t\t\t<div class=\"elementor-spacer\">\n\t\t\t<div class=\"elementor-spacer-inner\"><\/div>\n\t\t<\/div>\n\t\t\t\t<\/div>\n\t\t\t\t<\/div>\n\t\t\t\t\t<\/div>\n\t\t<\/div>\n\t\t\t\t\t<\/div>\n\t\t<\/section>\n\t\t\t\t<\/div>\n\t\t","protected":false},"excerpt":{"rendered":"<p>A la une Audience D\u00e9l\u00e9gation Ecole de Guerre du S\u00e9n\u00e9gal au Poste de Commandement du Corps National de Sapeurs-Pompiers. Monsieur le G\u00e9n\u00e9ral de Brigade, Commandant le Corps National&#8230; Lire la suite Audience du G\u00e9n\u00e9ral de Brigade, COM CNSP \u00e0 l&#8217;attach\u00e9 de D\u00e9fense de Grande Bretagne. L&#8217;attach\u00e9 de D\u00e9fense de Grande Bretagne a \u00e9t\u00e9 re\u00e7u en&#8230; [&hellip;]<\/p>\n","protected":false},"author":1,"featured_media":0,"parent":0,"menu_order":0,"comment_status":"closed","ping_status":"closed","template":"","meta":{"footnotes":""},"class_list":["post-117","page","type-page","status-publish","hentry"],"yoast_head":"<!-- This site is optimized with the Yoast SEO plugin v23.3 - https:\/\/yoast.com\/wordpress\/plugins\/seo\/ -->\n<title>actualites - Sapeurs Pompiers<\/title>\n<meta name=\"robots\" content=\"index, follow, max-snippet:-1, max-image-preview:large, max-video-preview:-1\" \/>\n<link rel=\"canonical\" href=\"https:\/\/mindef.gov.cm\/sapeurs-pompiers\/actualites\/\" \/>\n<meta property=\"og:locale\" content=\"fr_FR\" \/>\n<meta property=\"og:type\" content=\"article\" \/>\n<meta property=\"og:title\" content=\"actualites - Sapeurs Pompiers\" \/>\n<meta property=\"og:description\" content=\"A la une Audience D\u00e9l\u00e9gation Ecole de Guerre du S\u00e9n\u00e9gal au Poste de Commandement du Corps National de Sapeurs-Pompiers. Monsieur le G\u00e9n\u00e9ral de Brigade, Commandant le Corps National&#8230; Lire la suite Audience du G\u00e9n\u00e9ral de Brigade, COM CNSP \u00e0 l&#8217;attach\u00e9 de D\u00e9fense de Grande Bretagne. L&#8217;attach\u00e9 de D\u00e9fense de Grande Bretagne a \u00e9t\u00e9 re\u00e7u en&#8230; [&hellip;]\" \/>\n<meta property=\"og:url\" content=\"https:\/\/mindef.gov.cm\/sapeurs-pompiers\/actualites\/\" \/>\n<meta property=\"og:site_name\" content=\"Sapeurs Pompiers\" \/>\n<meta property=\"article:modified_time\" content=\"2023-11-08T10:55:47+00:00\" \/>\n<meta property=\"og:image\" content=\"https:\/\/mindef.gov.cm\/sapeurs-pompiers\/wp-content\/uploads\/sites\/8\/2023\/10\/IMG_9781-scaled.jpg?v=1698769621\" \/>\n<meta name=\"twitter:card\" content=\"summary_large_image\" \/>\n<meta name=\"twitter:label1\" content=\"Dur\u00e9e de lecture estim\u00e9e\" \/>\n\t<meta name=\"twitter:data1\" content=\"4 minutes\" \/>\n<script type=\"application\/ld+json\" class=\"yoast-schema-graph\">{\"@context\":\"https:\/\/schema.org\",\"@graph\":[{\"@type\":\"WebPage\",\"@id\":\"https:\/\/mindef.gov.cm\/sapeurs-pompiers\/actualites\/\",\"url\":\"https:\/\/mindef.gov.cm\/sapeurs-pompiers\/actualites\/\",\"name\":\"actualites - Sapeurs Pompiers\",\"isPartOf\":{\"@id\":\"https:\/\/mindef.gov.cm\/sapeurs-pompiers\/#website\"},\"primaryImageOfPage\":{\"@id\":\"https:\/\/mindef.gov.cm\/sapeurs-pompiers\/actualites\/#primaryimage\"},\"image\":{\"@id\":\"https:\/\/mindef.gov.cm\/sapeurs-pompiers\/actualites\/#primaryimage\"},\"thumbnailUrl\":\"https:\/\/mindef.gov.cm\/sapeurs-pompiers\/wp-content\/uploads\/sites\/8\/2023\/10\/IMG_9781-scaled.jpg?v=1698769621\",\"datePublished\":\"2023-07-27T14:40:47+00:00\",\"dateModified\":\"2023-11-08T10:55:47+00:00\",\"breadcrumb\":{\"@id\":\"https:\/\/mindef.gov.cm\/sapeurs-pompiers\/actualites\/#breadcrumb\"},\"inLanguage\":\"fr-FR\",\"potentialAction\":[{\"@type\":\"ReadAction\",\"target\":[\"https:\/\/mindef.gov.cm\/sapeurs-pompiers\/actualites\/\"]}]},{\"@type\":\"ImageObject\",\"inLanguage\":\"fr-FR\",\"@id\":\"https:\/\/mindef.gov.cm\/sapeurs-pompiers\/actualites\/#primaryimage\",\"url\":\"https:\/\/mindef.gov.cm\/sapeurs-pompiers\/wp-content\/uploads\/sites\/8\/2023\/10\/IMG_9781-scaled.jpg\",\"contentUrl\":\"https:\/\/mindef.gov.cm\/sapeurs-pompiers\/wp-content\/uploads\/sites\/8\/2023\/10\/IMG_9781-scaled.jpg\",\"width\":2560,\"height\":1707},{\"@type\":\"BreadcrumbList\",\"@id\":\"https:\/\/mindef.gov.cm\/sapeurs-pompiers\/actualites\/#breadcrumb\",\"itemListElement\":[{\"@type\":\"ListItem\",\"position\":1,\"name\":\"Home\",\"item\":\"https:\/\/mindef.gov.cm\/sapeurs-pompiers\/\"},{\"@type\":\"ListItem\",\"position\":2,\"name\":\"actualites\"}]},{\"@type\":\"WebSite\",\"@id\":\"https:\/\/mindef.gov.cm\/sapeurs-pompiers\/#website\",\"url\":\"https:\/\/mindef.gov.cm\/sapeurs-pompiers\/\",\"name\":\"Sapeurs Pompiers\",\"description\":\"\",\"publisher\":{\"@id\":\"https:\/\/mindef.gov.cm\/sapeurs-pompiers\/#organization\"},\"potentialAction\":[{\"@type\":\"SearchAction\",\"target\":{\"@type\":\"EntryPoint\",\"urlTemplate\":\"https:\/\/mindef.gov.cm\/sapeurs-pompiers\/?s={search_term_string}\"},\"query-input\":\"required name=search_term_string\"}],\"inLanguage\":\"fr-FR\"},{\"@type\":\"Organization\",\"@id\":\"https:\/\/mindef.gov.cm\/sapeurs-pompiers\/#organization\",\"name\":\"Sapeurs Pompiers\",\"url\":\"https:\/\/mindef.gov.cm\/sapeurs-pompiers\/\",\"logo\":{\"@type\":\"ImageObject\",\"inLanguage\":\"fr-FR\",\"@id\":\"https:\/\/mindef.gov.cm\/sapeurs-pompiers\/#\/schema\/logo\/image\/\",\"url\":\"https:\/\/mindef.gov.cm\/sapeurs-pompiers\/wp-content\/uploads\/sites\/8\/2023\/07\/Logo-Mindef-fr.jpg\",\"contentUrl\":\"https:\/\/mindef.gov.cm\/sapeurs-pompiers\/wp-content\/uploads\/sites\/8\/2023\/07\/Logo-Mindef-fr.jpg\",\"width\":1324,\"height\":298,\"caption\":\"Sapeurs Pompiers\"},\"image\":{\"@id\":\"https:\/\/mindef.gov.cm\/sapeurs-pompiers\/#\/schema\/logo\/image\/\"}}]}<\/script>\n<!-- \/ Yoast SEO plugin. -->","yoast_head_json":{"title":"actualites - Sapeurs Pompiers","robots":{"index":"index","follow":"follow","max-snippet":"max-snippet:-1","max-image-preview":"max-image-preview:large","max-video-preview":"max-video-preview:-1"},"canonical":"https:\/\/mindef.gov.cm\/sapeurs-pompiers\/actualites\/","og_locale":"fr_FR","og_type":"article","og_title":"actualites - Sapeurs Pompiers","og_description":"A la une Audience D\u00e9l\u00e9gation Ecole de Guerre du S\u00e9n\u00e9gal au Poste de Commandement du Corps National de Sapeurs-Pompiers. Monsieur le G\u00e9n\u00e9ral de Brigade, Commandant le Corps National&#8230; Lire la suite Audience du G\u00e9n\u00e9ral de Brigade, COM CNSP \u00e0 l&#8217;attach\u00e9 de D\u00e9fense de Grande Bretagne. L&#8217;attach\u00e9 de D\u00e9fense de Grande Bretagne a \u00e9t\u00e9 re\u00e7u en&#8230; [&hellip;]","og_url":"https:\/\/mindef.gov.cm\/sapeurs-pompiers\/actualites\/","og_site_name":"Sapeurs Pompiers","article_modified_time":"2023-11-08T10:55:47+00:00","og_image":[{"url":"https:\/\/mindef.gov.cm\/sapeurs-pompiers\/wp-content\/uploads\/sites\/8\/2023\/10\/IMG_9781-scaled.jpg?v=1698769621"}],"twitter_card":"summary_large_image","twitter_misc":{"Dur\u00e9e de lecture estim\u00e9e":"4 minutes"},"schema":{"@context":"https:\/\/schema.org","@graph":[{"@type":"WebPage","@id":"https:\/\/mindef.gov.cm\/sapeurs-pompiers\/actualites\/","url":"https:\/\/mindef.gov.cm\/sapeurs-pompiers\/actualites\/","name":"actualites - Sapeurs Pompiers","isPartOf":{"@id":"https:\/\/mindef.gov.cm\/sapeurs-pompiers\/#website"},"primaryImageOfPage":{"@id":"https:\/\/mindef.gov.cm\/sapeurs-pompiers\/actualites\/#primaryimage"},"image":{"@id":"https:\/\/mindef.gov.cm\/sapeurs-pompiers\/actualites\/#primaryimage"},"thumbnailUrl":"https:\/\/mindef.gov.cm\/sapeurs-pompiers\/wp-content\/uploads\/sites\/8\/2023\/10\/IMG_9781-scaled.jpg?v=1698769621","datePublished":"2023-07-27T14:40:47+00:00","dateModified":"2023-11-08T10:55:47+00:00","breadcrumb":{"@id":"https:\/\/mindef.gov.cm\/sapeurs-pompiers\/actualites\/#breadcrumb"},"inLanguage":"fr-FR","potentialAction":[{"@type":"ReadAction","target":["https:\/\/mindef.gov.cm\/sapeurs-pompiers\/actualites\/"]}]},{"@type":"ImageObject","inLanguage":"fr-FR","@id":"https:\/\/mindef.gov.cm\/sapeurs-pompiers\/actualites\/#primaryimage","url":"https:\/\/mindef.gov.cm\/sapeurs-pompiers\/wp-content\/uploads\/sites\/8\/2023\/10\/IMG_9781-scaled.jpg","contentUrl":"https:\/\/mindef.gov.cm\/sapeurs-pompiers\/wp-content\/uploads\/sites\/8\/2023\/10\/IMG_9781-scaled.jpg","width":2560,"height":1707},{"@type":"BreadcrumbList","@id":"https:\/\/mindef.gov.cm\/sapeurs-pompiers\/actualites\/#breadcrumb","itemListElement":[{"@type":"ListItem","position":1,"name":"Home","item":"https:\/\/mindef.gov.cm\/sapeurs-pompiers\/"},{"@type":"ListItem","position":2,"name":"actualites"}]},{"@type":"WebSite","@id":"https:\/\/mindef.gov.cm\/sapeurs-pompiers\/#website","url":"https:\/\/mindef.gov.cm\/sapeurs-pompiers\/","name":"Sapeurs Pompiers","description":"","publisher":{"@id":"https:\/\/mindef.gov.cm\/sapeurs-pompiers\/#organization"},"potentialAction":[{"@type":"SearchAction","target":{"@type":"EntryPoint","urlTemplate":"https:\/\/mindef.gov.cm\/sapeurs-pompiers\/?s={search_term_string}"},"query-input":"required name=search_term_string"}],"inLanguage":"fr-FR"},{"@type":"Organization","@id":"https:\/\/mindef.gov.cm\/sapeurs-pompiers\/#organization","name":"Sapeurs Pompiers","url":"https:\/\/mindef.gov.cm\/sapeurs-pompiers\/","logo":{"@type":"ImageObject","inLanguage":"fr-FR","@id":"https:\/\/mindef.gov.cm\/sapeurs-pompiers\/#\/schema\/logo\/image\/","url":"https:\/\/mindef.gov.cm\/sapeurs-pompiers\/wp-content\/uploads\/sites\/8\/2023\/07\/Logo-Mindef-fr.jpg","contentUrl":"https:\/\/mindef.gov.cm\/sapeurs-pompiers\/wp-content\/uploads\/sites\/8\/2023\/07\/Logo-Mindef-fr.jpg","width":1324,"height":298,"caption":"Sapeurs Pompiers"},"image":{"@id":"https:\/\/mindef.gov.cm\/sapeurs-pompiers\/#\/schema\/logo\/image\/"}}]}},"rttpg_featured_image_url":null,"rttpg_author":{"display_name":"ricaldorichard237@gmail.com","author_link":"https:\/\/mindef.gov.cm\/sapeurs-pompiers\/author\/ricaldorichard237gmail-com\/"},"rttpg_comment":0,"rttpg_category":"","rttpg_excerpt":"A la une Audience D\u00e9l\u00e9gation Ecole de Guerre du S\u00e9n\u00e9gal au Poste de Commandement du Corps National de Sapeurs-Pompiers. Monsieur le G\u00e9n\u00e9ral de Brigade, Commandant le Corps National&#8230; Lire la suite Audience du G\u00e9n\u00e9ral de Brigade, COM CNSP \u00e0 l&#8217;attach\u00e9 de D\u00e9fense de Grande Bretagne. L&#8217;attach\u00e9 de D\u00e9fense de Grande Bretagne a \u00e9t\u00e9 re\u00e7u en&#8230;\u2026","_links":{"self":[{"href":"https:\/\/mindef.gov.cm\/sapeurs-pompiers\/wp-json\/wp\/v2\/pages\/117","targetHints":{"allow":["GET"]}}],"collection":[{"href":"https:\/\/mindef.gov.cm\/sapeurs-pompiers\/wp-json\/wp\/v2\/pages"}],"about":[{"href":"https:\/\/mindef.gov.cm\/sapeurs-pompiers\/wp-json\/wp\/v2\/types\/page"}],"author":[{"embeddable":true,"href":"https:\/\/mindef.gov.cm\/sapeurs-pompiers\/wp-json\/wp\/v2\/users\/1"}],"replies":[{"embeddable":true,"href":"https:\/\/mindef.gov.cm\/sapeurs-pompiers\/wp-json\/wp\/v2\/comments?post=117"}],"version-history":[{"count":0,"href":"https:\/\/mindef.gov.cm\/sapeurs-pompiers\/wp-json\/wp\/v2\/pages\/117\/revisions"}],"wp:attachment":[{"href":"https:\/\/mindef.gov.cm\/sapeurs-pompiers\/wp-json\/wp\/v2\/media?parent=117"}],"curies":[{"name":"wp","href":"https:\/\/api.w.org\/{rel}","templated":true}]}}