{"id":123,"date":"2023-07-27T16:40:57","date_gmt":"2023-07-27T14:40:57","guid":{"rendered":"http:\/\/mindef.gov.cm\/sapeurs-pompiers\/accueil\/"},"modified":"2025-12-08T14:04:26","modified_gmt":"2025-12-08T13:04:26","slug":"accueil","status":"publish","type":"page","link":"https:\/\/mindef.gov.cm\/sapeurs-pompiers\/","title":{"rendered":"accueil"},"content":{"rendered":"\t\t<div data-elementor-type=\"wp-page\" data-elementor-id=\"123\" class=\"elementor elementor-123\" data-elementor-post-type=\"page\">\n\t\t\t\t\t\t<section class=\"elementor-section elementor-top-section elementor-element elementor-element-65d1c922 elementor-section-boxed elementor-section-height-default elementor-section-height-default\" data-id=\"65d1c922\" data-element_type=\"section\">\n\t\t\t\t\t\t<div class=\"elementor-container elementor-column-gap-default\">\n\t\t\t\t\t<div class=\"elementor-column elementor-col-100 elementor-top-column elementor-element elementor-element-31676455\" data-id=\"31676455\" data-element_type=\"column\">\n\t\t\t<div class=\"elementor-widget-wrap elementor-element-populated\">\n\t\t\t\t\t\t<div class=\"elementor-element elementor-element-506840ce slider-arrow-position-show-hover title_position_default img_hover_animation_default is-carousel-overflow-hidden slider-direction-ltr grid-hover-overlay-type-always grid-hover-overlay-height-default hover-overlay-height-default tpg-border-bottom-disable elementor-widget elementor-widget-tpg-slider-layout\" data-id=\"506840ce\" data-element_type=\"widget\" data-widget_type=\"tpg-slider-layout.default\">\n\t\t\t\t<div class=\"elementor-widget-container\">\n\t\t\t        <div class=\"rt-container-fluid rt-tpg-container tpg-el-main-wrapper slider-layout-main slider-layout4-main \"\n             id=\"rt-tpg-container-2299256696\"\n             data-layout=\"slider-layout4\"\n             data-grid-style=\"\"\n             data-desktop-col=\"4\"\n             data-tab-col=\"2\"\n             data-mobile-col=\"1\"\n             data-sc-id=\"elementor\"\n             data-el-query=''\n        >\n\t\t\t\n            <div class=\"slider-main-wrapper slider-layout4\">\n                <div class=\"rt-swiper-holder swiper\"\n                     data-rtowl-options='{\"speed\":500,\"autoPlayTimeOut\":3000,\"autoPlay\":true,\"stopOnHover\":true,\"nav\":true,\"dots\":false,\"loop\":true,\"lazyLoad\":false,\"autoHeight\":false,\"dynamic_dots\":false,\"grabCursor\":true}'\n                     dir=\"ltr\"\n                >\n                    <div class=\"swiper-wrapper rt-content-loader grid-behaviour grid-layout7 slider_layout_wrapper\">\n\t\t\t\t\t\t\r\n    <div class=\"default rt-slider-item swiper-slide rt-grid-item\" data-id=\"5152\">\r\n        <div class=\"rt-holder tpg-post-holder\">\r\n            <div class=\"rt-detail rt-el-content-wrapper\">\r\n\t\t\t\t                    <div class=\"rt-img-holder tpg-el-image-wrap has-thumbnail\">\r\n\t\t\t\t\t\t<a data-id=\"5152\" href=\"https:\/\/mindef.gov.cm\/sapeurs-pompiers\/%f0%9d%90%8f%f0%9d%90%a8%f0%9d%90%ae%f0%9d%90%ab-%f0%9d%90%ac%f0%9d%90%9a%f0%9d%90%ae%f0%9d%90%af%f0%9d%90%9e%f0%9d%90%ab-%f0%9d%90%9d%f0%9d%90%9e%f0%9d%90%ac-%f0%9d%90%af%f0%9d%90%a2%f0%9d%90%9e\/\" class=\"tpg-post-link\" target=\"_self\">                        <img fetchpriority=\"high\" decoding=\"async\" src=\"https:\/\/mindef.gov.cm\/sapeurs-pompiers\/wp-content\/uploads\/sites\/8\/2025\/11\/\ud835\udc2c\ud835\udc1a\ud835\udc2e\ud835\udc2f\ud835\udc1e\ud835\udc2b-\ud835\udc1d\ud835\udc1e\ud835\udc2c-\ud835\udc2f\ud835\udc22\ud835\udc1e\ud835\udc2c-1-768x432.jpg\"\n                             class=\"rt-img-responsive\"\n                             width=\"768\"\n                             height=\"432\"\n                             alt=\"Pour sauver des vies, il faut rester pr\u00eat, inform\u00e9 et exigeant \u2026\">\n\t\t\t\t\t\t\n\t\t\t\t\t\t\t\n\t\t<\/a>\n\t\t        <div class=\"overlay grid-hover-content\"><\/div>\n\t\t                    <\/div>\r\n\t\t\t\t            <\/div>\r\n        <\/div>\r\n    <\/div>\r\n\r\n\r\n    <div class=\"default rt-slider-item swiper-slide rt-grid-item\" data-id=\"5128\">\r\n        <div class=\"rt-holder tpg-post-holder\">\r\n            <div class=\"rt-detail rt-el-content-wrapper\">\r\n\t\t\t\t                    <div class=\"rt-img-holder tpg-el-image-wrap has-thumbnail\">\r\n\t\t\t\t\t\t<a data-id=\"5128\" href=\"https:\/\/mindef.gov.cm\/sapeurs-pompiers\/controle-daptitude-operationnelle-au-centre-de-secours-de-nkongsamba\/\" class=\"tpg-post-link\" target=\"_self\">                        <img decoding=\"async\" src=\"https:\/\/mindef.gov.cm\/sapeurs-pompiers\/wp-content\/uploads\/sites\/8\/2025\/11\/Nkongsamba-1-768x576.jpg\"\n                             class=\"rt-img-responsive\"\n                             width=\"768\"\n                             height=\"576\"\n                             alt=\"*Contr\u00f4le d\u2019Aptitude Op\u00e9rationnelle au Centre de Secours de Nkongsamba*\">\n\t\t\t\t\t\t\n\t\t\t\t\t\t\t\n\t\t<\/a>\n\t\t        <div class=\"overlay grid-hover-content\"><\/div>\n\t\t                    <\/div>\r\n\t\t\t\t            <\/div>\r\n        <\/div>\r\n    <\/div>\r\n\r\n\r\n    <div class=\"default rt-slider-item swiper-slide rt-grid-item\" data-id=\"5092\">\r\n        <div class=\"rt-holder tpg-post-holder\">\r\n            <div class=\"rt-detail rt-el-content-wrapper\">\r\n\t\t\t\t                    <div class=\"rt-img-holder tpg-el-image-wrap has-thumbnail\">\r\n\t\t\t\t\t\t<a data-id=\"5092\" href=\"https:\/\/mindef.gov.cm\/sapeurs-pompiers\/noyade-dans-les-eaux-du-radie-palar\/\" class=\"tpg-post-link\" target=\"_self\">                        <img decoding=\"async\" src=\"https:\/\/mindef.gov.cm\/sapeurs-pompiers\/wp-content\/uploads\/sites\/8\/2025\/09\/RADIE-Palar.-4-768x644.jpg\"\n                             class=\"rt-img-responsive\"\n                             width=\"768\"\n                             height=\"644\"\n                             alt=\"NOYADE DANS LES EAUX DU RADI\u00c9 Palar.\">\n\t\t\t\t\t\t\n\t\t\t\t\t\t\t\n\t\t<\/a>\n\t\t        <div class=\"overlay grid-hover-content\"><\/div>\n\t\t                    <\/div>\r\n\t\t\t\t            <\/div>\r\n        <\/div>\r\n    <\/div>\r\n\r\n\r\n    <div class=\"default rt-slider-item swiper-slide rt-grid-item\" data-id=\"5030\">\r\n        <div class=\"rt-holder tpg-post-holder\">\r\n            <div class=\"rt-detail rt-el-content-wrapper\">\r\n\t\t\t\t                    <div class=\"rt-img-holder tpg-el-image-wrap has-thumbnail\">\r\n\t\t\t\t\t\t<a data-id=\"5030\" href=\"https:\/\/mindef.gov.cm\/sapeurs-pompiers\/campagne-de-consultation-au-centre-medical-du-10e-groupement\/\" class=\"tpg-post-link\" target=\"_self\">                        <img loading=\"lazy\" decoding=\"async\" src=\"https:\/\/mindef.gov.cm\/sapeurs-pompiers\/wp-content\/uploads\/sites\/8\/2025\/09\/IMG-20250922-WA0026.jpg\"\n                             class=\"rt-img-responsive\"\n                             width=\"766\"\n                             height=\"1080\"\n                             alt=\"Campagne de Consultation au Centre M\u00e9dical du 10e Groupement de Sapeurs-Pompiers sis a MIMBOMAN Terminus du 25 au 28 Septembre 2025.\">\n\t\t\t\t\t\t\n\t\t\t\t\t\t\t\n\t\t<\/a>\n\t\t        <div class=\"overlay grid-hover-content\"><\/div>\n\t\t                    <\/div>\r\n\t\t\t\t            <\/div>\r\n        <\/div>\r\n    <\/div>\r\n\r\n\r\n    <div class=\"default rt-slider-item swiper-slide rt-grid-item\" data-id=\"4998\">\r\n        <div class=\"rt-holder tpg-post-holder\">\r\n            <div class=\"rt-detail rt-el-content-wrapper\">\r\n\t\t\t\t                    <div class=\"rt-img-holder tpg-el-image-wrap has-thumbnail\">\r\n\t\t\t\t\t\t<a data-id=\"4998\" href=\"https:\/\/mindef.gov.cm\/sapeurs-pompiers\/%f0%9d%90%91%f0%9d%90%9e%f0%9d%90%a7%f0%9d%90%ad%f0%9d%90%ab%f0%9d%90%9e%f0%9d%90%9e-%f0%9d%90%ac%f0%9d%90%9c%f0%9d%90%a8%f0%9d%90%a5%f0%9d%90%9a%f0%9d%90%a2%f0%9d%90%ab%f0%9d%90%9e\/\" class=\"tpg-post-link\" target=\"_self\">                        <img loading=\"lazy\" decoding=\"async\" src=\"https:\/\/mindef.gov.cm\/sapeurs-pompiers\/wp-content\/uploads\/sites\/8\/2025\/09\/sapeur.jpg\"\n                             class=\"rt-img-responsive\"\n                             width=\"600\"\n                             height=\"503\"\n                             alt=\"Rentr\u00e9e Scolaire: Prot\u00e9geons nos enfants avant tout!\">\n\t\t\t\t\t\t\n\t\t\t\t\t\t\t\n\t\t<\/a>\n\t\t        <div class=\"overlay grid-hover-content\"><\/div>\n\t\t                    <\/div>\r\n\t\t\t\t            <\/div>\r\n        <\/div>\r\n    <\/div>\r\n\r\n\r\n    <div class=\"default rt-slider-item swiper-slide rt-grid-item\" data-id=\"4944\">\r\n        <div class=\"rt-holder tpg-post-holder\">\r\n            <div class=\"rt-detail rt-el-content-wrapper\">\r\n\t\t\t\t                    <div class=\"rt-img-holder tpg-el-image-wrap has-thumbnail\">\r\n\t\t\t\t\t\t<a data-id=\"4944\" href=\"https:\/\/mindef.gov.cm\/sapeurs-pompiers\/deuxieme-journee-de-sensibilisation\/\" class=\"tpg-post-link\" target=\"_self\">                        <img loading=\"lazy\" decoding=\"async\" src=\"https:\/\/mindef.gov.cm\/sapeurs-pompiers\/wp-content\/uploads\/sites\/8\/2025\/04\/vente-de-carburant-1-768x576.jpg\"\n                             class=\"rt-img-responsive\"\n                             width=\"768\"\n                             height=\"576\"\n                             alt=\"Deuxi\u00e8me journ\u00e9e de sensibilisation des acteurs impliqu\u00e9s dans la vente de carburant dans la ville de Garoua\">\n\t\t\t\t\t\t\n\t\t\t\t\t\t\t\n\t\t<\/a>\n\t\t        <div class=\"overlay grid-hover-content\"><\/div>\n\t\t                    <\/div>\r\n\t\t\t\t            <\/div>\r\n        <\/div>\r\n    <\/div>\r\n\r\n\r\n    <div class=\"default rt-slider-item swiper-slide rt-grid-item\" data-id=\"4902\">\r\n        <div class=\"rt-holder tpg-post-holder\">\r\n            <div class=\"rt-detail rt-el-content-wrapper\">\r\n\t\t\t\t                    <div class=\"rt-img-holder tpg-el-image-wrap has-thumbnail\">\r\n\t\t\t\t\t\t<a data-id=\"4902\" href=\"https:\/\/mindef.gov.cm\/sapeurs-pompiers\/sensibilisation-des-populations\/\" class=\"tpg-post-link\" target=\"_self\">                        <img loading=\"lazy\" decoding=\"async\" src=\"https:\/\/mindef.gov.cm\/sapeurs-pompiers\/wp-content\/uploads\/sites\/8\/2025\/04\/produits-inflammables-1-768x349.jpg\"\n                             class=\"rt-img-responsive\"\n                             width=\"768\"\n                             height=\"349\"\n                             alt=\"Sensibilisation des populations sur le stockage des produits inflammables dans les m\u00e9nages.\">\n\t\t\t\t\t\t\n\t\t\t\t\t\t\t\n\t\t<\/a>\n\t\t        <div class=\"overlay grid-hover-content\"><\/div>\n\t\t                    <\/div>\r\n\t\t\t\t            <\/div>\r\n        <\/div>\r\n    <\/div>\r\n\r\n\r\n    <div class=\"default rt-slider-item swiper-slide rt-grid-item\" data-id=\"4862\">\r\n        <div class=\"rt-holder tpg-post-holder\">\r\n            <div class=\"rt-detail rt-el-content-wrapper\">\r\n\t\t\t\t                    <div class=\"rt-img-holder tpg-el-image-wrap has-thumbnail\">\r\n\t\t\t\t\t\t<a data-id=\"4862\" href=\"https:\/\/mindef.gov.cm\/sapeurs-pompiers\/douala-le-19-avril-2025-feu-usine-fabrication-de-matelas\/\" class=\"tpg-post-link\" target=\"_self\">                        <img loading=\"lazy\" decoding=\"async\" src=\"https:\/\/mindef.gov.cm\/sapeurs-pompiers\/wp-content\/uploads\/sites\/8\/2025\/04\/matelas-1-768x576.jpg\"\n                             class=\"rt-img-responsive\"\n                             width=\"768\"\n                             height=\"576\"\n                             alt=\"Douala, le 19 avril 2025, feu usine fabrication de matelas\">\n\t\t\t\t\t\t\n\t\t\t\t\t\t\t\n\t\t<\/a>\n\t\t        <div class=\"overlay grid-hover-content\"><\/div>\n\t\t                    <\/div>\r\n\t\t\t\t            <\/div>\r\n        <\/div>\r\n    <\/div>\r\n\r\n\r\n    <div class=\"default rt-slider-item swiper-slide rt-grid-item\" data-id=\"4822\">\r\n        <div class=\"rt-holder tpg-post-holder\">\r\n            <div class=\"rt-detail rt-el-content-wrapper\">\r\n\t\t\t\t                    <div class=\"rt-img-holder tpg-el-image-wrap has-thumbnail\">\r\n\t\t\t\t\t\t<a data-id=\"4822\" href=\"https:\/\/mindef.gov.cm\/sapeurs-pompiers\/protection-des-biens-carrefour-8-garoua\/\" class=\"tpg-post-link\" target=\"_self\">                        <img loading=\"lazy\" decoding=\"async\" src=\"https:\/\/mindef.gov.cm\/sapeurs-pompiers\/wp-content\/uploads\/sites\/8\/2025\/04\/CARREFOUR-8-1-768x350.jpg\"\n                             class=\"rt-img-responsive\"\n                             width=\"768\"\n                             height=\"350\"\n                             alt=\"PROTECTION DES BIENS CARREFOUR 8\/GAROUA\">\n\t\t\t\t\t\t\n\t\t\t\t\t\t\t\n\t\t<\/a>\n\t\t        <div class=\"overlay grid-hover-content\"><\/div>\n\t\t                    <\/div>\r\n\t\t\t\t            <\/div>\r\n        <\/div>\r\n    <\/div>\r\n\r\n\r\n    <div class=\"default rt-slider-item swiper-slide rt-grid-item\" data-id=\"4794\">\r\n        <div class=\"rt-holder tpg-post-holder\">\r\n            <div class=\"rt-detail rt-el-content-wrapper\">\r\n\t\t\t\t                    <div class=\"rt-img-holder tpg-el-image-wrap has-thumbnail\">\r\n\t\t\t\t\t\t<a data-id=\"4794\" href=\"https:\/\/mindef.gov.cm\/sapeurs-pompiers\/feu-au-niveau-du-parcours-vita-de-garoua\/\" class=\"tpg-post-link\" target=\"_self\">                        <img loading=\"lazy\" decoding=\"async\" src=\"https:\/\/mindef.gov.cm\/sapeurs-pompiers\/wp-content\/uploads\/sites\/8\/2025\/04\/Parcours-Vita-in-Garoua-1-768x1024.jpg\"\n                             class=\"rt-img-responsive\"\n                             width=\"768\"\n                             height=\"1024\"\n                             alt=\"Feu au niveau du Parcours Vita de Garoua\">\n\t\t\t\t\t\t\n\t\t\t\t\t\t\t\n\t\t<\/a>\n\t\t        <div class=\"overlay grid-hover-content\"><\/div>\n\t\t                    <\/div>\r\n\t\t\t\t            <\/div>\r\n        <\/div>\r\n    <\/div>\r\n\r\n                    <\/div>\n\n                <\/div>\n\n\n\t\t\t\t                    <!--swiper-pagination-horizontal-->\n\t\t\t\t\t\n\t\t\t\t\t                        <div class=\"swiper-navigation\">\n                            <div class=\"slider-btn swiper-button-prev\"><\/div>\n                            <div class=\"slider-btn swiper-button-next\"><\/div>\n                        <\/div>\n\t\t\t\t\t\t\t\t\t\n\t\t\t\t            <\/div>\n        <\/div>\n\t\t\t\t<\/div>\n\t\t\t\t<\/div>\n\t\t\t\t\t<\/div>\n\t\t<\/div>\n\t\t\t\t\t<\/div>\n\t\t<\/section>\n\t\t\t\t<section class=\"elementor-section elementor-top-section elementor-element elementor-element-bc079ba elementor-section-boxed elementor-section-height-default elementor-section-height-default\" data-id=\"bc079ba\" data-element_type=\"section\">\n\t\t\t\t\t\t<div class=\"elementor-container elementor-column-gap-default\">\n\t\t\t\t\t<div class=\"elementor-column elementor-col-33 elementor-top-column elementor-element elementor-element-2314bad\" data-id=\"2314bad\" data-element_type=\"column\">\n\t\t\t<div class=\"elementor-widget-wrap elementor-element-populated\">\n\t\t\t\t\t\t<div class=\"elementor-element elementor-element-669fe1f elementor-widget elementor-widget-spacer\" data-id=\"669fe1f\" data-element_type=\"widget\" data-widget_type=\"spacer.default\">\n\t\t\t\t<div class=\"elementor-widget-container\">\n\t\t\t\t\t<div class=\"elementor-spacer\">\n\t\t\t<div class=\"elementor-spacer-inner\"><\/div>\n\t\t<\/div>\n\t\t\t\t<\/div>\n\t\t\t\t<\/div>\n\t\t\t\t<div class=\"elementor-element elementor-element-bd65adf elementor-widget elementor-widget-heading\" data-id=\"bd65adf\" data-element_type=\"widget\" data-widget_type=\"heading.default\">\n\t\t\t\t<div class=\"elementor-widget-container\">\n\t\t\t<h2 class=\"elementor-heading-title elementor-size-default\">SAPEURS-POMPIERS\n<\/h2>\t\t<\/div>\n\t\t\t\t<\/div>\n\t\t\t\t\t<\/div>\n\t\t<\/div>\n\t\t\t\t<div class=\"elementor-column elementor-col-33 elementor-top-column elementor-element elementor-element-7ee47b4\" data-id=\"7ee47b4\" data-element_type=\"column\">\n\t\t\t<div class=\"elementor-widget-wrap elementor-element-populated\">\n\t\t\t\t\t\t<div class=\"elementor-element elementor-element-1d64efb elementor-widget elementor-widget-image\" data-id=\"1d64efb\" data-element_type=\"widget\" data-widget_type=\"image.default\">\n\t\t\t\t<div class=\"elementor-widget-container\">\n\t\t\t\t\t\t\t\t\t\t\t\t\t<img loading=\"lazy\" decoding=\"async\" width=\"394\" height=\"394\" src=\"https:\/\/mindef.gov.cm\/sapeurs-pompiers\/wp-content\/uploads\/sites\/8\/2023\/10\/log-sappeur.png\" class=\"attachment-full size-full wp-image-907\" alt=\"\" \/>\t\t\t\t\t\t\t\t\t\t\t\t\t<\/div>\n\t\t\t\t<\/div>\n\t\t\t\t\t<\/div>\n\t\t<\/div>\n\t\t\t\t<div class=\"elementor-column elementor-col-33 elementor-top-column elementor-element elementor-element-3e6a76b\" data-id=\"3e6a76b\" data-element_type=\"column\">\n\t\t\t<div class=\"elementor-widget-wrap elementor-element-populated\">\n\t\t\t\t\t\t<div class=\"elementor-element elementor-element-7eda2eb elementor-widget elementor-widget-spacer\" data-id=\"7eda2eb\" data-element_type=\"widget\" data-widget_type=\"spacer.default\">\n\t\t\t\t<div class=\"elementor-widget-container\">\n\t\t\t\t\t<div class=\"elementor-spacer\">\n\t\t\t<div class=\"elementor-spacer-inner\"><\/div>\n\t\t<\/div>\n\t\t\t\t<\/div>\n\t\t\t\t<\/div>\n\t\t\t\t<div class=\"elementor-element elementor-element-a919d9d elementor-widget elementor-widget-heading\" data-id=\"a919d9d\" data-element_type=\"widget\" data-widget_type=\"heading.default\">\n\t\t\t\t<div class=\"elementor-widget-container\">\n\t\t\t<h2 class=\"elementor-heading-title elementor-size-default\">NATIONAL FIRE BRIGADE<\/h2>\t\t<\/div>\n\t\t\t\t<\/div>\n\t\t\t\t\t<\/div>\n\t\t<\/div>\n\t\t\t\t\t<\/div>\n\t\t<\/section>\n\t\t\t\t<section class=\"elementor-section elementor-top-section elementor-element elementor-element-108c6fd4 elementor-hidden-tablet elementor-hidden-mobile elementor-section-boxed elementor-section-height-default elementor-section-height-default\" data-id=\"108c6fd4\" data-element_type=\"section\">\n\t\t\t\t\t\t<div class=\"elementor-container elementor-column-gap-default\">\n\t\t\t\t\t<div class=\"elementor-column elementor-col-100 elementor-top-column elementor-element elementor-element-26e392ea\" data-id=\"26e392ea\" data-element_type=\"column\">\n\t\t\t<div class=\"elementor-widget-wrap elementor-element-populated\">\n\t\t\t\t\t\t<div class=\"elementor-element elementor-element-1173ec96 elementor-widget elementor-widget-spacer\" data-id=\"1173ec96\" data-element_type=\"widget\" data-widget_type=\"spacer.default\">\n\t\t\t\t<div class=\"elementor-widget-container\">\n\t\t\t\t\t<div class=\"elementor-spacer\">\n\t\t\t<div class=\"elementor-spacer-inner\"><\/div>\n\t\t<\/div>\n\t\t\t\t<\/div>\n\t\t\t\t<\/div>\n\t\t\t\t\t<\/div>\n\t\t<\/div>\n\t\t\t\t\t<\/div>\n\t\t<\/section>\n\t\t\t\t<section class=\"elementor-section elementor-top-section elementor-element elementor-element-12e76750 elementor-section-boxed elementor-section-height-default elementor-section-height-default\" data-id=\"12e76750\" data-element_type=\"section\" data-settings=\"{&quot;background_background&quot;:&quot;classic&quot;}\">\n\t\t\t\t\t\t<div class=\"elementor-container elementor-column-gap-default\">\n\t\t\t\t\t<div class=\"elementor-column elementor-col-33 elementor-top-column elementor-element elementor-element-3adf555d\" data-id=\"3adf555d\" data-element_type=\"column\">\n\t\t\t<div class=\"elementor-widget-wrap elementor-element-populated\">\n\t\t\t\t\t\t<div class=\"elementor-element elementor-element-ad7521f elementor-widget elementor-widget-image\" data-id=\"ad7521f\" data-element_type=\"widget\" id=\"valeurs\" data-widget_type=\"image.default\">\n\t\t\t\t<div class=\"elementor-widget-container\">\n\t\t\t\t\t\t\t\t\t\t\t\t\t<img loading=\"lazy\" decoding=\"async\" width=\"2560\" height=\"1810\" src=\"https:\/\/mindef.gov.cm\/sapeurs-pompiers\/wp-content\/uploads\/sites\/8\/2023\/07\/sp-scaled.gif\" class=\"attachment-full size-full wp-image-242\" alt=\"\" \/>\t\t\t\t\t\t\t\t\t\t\t\t\t<\/div>\n\t\t\t\t<\/div>\n\t\t\t\t<div class=\"elementor-element elementor-element-27529355 elementor-widget elementor-widget-heading\" data-id=\"27529355\" data-element_type=\"widget\" data-widget_type=\"heading.default\">\n\t\t\t\t<div class=\"elementor-widget-container\">\n\t\t\t<h2 class=\"elementor-heading-title elementor-size-default\">Nos valeurs<\/h2>\t\t<\/div>\n\t\t\t\t<\/div>\n\t\t\t\t<div class=\"elementor-element elementor-element-4d236f25 elementor-widget-divider--view-line elementor-widget elementor-widget-divider\" data-id=\"4d236f25\" data-element_type=\"widget\" data-widget_type=\"divider.default\">\n\t\t\t\t<div class=\"elementor-widget-container\">\n\t\t\t\t\t<div class=\"elementor-divider\">\n\t\t\t<span class=\"elementor-divider-separator\">\n\t\t\t\t\t\t<\/span>\n\t\t<\/div>\n\t\t\t\t<\/div>\n\t\t\t\t<\/div>\n\t\t\t\t<div class=\"elementor-element elementor-element-f86bcec elementor-align-center elementor-widget elementor-widget-button\" data-id=\"f86bcec\" data-element_type=\"widget\" data-widget_type=\"button.default\">\n\t\t\t\t<div class=\"elementor-widget-container\">\n\t\t\t\t\t\t\t<div class=\"elementor-button-wrapper\">\n\t\t\t\t\t<a class=\"elementor-button elementor-button-link elementor-size-sm\" href=\"https:\/\/mindef.gov.cm\/sapeurs-pompiers\/#valeurs\">\n\t\t\t\t\t\t<span class=\"elementor-button-content-wrapper\">\n\t\t\t\t\t\t<span class=\"elementor-button-icon\">\n\t\t\t\t<i aria-hidden=\"true\" class=\"fas fa-bus-alt\"><\/i>\t\t\t<\/span>\n\t\t\t\t\t\t\t\t\t<span class=\"elementor-button-text\">Consulter<\/span>\n\t\t\t\t\t<\/span>\n\t\t\t\t\t<\/a>\n\t\t\t\t<\/div>\n\t\t\t\t\t\t<\/div>\n\t\t\t\t<\/div>\n\t\t\t\t\t<\/div>\n\t\t<\/div>\n\t\t\t\t<div class=\"elementor-column elementor-col-33 elementor-top-column elementor-element elementor-element-1e5e15f3\" data-id=\"1e5e15f3\" data-element_type=\"column\">\n\t\t\t<div class=\"elementor-widget-wrap elementor-element-populated\">\n\t\t\t\t\t\t<div class=\"elementor-element elementor-element-18c4fc6 elementor-widget elementor-widget-image\" data-id=\"18c4fc6\" data-element_type=\"widget\" data-widget_type=\"image.default\">\n\t\t\t\t<div class=\"elementor-widget-container\">\n\t\t\t\t\t\t\t\t\t\t\t\t\t<img loading=\"lazy\" decoding=\"async\" width=\"2560\" height=\"1810\" src=\"https:\/\/mindef.gov.cm\/sapeurs-pompiers\/wp-content\/uploads\/sites\/8\/2023\/07\/sp2-scaled.gif\" class=\"attachment-full size-full wp-image-239\" alt=\"\" \/>\t\t\t\t\t\t\t\t\t\t\t\t\t<\/div>\n\t\t\t\t<\/div>\n\t\t\t\t<div class=\"elementor-element elementor-element-70ee07bc elementor-widget elementor-widget-heading\" data-id=\"70ee07bc\" data-element_type=\"widget\" data-widget_type=\"heading.default\">\n\t\t\t\t<div class=\"elementor-widget-container\">\n\t\t\t<h2 class=\"elementor-heading-title elementor-size-default\">Nos missions<\/h2>\t\t<\/div>\n\t\t\t\t<\/div>\n\t\t\t\t<div class=\"elementor-element elementor-element-18dc15bc elementor-widget-divider--view-line elementor-widget elementor-widget-divider\" data-id=\"18dc15bc\" data-element_type=\"widget\" data-widget_type=\"divider.default\">\n\t\t\t\t<div class=\"elementor-widget-container\">\n\t\t\t\t\t<div class=\"elementor-divider\">\n\t\t\t<span class=\"elementor-divider-separator\">\n\t\t\t\t\t\t<\/span>\n\t\t<\/div>\n\t\t\t\t<\/div>\n\t\t\t\t<\/div>\n\t\t\t\t<div class=\"elementor-element elementor-element-6155e036 elementor-align-center elementor-widget elementor-widget-button\" data-id=\"6155e036\" data-element_type=\"widget\" data-widget_type=\"button.default\">\n\t\t\t\t<div class=\"elementor-widget-container\">\n\t\t\t\t\t\t\t<div class=\"elementor-button-wrapper\">\n\t\t\t\t\t<a class=\"elementor-button elementor-button-link elementor-size-sm\" href=\"https:\/\/mindef.gov.cm\/sapeurs-pompiers\/missions\/\">\n\t\t\t\t\t\t<span class=\"elementor-button-content-wrapper\">\n\t\t\t\t\t\t<span class=\"elementor-button-icon\">\n\t\t\t\t<i aria-hidden=\"true\" class=\"fas fa-bus-alt\"><\/i>\t\t\t<\/span>\n\t\t\t\t\t\t\t\t\t<span class=\"elementor-button-text\">Consulter<\/span>\n\t\t\t\t\t<\/span>\n\t\t\t\t\t<\/a>\n\t\t\t\t<\/div>\n\t\t\t\t\t\t<\/div>\n\t\t\t\t<\/div>\n\t\t\t\t\t<\/div>\n\t\t<\/div>\n\t\t\t\t<div class=\"elementor-column elementor-col-33 elementor-top-column elementor-element elementor-element-39ebe6fa\" data-id=\"39ebe6fa\" data-element_type=\"column\">\n\t\t\t<div class=\"elementor-widget-wrap elementor-element-populated\">\n\t\t\t\t\t\t<div class=\"elementor-element elementor-element-2d4abf64 elementor-widget elementor-widget-image\" data-id=\"2d4abf64\" data-element_type=\"widget\" id=\"publications\" data-widget_type=\"image.default\">\n\t\t\t\t<div class=\"elementor-widget-container\">\n\t\t\t\t\t\t\t\t\t\t\t\t\t<img loading=\"lazy\" decoding=\"async\" width=\"1599\" height=\"1232\" src=\"https:\/\/mindef.gov.cm\/sapeurs-pompiers\/wp-content\/uploads\/sites\/8\/2023\/07\/sp3.gif\" class=\"attachment-full size-full wp-image-240\" alt=\"\" \/>\t\t\t\t\t\t\t\t\t\t\t\t\t<\/div>\n\t\t\t\t<\/div>\n\t\t\t\t<div class=\"elementor-element elementor-element-4805b289 elementor-widget elementor-widget-heading\" data-id=\"4805b289\" data-element_type=\"widget\" data-widget_type=\"heading.default\">\n\t\t\t\t<div class=\"elementor-widget-container\">\n\t\t\t<h2 class=\"elementor-heading-title elementor-size-default\">Publications<\/h2>\t\t<\/div>\n\t\t\t\t<\/div>\n\t\t\t\t<div class=\"elementor-element elementor-element-6a5d10f4 elementor-widget-divider--view-line elementor-widget elementor-widget-divider\" data-id=\"6a5d10f4\" data-element_type=\"widget\" data-widget_type=\"divider.default\">\n\t\t\t\t<div class=\"elementor-widget-container\">\n\t\t\t\t\t<div class=\"elementor-divider\">\n\t\t\t<span class=\"elementor-divider-separator\">\n\t\t\t\t\t\t<\/span>\n\t\t<\/div>\n\t\t\t\t<\/div>\n\t\t\t\t<\/div>\n\t\t\t\t<div class=\"elementor-element elementor-element-184d1c43 elementor-align-center elementor-widget elementor-widget-button\" data-id=\"184d1c43\" data-element_type=\"widget\" data-widget_type=\"button.default\">\n\t\t\t\t<div class=\"elementor-widget-container\">\n\t\t\t\t\t\t\t<div class=\"elementor-button-wrapper\">\n\t\t\t\t\t<a class=\"elementor-button elementor-button-link elementor-size-sm\" href=\"https:\/\/mindef.gov.cm\/sapeurs-pompiers\/en\/le-commandant\/\">\n\t\t\t\t\t\t<span class=\"elementor-button-content-wrapper\">\n\t\t\t\t\t\t<span class=\"elementor-button-icon\">\n\t\t\t\t<i aria-hidden=\"true\" class=\"fas fa-bus-alt\"><\/i>\t\t\t<\/span>\n\t\t\t\t\t\t\t\t\t<span class=\"elementor-button-text\">Consulter<\/span>\n\t\t\t\t\t<\/span>\n\t\t\t\t\t<\/a>\n\t\t\t\t<\/div>\n\t\t\t\t\t\t<\/div>\n\t\t\t\t<\/div>\n\t\t\t\t\t<\/div>\n\t\t<\/div>\n\t\t\t\t\t<\/div>\n\t\t<\/section>\n\t\t\t\t<section class=\"elementor-section elementor-top-section elementor-element elementor-element-6465d965 elementor-hidden-tablet elementor-hidden-mobile elementor-section-boxed elementor-section-height-default elementor-section-height-default\" data-id=\"6465d965\" data-element_type=\"section\">\n\t\t\t\t\t\t<div class=\"elementor-container elementor-column-gap-default\">\n\t\t\t\t\t<div class=\"elementor-column elementor-col-100 elementor-top-column elementor-element elementor-element-42659e85\" data-id=\"42659e85\" data-element_type=\"column\">\n\t\t\t<div class=\"elementor-widget-wrap elementor-element-populated\">\n\t\t\t\t\t\t<div class=\"elementor-element elementor-element-24f3ee42 elementor-widget elementor-widget-spacer\" data-id=\"24f3ee42\" data-element_type=\"widget\" data-widget_type=\"spacer.default\">\n\t\t\t\t<div class=\"elementor-widget-container\">\n\t\t\t\t\t<div class=\"elementor-spacer\">\n\t\t\t<div class=\"elementor-spacer-inner\"><\/div>\n\t\t<\/div>\n\t\t\t\t<\/div>\n\t\t\t\t<\/div>\n\t\t\t\t\t<\/div>\n\t\t<\/div>\n\t\t\t\t\t<\/div>\n\t\t<\/section>\n\t\t\t\t<section class=\"elementor-section elementor-top-section elementor-element elementor-element-43518fb elementor-section-boxed elementor-section-height-default elementor-section-height-default\" data-id=\"43518fb\" data-element_type=\"section\" data-settings=\"{&quot;background_background&quot;:&quot;classic&quot;}\">\n\t\t\t\t\t\t<div class=\"elementor-container elementor-column-gap-default\">\n\t\t\t\t\t<div class=\"elementor-column elementor-col-20 elementor-top-column elementor-element elementor-element-eb9fcbc\" data-id=\"eb9fcbc\" data-element_type=\"column\">\n\t\t\t<div class=\"elementor-widget-wrap elementor-element-populated\">\n\t\t\t\t\t\t<div class=\"elementor-element elementor-element-3474773 elementor-widget elementor-widget-spacer\" data-id=\"3474773\" data-element_type=\"widget\" data-widget_type=\"spacer.default\">\n\t\t\t\t<div class=\"elementor-widget-container\">\n\t\t\t\t\t<div class=\"elementor-spacer\">\n\t\t\t<div class=\"elementor-spacer-inner\"><\/div>\n\t\t<\/div>\n\t\t\t\t<\/div>\n\t\t\t\t<\/div>\n\t\t\t\t\t<\/div>\n\t\t<\/div>\n\t\t\t\t<div class=\"elementor-column elementor-col-20 elementor-top-column elementor-element elementor-element-5286251\" data-id=\"5286251\" data-element_type=\"column\">\n\t\t\t<div class=\"elementor-widget-wrap elementor-element-populated\">\n\t\t\t\t\t\t<div class=\"elementor-element elementor-element-d0ae676 elementor-hidden-tablet elementor-hidden-mobile elementor-widget elementor-widget-spacer\" data-id=\"d0ae676\" data-element_type=\"widget\" data-widget_type=\"spacer.default\">\n\t\t\t\t<div class=\"elementor-widget-container\">\n\t\t\t\t\t<div class=\"elementor-spacer\">\n\t\t\t<div class=\"elementor-spacer-inner\"><\/div>\n\t\t<\/div>\n\t\t\t\t<\/div>\n\t\t\t\t<\/div>\n\t\t\t\t<div class=\"elementor-element elementor-element-8ed2aa1 elementor-widget elementor-widget-image\" data-id=\"8ed2aa1\" data-element_type=\"widget\" data-widget_type=\"image.default\">\n\t\t\t\t<div class=\"elementor-widget-container\">\n\t\t\t\t\t\t\t\t\t\t\t\t\t<img loading=\"lazy\" decoding=\"async\" width=\"413\" height=\"604\" src=\"https:\/\/mindef.gov.cm\/sapeurs-pompiers\/wp-content\/uploads\/sites\/8\/2025\/12\/Com_CNSP-removebg-preview.png\" class=\"attachment-full size-full wp-image-5182\" alt=\"\" \/>\t\t\t\t\t\t\t\t\t\t\t\t\t<\/div>\n\t\t\t\t<\/div>\n\t\t\t\t<div class=\"elementor-element elementor-element-42ffe44c elementor-hidden-tablet elementor-hidden-mobile elementor-widget elementor-widget-spacer\" data-id=\"42ffe44c\" data-element_type=\"widget\" data-widget_type=\"spacer.default\">\n\t\t\t\t<div class=\"elementor-widget-container\">\n\t\t\t\t\t<div class=\"elementor-spacer\">\n\t\t\t<div class=\"elementor-spacer-inner\"><\/div>\n\t\t<\/div>\n\t\t\t\t<\/div>\n\t\t\t\t<\/div>\n\t\t\t\t\t<\/div>\n\t\t<\/div>\n\t\t\t\t<div class=\"elementor-column elementor-col-20 elementor-top-column elementor-element elementor-element-6c22826\" data-id=\"6c22826\" data-element_type=\"column\">\n\t\t\t<div class=\"elementor-widget-wrap\">\n\t\t\t\t\t\t\t<\/div>\n\t\t<\/div>\n\t\t\t\t<div class=\"elementor-column elementor-col-20 elementor-top-column elementor-element elementor-element-27fe878\" data-id=\"27fe878\" data-element_type=\"column\">\n\t\t\t<div class=\"elementor-widget-wrap elementor-element-populated\">\n\t\t\t\t\t\t<div class=\"elementor-element elementor-element-52238c3 elementor-hidden-tablet elementor-hidden-mobile elementor-widget elementor-widget-spacer\" data-id=\"52238c3\" data-element_type=\"widget\" data-widget_type=\"spacer.default\">\n\t\t\t\t<div class=\"elementor-widget-container\">\n\t\t\t\t\t<div class=\"elementor-spacer\">\n\t\t\t<div class=\"elementor-spacer-inner\"><\/div>\n\t\t<\/div>\n\t\t\t\t<\/div>\n\t\t\t\t<\/div>\n\t\t\t\t<div class=\"elementor-element elementor-element-3e2fa29 elementor-widget elementor-widget-image\" data-id=\"3e2fa29\" data-element_type=\"widget\" data-widget_type=\"image.default\">\n\t\t\t\t<div class=\"elementor-widget-container\">\n\t\t\t\t\t\t\t\t\t\t\t\t\t<img loading=\"lazy\" decoding=\"async\" width=\"394\" height=\"394\" src=\"https:\/\/mindef.gov.cm\/sapeurs-pompiers\/wp-content\/uploads\/sites\/8\/2023\/10\/log-sappeur.png\" class=\"attachment-full size-full wp-image-907\" alt=\"\" \/>\t\t\t\t\t\t\t\t\t\t\t\t\t<\/div>\n\t\t\t\t<\/div>\n\t\t\t\t<div class=\"elementor-element elementor-element-5757b87 elementor-widget elementor-widget-heading\" data-id=\"5757b87\" data-element_type=\"widget\" data-widget_type=\"heading.default\">\n\t\t\t\t<div class=\"elementor-widget-container\">\n\t\t\t<h2 class=\"elementor-heading-title elementor-size-default\">GD MAHAMAT AHMED KOTOKO<\/h2>\t\t<\/div>\n\t\t\t\t<\/div>\n\t\t\t\t<div class=\"elementor-element elementor-element-5fd0386 elementor-hidden-tablet elementor-hidden-mobile elementor-widget elementor-widget-spacer\" data-id=\"5fd0386\" data-element_type=\"widget\" data-widget_type=\"spacer.default\">\n\t\t\t\t<div class=\"elementor-widget-container\">\n\t\t\t\t\t<div class=\"elementor-spacer\">\n\t\t\t<div class=\"elementor-spacer-inner\"><\/div>\n\t\t<\/div>\n\t\t\t\t<\/div>\n\t\t\t\t<\/div>\n\t\t\t\t<div class=\"elementor-element elementor-element-2ce7a64 elementor-widget-divider--view-line elementor-widget elementor-widget-divider\" data-id=\"2ce7a64\" data-element_type=\"widget\" data-widget_type=\"divider.default\">\n\t\t\t\t<div class=\"elementor-widget-container\">\n\t\t\t\t\t<div class=\"elementor-divider\">\n\t\t\t<span class=\"elementor-divider-separator\">\n\t\t\t\t\t\t<\/span>\n\t\t<\/div>\n\t\t\t\t<\/div>\n\t\t\t\t<\/div>\n\t\t\t\t<div class=\"elementor-element elementor-element-81fb759 elementor-widget elementor-widget-heading\" data-id=\"81fb759\" data-element_type=\"widget\" data-widget_type=\"heading.default\">\n\t\t\t\t<div class=\"elementor-widget-container\">\n\t\t\t<h4 class=\"elementor-heading-title elementor-size-small\">Commandant du Corps National des Sapeurs Pompiers<\/h4>\t\t<\/div>\n\t\t\t\t<\/div>\n\t\t\t\t<div class=\"elementor-element elementor-element-a2ba89f elementor-widget elementor-widget-heading\" data-id=\"a2ba89f\" data-element_type=\"widget\" data-widget_type=\"heading.default\">\n\t\t\t\t<div class=\"elementor-widget-container\">\n\t\t\t<h4 class=\"elementor-heading-title elementor-size-small\">Commander Of the National Fire Brigade<\/h4>\t\t<\/div>\n\t\t\t\t<\/div>\n\t\t\t\t<div class=\"elementor-element elementor-element-51e1c01 elementor-widget elementor-widget-heading\" data-id=\"51e1c01\" data-element_type=\"widget\" data-widget_type=\"heading.default\">\n\t\t\t\t<div class=\"elementor-widget-container\">\n\t\t\t<h2 class=\"elementor-heading-title elementor-size-small\"><a href=\"https:\/\/mindef.gov.cm\/sapeurs-pompiers\/le-commandant\/\">Consultez la Biographie du Commandant<\/a><\/h2>\t\t<\/div>\n\t\t\t\t<\/div>\n\t\t\t\t\t<\/div>\n\t\t<\/div>\n\t\t\t\t<div class=\"elementor-column elementor-col-20 elementor-top-column elementor-element elementor-element-d6c297e\" data-id=\"d6c297e\" data-element_type=\"column\">\n\t\t\t<div class=\"elementor-widget-wrap\">\n\t\t\t\t\t\t\t<\/div>\n\t\t<\/div>\n\t\t\t\t\t<\/div>\n\t\t<\/section>\n\t\t\t\t<section class=\"elementor-section elementor-top-section elementor-element elementor-element-3ed4009 elementor-section-height-min-height elementor-section-stretched elementor-section-boxed elementor-section-height-default elementor-section-items-middle\" data-id=\"3ed4009\" data-element_type=\"section\" data-settings=\"{&quot;stretch_section&quot;:&quot;section-stretched&quot;,&quot;background_background&quot;:&quot;classic&quot;}\">\n\t\t\t\t\t\t<div class=\"elementor-container elementor-column-gap-default\">\n\t\t\t\t\t<div class=\"elementor-column elementor-col-100 elementor-top-column elementor-element elementor-element-1fd1683d elementor-hidden-tablet elementor-hidden-mobile\" data-id=\"1fd1683d\" data-element_type=\"column\">\n\t\t\t<div class=\"elementor-widget-wrap\">\n\t\t\t\t\t\t\t<\/div>\n\t\t<\/div>\n\t\t\t\t\t<\/div>\n\t\t<\/section>\n\t\t\t\t<section class=\"elementor-section elementor-top-section elementor-element elementor-element-6ed7b95c elementor-section-boxed elementor-section-height-default elementor-section-height-default\" data-id=\"6ed7b95c\" data-element_type=\"section\">\n\t\t\t\t\t\t<div class=\"elementor-container elementor-column-gap-default\">\n\t\t\t\t\t<div class=\"elementor-column elementor-col-100 elementor-top-column elementor-element elementor-element-3f9db1d9\" data-id=\"3f9db1d9\" data-element_type=\"column\">\n\t\t\t<div class=\"elementor-widget-wrap elementor-element-populated\">\n\t\t\t\t\t\t<div class=\"elementor-element elementor-element-53399af3 elementor-widget elementor-widget-spacer\" data-id=\"53399af3\" data-element_type=\"widget\" data-widget_type=\"spacer.default\">\n\t\t\t\t<div class=\"elementor-widget-container\">\n\t\t\t\t\t<div class=\"elementor-spacer\">\n\t\t\t<div class=\"elementor-spacer-inner\"><\/div>\n\t\t<\/div>\n\t\t\t\t<\/div>\n\t\t\t\t<\/div>\n\t\t\t\t<div class=\"elementor-element elementor-element-50644bd6 section-title-style-style3 tpg-wrapper-align-center meta-visibility-show title_position_default title_hover_border_default title-default img_hover_animation_default meta_position_default readmore-btn-default-style is-carousel-overflow-hidden slider-direction-ltr grid-hover-overlay-type-always grid-hover-overlay-height-default hover-overlay-height-default elementor-widget elementor-widget-tpg-slider-layout\" data-id=\"50644bd6\" data-element_type=\"widget\" data-widget_type=\"tpg-slider-layout.default\">\n\t\t\t\t<div class=\"elementor-widget-container\">\n\t\t\t        <div class=\"rt-container-fluid rt-tpg-container tpg-el-main-wrapper slider-layout-main slider-layout12-main \"\n             id=\"rt-tpg-container-3694687865\"\n             data-layout=\"slider-layout12\"\n             data-grid-style=\"\"\n             data-desktop-col=\"3\"\n             data-tab-col=\"2\"\n             data-mobile-col=\"1\"\n             data-sc-id=\"elementor\"\n             data-el-query=''\n        >\n\t\t\t\n        <div class=\"tpg-widget-heading-wrapper rt-clear heading-style3 \">\n            <span class=\"tpg-widget-heading-line line-left\"><\/span>\n\t\t\t<h2 class='tpg-widget-heading'>\n\t\t\t\n\t\t\t\t                    <span>\n\t\t\t\t\t\tActualit\u00e9s\t\t\t\t\t<\/span>\n\t\t\t\t\t\n\t\t\t\t\t\t\t<\/h2>            <span class=\"tpg-widget-heading-line line-right\"><\/span>\n\n\t\t\t\n        <\/div>\n\n\t\t\n\t\t\n            <div class=\"slider-main-wrapper slider-layout12\">\n                <div class=\"rt-swiper-holder swiper\"\n                     data-rtowl-options='{\"speed\":500,\"autoPlayTimeOut\":2500,\"autoPlay\":true,\"stopOnHover\":true,\"nav\":true,\"dots\":true,\"loop\":true,\"lazyLoad\":false,\"autoHeight\":false,\"dynamic_dots\":false,\"grabCursor\":true}'\n                     dir=\"ltr\"\n                >\n                    <div class=\"swiper-wrapper rt-content-loader grid-behaviour  grid_hover-layout5 slider-layout slider_layout_wrapper\">\n\t\t\t\t\t\t\r\n<div class=\"slider-column swiper-slide\">\r\n\r\n\t<div class=\"default rt-slider-item swiper-slide rt-grid-hover-item rt-grid-item\" data-id=\"5152\">\r\n\t\t<div class=\"rt-holder tpg-post-holder\">\r\n\t\t\t<div class=\"rt-detail rt-el-content-wrapper\">\r\n\t\t\t\t\t\t\t\t\t<div class=\"rt-img-holder tpg-el-image-wrap has-thumbnail\">\r\n\t\t\t\t\t\t<a data-id=\"5152\" href=\"https:\/\/mindef.gov.cm\/sapeurs-pompiers\/%f0%9d%90%8f%f0%9d%90%a8%f0%9d%90%ae%f0%9d%90%ab-%f0%9d%90%ac%f0%9d%90%9a%f0%9d%90%ae%f0%9d%90%af%f0%9d%90%9e%f0%9d%90%ab-%f0%9d%90%9d%f0%9d%90%9e%f0%9d%90%ac-%f0%9d%90%af%f0%9d%90%a2%f0%9d%90%9e\/\" class=\"tpg-post-link\" target=\"_self\">                        <img loading=\"lazy\" decoding=\"async\" src=\"https:\/\/mindef.gov.cm\/sapeurs-pompiers\/wp-content\/uploads\/sites\/8\/2025\/11\/\ud835\udc2c\ud835\udc1a\ud835\udc2e\ud835\udc2f\ud835\udc1e\ud835\udc2b-\ud835\udc1d\ud835\udc1e\ud835\udc2c-\ud835\udc2f\ud835\udc22\ud835\udc1e\ud835\udc2c-1.jpg\"\n                             class=\"rt-img-responsive\"\n                             width=\"1280\"\n                             height=\"720\"\n                             alt=\"Pour sauver des vies, il faut rester pr\u00eat, inform\u00e9 et exigeant \u2026\">\n\t\t\t\t\t\t\n\t\t\t\t\t\t\t\n\t\t<\/a>\n\t\t        <div class=\"overlay grid-hover-content\"><\/div>\n\t\t\t\t\t\t\t<\/div>\r\n\t\t\t\t\r\n\t\t\t\t<div class=\"grid-hover-content\">\r\n\t\t\t\t\t<div class=\"slider-content-inner\">\r\n\r\n\t\t\t\t\t\t<div class=\"entry-title-wrapper\"><h3 class=\"entry-title\"><a data-id=\"5152\" href=\"https:\/\/mindef.gov.cm\/sapeurs-pompiers\/%f0%9d%90%8f%f0%9d%90%a8%f0%9d%90%ae%f0%9d%90%ab-%f0%9d%90%ac%f0%9d%90%9a%f0%9d%90%ae%f0%9d%90%af%f0%9d%90%9e%f0%9d%90%ab-%f0%9d%90%9d%f0%9d%90%9e%f0%9d%90%ac-%f0%9d%90%af%f0%9d%90%a2%f0%9d%90%9e\/\" class=\"tpg-post-link\" target=\"_self\">Pour sauver des vies, il faut rester pr\u00eat, inform\u00e9 et exigeant \u2026<\/a><\/h3><\/div>\r\n\r\n\t\t\t\t\t\t\t\t\t\t\t\t\t<div class=\"post-meta-tags rt-el-post-meta\">\r\n\t\t\t\t\t\t\t\t            <span class='date'>\n\t\t\t\t<i class='flaticon-calendar '><\/i>\t\t\t\t<a href=\"https:\/\/mindef.gov.cm\/sapeurs-pompiers\/2025\/11\/27\/\">\n\t\t\t\t\t27 novembre 2025\t\t\t\t<\/a>\n\t\t\t<\/span>\n\t\t\t\t\t\t\t\t\t\t<\/div>\r\n\t\t\t\t\t\t\r\n\t\t\t\t\t\t                            <div class=\"tpg-excerpt tpg-el-excerpt\">\r\n\t\t\t\t\t\t\t\t                                    <div class=\"tpg-excerpt-inner\">\r\n\t\t\t\t\t\t\t\t\t\tC'est conscients de cela que les \u00e9quipes du \ud835\udc12\ud835\udc1e\ud835\udc2b\ud835\udc2f\ud835\udc22\ud835\udc1c\ud835\udc1e \ud835\udc12\ud835\udc1a\ud835\udc27\ud835\udc2d\u00e9 \ud835\udc1d\ud835\udc2e \ud835\udc02\ud835\udc28\ud835\udc2b\ud835\udc29\ud835\udc2c \ud835\udc0d\ud835\udc1a\ud835\udc2d\ud835\udc22\ud835\udc28\ud835\udc27\ud835\udc1a\ud835\udc25 \ud835\udc1d\ud835\udc1e\ud835\udc2c \ud835\udc12\ud835\udc1a\ud835\udc29\ud835\udc1e\ud835\udc2e\ud835\udc2b\ud835\udc2c-\ud835\udc0f\ud835\udc28\ud835\udc26\ud835\udc29\ud835\udc22\ud835\udc1e\ud835\udc2b\ud835\udc2c ont...                                    <\/div>\r\n\t\t\t\t\t\t\t\t\t\t\t\t\t\t\t\t                            <\/div>\r\n\t\t\t\t\t\t\r\n\t\t\t\t\t\t        <div class=\"post-footer\">\n            <div class=\"post-footer\">\n                <div class=\"read-more\">\n\t\t\t\t\t<a data-id=\"5152\" href=\"https:\/\/mindef.gov.cm\/sapeurs-pompiers\/%f0%9d%90%8f%f0%9d%90%a8%f0%9d%90%ae%f0%9d%90%ab-%f0%9d%90%ac%f0%9d%90%9a%f0%9d%90%ae%f0%9d%90%af%f0%9d%90%9e%f0%9d%90%ab-%f0%9d%90%9d%f0%9d%90%9e%f0%9d%90%ac-%f0%9d%90%af%f0%9d%90%a2%f0%9d%90%9e\/\" class=\"tpg-post-link\" target=\"_self\">Lire la suite<\/a>                <\/div>\n            <\/div>\n        <\/div>\n\t\t\t\t\t\t\t<\/div>\r\n\t\t\t\t<\/div>\r\n\t\t\t<\/div>\r\n\t\t<\/div>\r\n\t<\/div>\r\n<\/div>\r\n\r\n<div class=\"slider-column swiper-slide\">\r\n\r\n\t<div class=\"default rt-slider-item swiper-slide rt-grid-hover-item rt-grid-item\" data-id=\"5128\">\r\n\t\t<div class=\"rt-holder tpg-post-holder\">\r\n\t\t\t<div class=\"rt-detail rt-el-content-wrapper\">\r\n\t\t\t\t\t\t\t\t\t<div class=\"rt-img-holder tpg-el-image-wrap has-thumbnail\">\r\n\t\t\t\t\t\t<a data-id=\"5128\" href=\"https:\/\/mindef.gov.cm\/sapeurs-pompiers\/controle-daptitude-operationnelle-au-centre-de-secours-de-nkongsamba\/\" class=\"tpg-post-link\" target=\"_self\">                        <img loading=\"lazy\" decoding=\"async\" src=\"https:\/\/mindef.gov.cm\/sapeurs-pompiers\/wp-content\/uploads\/sites\/8\/2025\/11\/Nkongsamba-1.jpg\"\n                             class=\"rt-img-responsive\"\n                             width=\"1280\"\n                             height=\"960\"\n                             alt=\"*Contr\u00f4le d\u2019Aptitude Op\u00e9rationnelle au Centre de Secours de Nkongsamba*\">\n\t\t\t\t\t\t\n\t\t\t\t\t\t\t\n\t\t<\/a>\n\t\t        <div class=\"overlay grid-hover-content\"><\/div>\n\t\t\t\t\t\t\t<\/div>\r\n\t\t\t\t\r\n\t\t\t\t<div class=\"grid-hover-content\">\r\n\t\t\t\t\t<div class=\"slider-content-inner\">\r\n\r\n\t\t\t\t\t\t<div class=\"entry-title-wrapper\"><h3 class=\"entry-title\"><a data-id=\"5128\" href=\"https:\/\/mindef.gov.cm\/sapeurs-pompiers\/controle-daptitude-operationnelle-au-centre-de-secours-de-nkongsamba\/\" class=\"tpg-post-link\" target=\"_self\">*Contr\u00f4le d\u2019Aptitude Op\u00e9rationnelle au Centre de Secours de Nkongsamba*<\/a><\/h3><\/div>\r\n\r\n\t\t\t\t\t\t\t\t\t\t\t\t\t<div class=\"post-meta-tags rt-el-post-meta\">\r\n\t\t\t\t\t\t\t\t            <span class='date'>\n\t\t\t\t<i class='flaticon-calendar '><\/i>\t\t\t\t<a href=\"https:\/\/mindef.gov.cm\/sapeurs-pompiers\/2025\/11\/27\/\">\n\t\t\t\t\t27 novembre 2025\t\t\t\t<\/a>\n\t\t\t<\/span>\n\t\t\t\t\t\t\t\t\t\t<\/div>\r\n\t\t\t\t\t\t\r\n\t\t\t\t\t\t                            <div class=\"tpg-excerpt tpg-el-excerpt\">\r\n\t\t\t\t\t\t\t\t                                    <div class=\"tpg-excerpt-inner\">\r\n\t\t\t\t\t\t\t\t\t\tSous la conduite du Chef de Bataillon, Officier Adjoint du 20\u1d49 Groupement de Sapeurs-Pompiers...                                    <\/div>\r\n\t\t\t\t\t\t\t\t\t\t\t\t\t\t\t\t                            <\/div>\r\n\t\t\t\t\t\t\r\n\t\t\t\t\t\t        <div class=\"post-footer\">\n            <div class=\"post-footer\">\n                <div class=\"read-more\">\n\t\t\t\t\t<a data-id=\"5128\" href=\"https:\/\/mindef.gov.cm\/sapeurs-pompiers\/controle-daptitude-operationnelle-au-centre-de-secours-de-nkongsamba\/\" class=\"tpg-post-link\" target=\"_self\">Lire la suite<\/a>                <\/div>\n            <\/div>\n        <\/div>\n\t\t\t\t\t\t\t<\/div>\r\n\t\t\t\t<\/div>\r\n\t\t\t<\/div>\r\n\t\t<\/div>\r\n\t<\/div>\r\n<\/div>\r\n\r\n<div class=\"slider-column swiper-slide\">\r\n\r\n\t<div class=\"default rt-slider-item swiper-slide rt-grid-hover-item rt-grid-item\" data-id=\"5092\">\r\n\t\t<div class=\"rt-holder tpg-post-holder\">\r\n\t\t\t<div class=\"rt-detail rt-el-content-wrapper\">\r\n\t\t\t\t\t\t\t\t\t<div class=\"rt-img-holder tpg-el-image-wrap has-thumbnail\">\r\n\t\t\t\t\t\t<a data-id=\"5092\" href=\"https:\/\/mindef.gov.cm\/sapeurs-pompiers\/noyade-dans-les-eaux-du-radie-palar\/\" class=\"tpg-post-link\" target=\"_self\">                        <img loading=\"lazy\" decoding=\"async\" src=\"https:\/\/mindef.gov.cm\/sapeurs-pompiers\/wp-content\/uploads\/sites\/8\/2025\/09\/RADIE-Palar.-4.jpg\"\n                             class=\"rt-img-responsive\"\n                             width=\"1016\"\n                             height=\"852\"\n                             alt=\"NOYADE DANS LES EAUX DU RADI\u00c9 Palar.\">\n\t\t\t\t\t\t\n\t\t\t\t\t\t\t\n\t\t<\/a>\n\t\t        <div class=\"overlay grid-hover-content\"><\/div>\n\t\t\t\t\t\t\t<\/div>\r\n\t\t\t\t\r\n\t\t\t\t<div class=\"grid-hover-content\">\r\n\t\t\t\t\t<div class=\"slider-content-inner\">\r\n\r\n\t\t\t\t\t\t<div class=\"entry-title-wrapper\"><h3 class=\"entry-title\"><a data-id=\"5092\" href=\"https:\/\/mindef.gov.cm\/sapeurs-pompiers\/noyade-dans-les-eaux-du-radie-palar\/\" class=\"tpg-post-link\" target=\"_self\">NOYADE DANS LES EAUX DU RADI\u00c9 Palar.<\/a><\/h3><\/div>\r\n\r\n\t\t\t\t\t\t\t\t\t\t\t\t\t<div class=\"post-meta-tags rt-el-post-meta\">\r\n\t\t\t\t\t\t\t\t            <span class='date'>\n\t\t\t\t<i class='flaticon-calendar '><\/i>\t\t\t\t<a href=\"https:\/\/mindef.gov.cm\/sapeurs-pompiers\/2025\/09\/24\/\">\n\t\t\t\t\t24 septembre 2025\t\t\t\t<\/a>\n\t\t\t<\/span>\n\t\t\t\t\t\t\t\t\t\t<\/div>\r\n\t\t\t\t\t\t\r\n\t\t\t\t\t\t                            <div class=\"tpg-excerpt tpg-el-excerpt\">\r\n\t\t\t\t\t\t\t\t                                    <div class=\"tpg-excerpt-inner\">\r\n\t\t\t\t\t\t\t\t\t\tMercredi 24 Septembre 2025, aux environs de 05h-45min, les secours de la 401\u00b0 Compagnie d'Incendie...                                    <\/div>\r\n\t\t\t\t\t\t\t\t\t\t\t\t\t\t\t\t                            <\/div>\r\n\t\t\t\t\t\t\r\n\t\t\t\t\t\t        <div class=\"post-footer\">\n            <div class=\"post-footer\">\n                <div class=\"read-more\">\n\t\t\t\t\t<a data-id=\"5092\" href=\"https:\/\/mindef.gov.cm\/sapeurs-pompiers\/noyade-dans-les-eaux-du-radie-palar\/\" class=\"tpg-post-link\" target=\"_self\">Lire la suite<\/a>                <\/div>\n            <\/div>\n        <\/div>\n\t\t\t\t\t\t\t<\/div>\r\n\t\t\t\t<\/div>\r\n\t\t\t<\/div>\r\n\t\t<\/div>\r\n\t<\/div>\r\n<\/div>\r\n\r\n<div class=\"slider-column swiper-slide\">\r\n\r\n\t<div class=\"default rt-slider-item swiper-slide rt-grid-hover-item rt-grid-item\" data-id=\"5030\">\r\n\t\t<div class=\"rt-holder tpg-post-holder\">\r\n\t\t\t<div class=\"rt-detail rt-el-content-wrapper\">\r\n\t\t\t\t\t\t\t\t\t<div class=\"rt-img-holder tpg-el-image-wrap has-thumbnail\">\r\n\t\t\t\t\t\t<a data-id=\"5030\" href=\"https:\/\/mindef.gov.cm\/sapeurs-pompiers\/campagne-de-consultation-au-centre-medical-du-10e-groupement\/\" class=\"tpg-post-link\" target=\"_self\">                        <img loading=\"lazy\" decoding=\"async\" src=\"https:\/\/mindef.gov.cm\/sapeurs-pompiers\/wp-content\/uploads\/sites\/8\/2025\/09\/IMG-20250922-WA0026.jpg\"\n                             class=\"rt-img-responsive\"\n                             width=\"766\"\n                             height=\"1080\"\n                             alt=\"Campagne de Consultation au Centre M\u00e9dical du 10e Groupement de Sapeurs-Pompiers sis a MIMBOMAN Terminus du 25 au 28 Septembre 2025.\">\n\t\t\t\t\t\t\n\t\t\t\t\t\t\t\n\t\t<\/a>\n\t\t        <div class=\"overlay grid-hover-content\"><\/div>\n\t\t\t\t\t\t\t<\/div>\r\n\t\t\t\t\r\n\t\t\t\t<div class=\"grid-hover-content\">\r\n\t\t\t\t\t<div class=\"slider-content-inner\">\r\n\r\n\t\t\t\t\t\t<div class=\"entry-title-wrapper\"><h3 class=\"entry-title\"><a data-id=\"5030\" href=\"https:\/\/mindef.gov.cm\/sapeurs-pompiers\/campagne-de-consultation-au-centre-medical-du-10e-groupement\/\" class=\"tpg-post-link\" target=\"_self\">Campagne de Consultation au Centre M\u00e9dical du 10e Groupement de Sapeurs-Pompiers sis a MIMBOMAN Terminus du 25 au 28 Septembre 2025.<\/a><\/h3><\/div>\r\n\r\n\t\t\t\t\t\t\t\t\t\t\t\t\t<div class=\"post-meta-tags rt-el-post-meta\">\r\n\t\t\t\t\t\t\t\t            <span class='date'>\n\t\t\t\t<i class='flaticon-calendar '><\/i>\t\t\t\t<a href=\"https:\/\/mindef.gov.cm\/sapeurs-pompiers\/2025\/09\/23\/\">\n\t\t\t\t\t23 septembre 2025\t\t\t\t<\/a>\n\t\t\t<\/span>\n\t\t\t\t\t\t\t\t\t\t<\/div>\r\n\t\t\t\t\t\t\r\n\t\t\t\t\t\t                            <div class=\"tpg-excerpt tpg-el-excerpt\">\r\n\t\t\t\t\t\t\t\t                                    <div class=\"tpg-excerpt-inner\">\r\n\t\t\t\t\t\t\t\t\t\tCette initiative a pour but d&#8217; am\u00e9liorer la sant\u00e9 et le bien-\u00eatre des communaut\u00e9s tout en...                                    <\/div>\r\n\t\t\t\t\t\t\t\t\t\t\t\t\t\t\t\t                            <\/div>\r\n\t\t\t\t\t\t\r\n\t\t\t\t\t\t        <div class=\"post-footer\">\n            <div class=\"post-footer\">\n                <div class=\"read-more\">\n\t\t\t\t\t<a data-id=\"5030\" href=\"https:\/\/mindef.gov.cm\/sapeurs-pompiers\/campagne-de-consultation-au-centre-medical-du-10e-groupement\/\" class=\"tpg-post-link\" target=\"_self\">Lire la suite<\/a>                <\/div>\n            <\/div>\n        <\/div>\n\t\t\t\t\t\t\t<\/div>\r\n\t\t\t\t<\/div>\r\n\t\t\t<\/div>\r\n\t\t<\/div>\r\n\t<\/div>\r\n<\/div>\r\n\r\n<div class=\"slider-column swiper-slide\">\r\n\r\n\t<div class=\"default rt-slider-item swiper-slide rt-grid-hover-item rt-grid-item\" data-id=\"4998\">\r\n\t\t<div class=\"rt-holder tpg-post-holder\">\r\n\t\t\t<div class=\"rt-detail rt-el-content-wrapper\">\r\n\t\t\t\t\t\t\t\t\t<div class=\"rt-img-holder tpg-el-image-wrap has-thumbnail\">\r\n\t\t\t\t\t\t<a data-id=\"4998\" href=\"https:\/\/mindef.gov.cm\/sapeurs-pompiers\/%f0%9d%90%91%f0%9d%90%9e%f0%9d%90%a7%f0%9d%90%ad%f0%9d%90%ab%f0%9d%90%9e%f0%9d%90%9e-%f0%9d%90%ac%f0%9d%90%9c%f0%9d%90%a8%f0%9d%90%a5%f0%9d%90%9a%f0%9d%90%a2%f0%9d%90%ab%f0%9d%90%9e\/\" class=\"tpg-post-link\" target=\"_self\">                        <img loading=\"lazy\" decoding=\"async\" src=\"https:\/\/mindef.gov.cm\/sapeurs-pompiers\/wp-content\/uploads\/sites\/8\/2025\/09\/sapeur.jpg\"\n                             class=\"rt-img-responsive\"\n                             width=\"600\"\n                             height=\"503\"\n                             alt=\"Rentr\u00e9e Scolaire: Prot\u00e9geons nos enfants avant tout!\">\n\t\t\t\t\t\t\n\t\t\t\t\t\t\t\n\t\t<\/a>\n\t\t        <div class=\"overlay grid-hover-content\"><\/div>\n\t\t\t\t\t\t\t<\/div>\r\n\t\t\t\t\r\n\t\t\t\t<div class=\"grid-hover-content\">\r\n\t\t\t\t\t<div class=\"slider-content-inner\">\r\n\r\n\t\t\t\t\t\t<div class=\"entry-title-wrapper\"><h3 class=\"entry-title\"><a data-id=\"4998\" href=\"https:\/\/mindef.gov.cm\/sapeurs-pompiers\/%f0%9d%90%91%f0%9d%90%9e%f0%9d%90%a7%f0%9d%90%ad%f0%9d%90%ab%f0%9d%90%9e%f0%9d%90%9e-%f0%9d%90%ac%f0%9d%90%9c%f0%9d%90%a8%f0%9d%90%a5%f0%9d%90%9a%f0%9d%90%a2%f0%9d%90%ab%f0%9d%90%9e\/\" class=\"tpg-post-link\" target=\"_self\">Rentr\u00e9e Scolaire: Prot\u00e9geons nos enfants avant tout!<\/a><\/h3><\/div>\r\n\r\n\t\t\t\t\t\t\t\t\t\t\t\t\t<div class=\"post-meta-tags rt-el-post-meta\">\r\n\t\t\t\t\t\t\t\t            <span class='date'>\n\t\t\t\t<i class='flaticon-calendar '><\/i>\t\t\t\t<a href=\"https:\/\/mindef.gov.cm\/sapeurs-pompiers\/2025\/09\/09\/\">\n\t\t\t\t\t9 septembre 2025\t\t\t\t<\/a>\n\t\t\t<\/span>\n\t\t\t\t\t\t\t\t\t\t<\/div>\r\n\t\t\t\t\t\t\r\n\t\t\t\t\t\t                            <div class=\"tpg-excerpt tpg-el-excerpt\">\r\n\t\t\t\t\t\t\t\t                                    <div class=\"tpg-excerpt-inner\">\r\n\t\t\t\t\t\t\t\t\t\t\ud835\udc0f\ud835\udc1a\ud835\udc2b\ud835\udc1e\ud835\udc27\ud835\udc2d\ud835\udc2c : dites-leur de toujours marcher sur le trottoir, de traverser uniquement sur les passages...                                    <\/div>\r\n\t\t\t\t\t\t\t\t\t\t\t\t\t\t\t\t                            <\/div>\r\n\t\t\t\t\t\t\r\n\t\t\t\t\t\t        <div class=\"post-footer\">\n            <div class=\"post-footer\">\n                <div class=\"read-more\">\n\t\t\t\t\t<a data-id=\"4998\" href=\"https:\/\/mindef.gov.cm\/sapeurs-pompiers\/%f0%9d%90%91%f0%9d%90%9e%f0%9d%90%a7%f0%9d%90%ad%f0%9d%90%ab%f0%9d%90%9e%f0%9d%90%9e-%f0%9d%90%ac%f0%9d%90%9c%f0%9d%90%a8%f0%9d%90%a5%f0%9d%90%9a%f0%9d%90%a2%f0%9d%90%ab%f0%9d%90%9e\/\" class=\"tpg-post-link\" target=\"_self\">Lire la suite<\/a>                <\/div>\n            <\/div>\n        <\/div>\n\t\t\t\t\t\t\t<\/div>\r\n\t\t\t\t<\/div>\r\n\t\t\t<\/div>\r\n\t\t<\/div>\r\n\t<\/div>\r\n<\/div>\r\n\r\n<div class=\"slider-column swiper-slide\">\r\n\r\n\t<div class=\"default rt-slider-item swiper-slide rt-grid-hover-item rt-grid-item\" data-id=\"4944\">\r\n\t\t<div class=\"rt-holder tpg-post-holder\">\r\n\t\t\t<div class=\"rt-detail rt-el-content-wrapper\">\r\n\t\t\t\t\t\t\t\t\t<div class=\"rt-img-holder tpg-el-image-wrap has-thumbnail\">\r\n\t\t\t\t\t\t<a data-id=\"4944\" href=\"https:\/\/mindef.gov.cm\/sapeurs-pompiers\/deuxieme-journee-de-sensibilisation\/\" class=\"tpg-post-link\" target=\"_self\">                        <img loading=\"lazy\" decoding=\"async\" src=\"https:\/\/mindef.gov.cm\/sapeurs-pompiers\/wp-content\/uploads\/sites\/8\/2025\/04\/vente-de-carburant-1.jpg\"\n                             class=\"rt-img-responsive\"\n                             width=\"2048\"\n                             height=\"1536\"\n                             alt=\"Deuxi\u00e8me journ\u00e9e de sensibilisation des acteurs impliqu\u00e9s dans la vente de carburant dans la ville de Garoua\">\n\t\t\t\t\t\t\n\t\t\t\t\t\t\t\n\t\t<\/a>\n\t\t        <div class=\"overlay grid-hover-content\"><\/div>\n\t\t\t\t\t\t\t<\/div>\r\n\t\t\t\t\r\n\t\t\t\t<div class=\"grid-hover-content\">\r\n\t\t\t\t\t<div class=\"slider-content-inner\">\r\n\r\n\t\t\t\t\t\t<div class=\"entry-title-wrapper\"><h3 class=\"entry-title\"><a data-id=\"4944\" href=\"https:\/\/mindef.gov.cm\/sapeurs-pompiers\/deuxieme-journee-de-sensibilisation\/\" class=\"tpg-post-link\" target=\"_self\">Deuxi\u00e8me journ\u00e9e de sensibilisation des acteurs impliqu\u00e9s dans la vente de carburant dans la ville de Garoua<\/a><\/h3><\/div>\r\n\r\n\t\t\t\t\t\t\t\t\t\t\t\t\t<div class=\"post-meta-tags rt-el-post-meta\">\r\n\t\t\t\t\t\t\t\t            <span class='date'>\n\t\t\t\t<i class='flaticon-calendar '><\/i>\t\t\t\t<a href=\"https:\/\/mindef.gov.cm\/sapeurs-pompiers\/2025\/04\/25\/\">\n\t\t\t\t\t25 avril 2025\t\t\t\t<\/a>\n\t\t\t<\/span>\n\t\t\t\t\t\t\t\t\t\t<\/div>\r\n\t\t\t\t\t\t\r\n\t\t\t\t\t\t                            <div class=\"tpg-excerpt tpg-el-excerpt\">\r\n\t\t\t\t\t\t\t\t                                    <div class=\"tpg-excerpt-inner\">\r\n\t\t\t\t\t\t\t\t\t\tJeudi 24 avril 2025 entre 11h00 et 12h00, les secours de la 301e Compagnie d\u2019Incendie de Garoua ont...                                    <\/div>\r\n\t\t\t\t\t\t\t\t\t\t\t\t\t\t\t\t                            <\/div>\r\n\t\t\t\t\t\t\r\n\t\t\t\t\t\t        <div class=\"post-footer\">\n            <div class=\"post-footer\">\n                <div class=\"read-more\">\n\t\t\t\t\t<a data-id=\"4944\" href=\"https:\/\/mindef.gov.cm\/sapeurs-pompiers\/deuxieme-journee-de-sensibilisation\/\" class=\"tpg-post-link\" target=\"_self\">Lire la suite<\/a>                <\/div>\n            <\/div>\n        <\/div>\n\t\t\t\t\t\t\t<\/div>\r\n\t\t\t\t<\/div>\r\n\t\t\t<\/div>\r\n\t\t<\/div>\r\n\t<\/div>\r\n<\/div>\r\n\r\n<div class=\"slider-column swiper-slide\">\r\n\r\n\t<div class=\"default rt-slider-item swiper-slide rt-grid-hover-item rt-grid-item\" data-id=\"4902\">\r\n\t\t<div class=\"rt-holder tpg-post-holder\">\r\n\t\t\t<div class=\"rt-detail rt-el-content-wrapper\">\r\n\t\t\t\t\t\t\t\t\t<div class=\"rt-img-holder tpg-el-image-wrap has-thumbnail\">\r\n\t\t\t\t\t\t<a data-id=\"4902\" href=\"https:\/\/mindef.gov.cm\/sapeurs-pompiers\/sensibilisation-des-populations\/\" class=\"tpg-post-link\" target=\"_self\">                        <img loading=\"lazy\" decoding=\"async\" src=\"https:\/\/mindef.gov.cm\/sapeurs-pompiers\/wp-content\/uploads\/sites\/8\/2025\/04\/produits-inflammables-1.jpg\"\n                             class=\"rt-img-responsive\"\n                             width=\"2048\"\n                             height=\"931\"\n                             alt=\"Sensibilisation des populations sur le stockage des produits inflammables dans les m\u00e9nages.\">\n\t\t\t\t\t\t\n\t\t\t\t\t\t\t\n\t\t<\/a>\n\t\t        <div class=\"overlay grid-hover-content\"><\/div>\n\t\t\t\t\t\t\t<\/div>\r\n\t\t\t\t\r\n\t\t\t\t<div class=\"grid-hover-content\">\r\n\t\t\t\t\t<div class=\"slider-content-inner\">\r\n\r\n\t\t\t\t\t\t<div class=\"entry-title-wrapper\"><h3 class=\"entry-title\"><a data-id=\"4902\" href=\"https:\/\/mindef.gov.cm\/sapeurs-pompiers\/sensibilisation-des-populations\/\" class=\"tpg-post-link\" target=\"_self\">Sensibilisation des populations sur le stockage des produits inflammables dans les m\u00e9nages.<\/a><\/h3><\/div>\r\n\r\n\t\t\t\t\t\t\t\t\t\t\t\t\t<div class=\"post-meta-tags rt-el-post-meta\">\r\n\t\t\t\t\t\t\t\t            <span class='date'>\n\t\t\t\t<i class='flaticon-calendar '><\/i>\t\t\t\t<a href=\"https:\/\/mindef.gov.cm\/sapeurs-pompiers\/2025\/04\/25\/\">\n\t\t\t\t\t25 avril 2025\t\t\t\t<\/a>\n\t\t\t<\/span>\n\t\t\t\t\t\t\t\t\t\t<\/div>\r\n\t\t\t\t\t\t\r\n\t\t\t\t\t\t                            <div class=\"tpg-excerpt tpg-el-excerpt\">\r\n\t\t\t\t\t\t\t\t                                    <div class=\"tpg-excerpt-inner\">\r\n\t\t\t\t\t\t\t\t\t\tLundi 21 Avril 2025 entre 12h00 et 14h00, les Personnels de la 301e Compagnie d\u2019Incendie de Garoua...                                    <\/div>\r\n\t\t\t\t\t\t\t\t\t\t\t\t\t\t\t\t                            <\/div>\r\n\t\t\t\t\t\t\r\n\t\t\t\t\t\t        <div class=\"post-footer\">\n            <div class=\"post-footer\">\n                <div class=\"read-more\">\n\t\t\t\t\t<a data-id=\"4902\" href=\"https:\/\/mindef.gov.cm\/sapeurs-pompiers\/sensibilisation-des-populations\/\" class=\"tpg-post-link\" target=\"_self\">Lire la suite<\/a>                <\/div>\n            <\/div>\n        <\/div>\n\t\t\t\t\t\t\t<\/div>\r\n\t\t\t\t<\/div>\r\n\t\t\t<\/div>\r\n\t\t<\/div>\r\n\t<\/div>\r\n<\/div>\r\n\r\n<div class=\"slider-column swiper-slide\">\r\n\r\n\t<div class=\"default rt-slider-item swiper-slide rt-grid-hover-item rt-grid-item\" data-id=\"4862\">\r\n\t\t<div class=\"rt-holder tpg-post-holder\">\r\n\t\t\t<div class=\"rt-detail rt-el-content-wrapper\">\r\n\t\t\t\t\t\t\t\t\t<div class=\"rt-img-holder tpg-el-image-wrap has-thumbnail\">\r\n\t\t\t\t\t\t<a data-id=\"4862\" href=\"https:\/\/mindef.gov.cm\/sapeurs-pompiers\/douala-le-19-avril-2025-feu-usine-fabrication-de-matelas\/\" class=\"tpg-post-link\" target=\"_self\">                        <img loading=\"lazy\" decoding=\"async\" src=\"https:\/\/mindef.gov.cm\/sapeurs-pompiers\/wp-content\/uploads\/sites\/8\/2025\/04\/matelas-1.jpg\"\n                             class=\"rt-img-responsive\"\n                             width=\"1280\"\n                             height=\"960\"\n                             alt=\"Douala, le 19 avril 2025, feu usine fabrication de matelas\">\n\t\t\t\t\t\t\n\t\t\t\t\t\t\t\n\t\t<\/a>\n\t\t        <div class=\"overlay grid-hover-content\"><\/div>\n\t\t\t\t\t\t\t<\/div>\r\n\t\t\t\t\r\n\t\t\t\t<div class=\"grid-hover-content\">\r\n\t\t\t\t\t<div class=\"slider-content-inner\">\r\n\r\n\t\t\t\t\t\t<div class=\"entry-title-wrapper\"><h3 class=\"entry-title\"><a data-id=\"4862\" href=\"https:\/\/mindef.gov.cm\/sapeurs-pompiers\/douala-le-19-avril-2025-feu-usine-fabrication-de-matelas\/\" class=\"tpg-post-link\" target=\"_self\">Douala, le 19 avril 2025, feu usine fabrication de matelas<\/a><\/h3><\/div>\r\n\r\n\t\t\t\t\t\t\t\t\t\t\t\t\t<div class=\"post-meta-tags rt-el-post-meta\">\r\n\t\t\t\t\t\t\t\t            <span class='date'>\n\t\t\t\t<i class='flaticon-calendar '><\/i>\t\t\t\t<a href=\"https:\/\/mindef.gov.cm\/sapeurs-pompiers\/2025\/04\/21\/\">\n\t\t\t\t\t21 avril 2025\t\t\t\t<\/a>\n\t\t\t<\/span>\n\t\t\t\t\t\t\t\t\t\t<\/div>\r\n\t\t\t\t\t\t\r\n\t\t\t\t\t\t                            <div class=\"tpg-excerpt tpg-el-excerpt\">\r\n\t\t\t\t\t\t\t\t                                    <div class=\"tpg-excerpt-inner\">\r\n\t\t\t\t\t\t\t\t\t\tTr\u00e8s t\u00f4t ce samedi aux alentours de 4h00, les secours de la 201\u1d49 compagnie d\u2019incendie de Douala ont...                                    <\/div>\r\n\t\t\t\t\t\t\t\t\t\t\t\t\t\t\t\t                            <\/div>\r\n\t\t\t\t\t\t\r\n\t\t\t\t\t\t        <div class=\"post-footer\">\n            <div class=\"post-footer\">\n                <div class=\"read-more\">\n\t\t\t\t\t<a data-id=\"4862\" href=\"https:\/\/mindef.gov.cm\/sapeurs-pompiers\/douala-le-19-avril-2025-feu-usine-fabrication-de-matelas\/\" class=\"tpg-post-link\" target=\"_self\">Lire la suite<\/a>                <\/div>\n            <\/div>\n        <\/div>\n\t\t\t\t\t\t\t<\/div>\r\n\t\t\t\t<\/div>\r\n\t\t\t<\/div>\r\n\t\t<\/div>\r\n\t<\/div>\r\n<\/div>\r\n\r\n<div class=\"slider-column swiper-slide\">\r\n\r\n\t<div class=\"default rt-slider-item swiper-slide rt-grid-hover-item rt-grid-item\" data-id=\"4822\">\r\n\t\t<div class=\"rt-holder tpg-post-holder\">\r\n\t\t\t<div class=\"rt-detail rt-el-content-wrapper\">\r\n\t\t\t\t\t\t\t\t\t<div class=\"rt-img-holder tpg-el-image-wrap has-thumbnail\">\r\n\t\t\t\t\t\t<a data-id=\"4822\" href=\"https:\/\/mindef.gov.cm\/sapeurs-pompiers\/protection-des-biens-carrefour-8-garoua\/\" class=\"tpg-post-link\" target=\"_self\">                        <img loading=\"lazy\" decoding=\"async\" src=\"https:\/\/mindef.gov.cm\/sapeurs-pompiers\/wp-content\/uploads\/sites\/8\/2025\/04\/CARREFOUR-8-1.jpg\"\n                             class=\"rt-img-responsive\"\n                             width=\"2048\"\n                             height=\"934\"\n                             alt=\"PROTECTION DES BIENS CARREFOUR 8\/GAROUA\">\n\t\t\t\t\t\t\n\t\t\t\t\t\t\t\n\t\t<\/a>\n\t\t        <div class=\"overlay grid-hover-content\"><\/div>\n\t\t\t\t\t\t\t<\/div>\r\n\t\t\t\t\r\n\t\t\t\t<div class=\"grid-hover-content\">\r\n\t\t\t\t\t<div class=\"slider-content-inner\">\r\n\r\n\t\t\t\t\t\t<div class=\"entry-title-wrapper\"><h3 class=\"entry-title\"><a data-id=\"4822\" href=\"https:\/\/mindef.gov.cm\/sapeurs-pompiers\/protection-des-biens-carrefour-8-garoua\/\" class=\"tpg-post-link\" target=\"_self\">PROTECTION DES BIENS CARREFOUR 8\/GAROUA<\/a><\/h3><\/div>\r\n\r\n\t\t\t\t\t\t\t\t\t\t\t\t\t<div class=\"post-meta-tags rt-el-post-meta\">\r\n\t\t\t\t\t\t\t\t            <span class='date'>\n\t\t\t\t<i class='flaticon-calendar '><\/i>\t\t\t\t<a href=\"https:\/\/mindef.gov.cm\/sapeurs-pompiers\/2025\/04\/21\/\">\n\t\t\t\t\t21 avril 2025\t\t\t\t<\/a>\n\t\t\t<\/span>\n\t\t\t\t\t\t\t\t\t\t<\/div>\r\n\t\t\t\t\t\t\r\n\t\t\t\t\t\t                            <div class=\"tpg-excerpt tpg-el-excerpt\">\r\n\t\t\t\t\t\t\t\t                                    <div class=\"tpg-excerpt-inner\">\r\n\t\t\t\t\t\t\t\t\t\tVendredi 18 avril 2025 \u00e0 4h30, le Centre de Suivi Op\u00e9rationnel de Garoua a re\u00e7u plusieurs appels...                                    <\/div>\r\n\t\t\t\t\t\t\t\t\t\t\t\t\t\t\t\t                            <\/div>\r\n\t\t\t\t\t\t\r\n\t\t\t\t\t\t        <div class=\"post-footer\">\n            <div class=\"post-footer\">\n                <div class=\"read-more\">\n\t\t\t\t\t<a data-id=\"4822\" href=\"https:\/\/mindef.gov.cm\/sapeurs-pompiers\/protection-des-biens-carrefour-8-garoua\/\" class=\"tpg-post-link\" target=\"_self\">Lire la suite<\/a>                <\/div>\n            <\/div>\n        <\/div>\n\t\t\t\t\t\t\t<\/div>\r\n\t\t\t\t<\/div>\r\n\t\t\t<\/div>\r\n\t\t<\/div>\r\n\t<\/div>\r\n<\/div>\r\n\r\n<div class=\"slider-column swiper-slide\">\r\n\r\n\t<div class=\"default rt-slider-item swiper-slide rt-grid-hover-item rt-grid-item\" data-id=\"4768\">\r\n\t\t<div class=\"rt-holder tpg-post-holder\">\r\n\t\t\t<div class=\"rt-detail rt-el-content-wrapper\">\r\n\t\t\t\t\t\t\t\t\t<div class=\"rt-img-holder tpg-el-image-wrap has-thumbnail\">\r\n\t\t\t\t\t\t<a data-id=\"4768\" href=\"https:\/\/mindef.gov.cm\/sapeurs-pompiers\/journee-nationale-de-lorientation-scolaire-couplee-au-lancement-du-projet-damelioration-des-performances-scolaires\/\" class=\"tpg-post-link\" target=\"_self\">                        <img loading=\"lazy\" decoding=\"async\" src=\"https:\/\/mindef.gov.cm\/sapeurs-pompiers\/wp-content\/uploads\/sites\/8\/2024\/10\/Orientation-Scolaire-8.jpg\"\n                             class=\"rt-img-responsive\"\n                             width=\"1080\"\n                             height=\"486\"\n                             alt=\"Journ\u00e9e Nationale de l&#8217;Orientation Scolaire coupl\u00e9e au lancement du projet d&#8217;am\u00e9lioration des performances scolaires\">\n\t\t\t\t\t\t\n\t\t\t\t\t\t\t\n\t\t<\/a>\n\t\t        <div class=\"overlay grid-hover-content\"><\/div>\n\t\t\t\t\t\t\t<\/div>\r\n\t\t\t\t\r\n\t\t\t\t<div class=\"grid-hover-content\">\r\n\t\t\t\t\t<div class=\"slider-content-inner\">\r\n\r\n\t\t\t\t\t\t<div class=\"entry-title-wrapper\"><h3 class=\"entry-title\"><a data-id=\"4768\" href=\"https:\/\/mindef.gov.cm\/sapeurs-pompiers\/journee-nationale-de-lorientation-scolaire-couplee-au-lancement-du-projet-damelioration-des-performances-scolaires\/\" class=\"tpg-post-link\" target=\"_self\">Journ\u00e9e Nationale de l&#8217;Orientation Scolaire coupl\u00e9e au lancement du projet d&#8217;am\u00e9lioration des performances scolaires<\/a><\/h3><\/div>\r\n\r\n\t\t\t\t\t\t\t\t\t\t\t\t\t<div class=\"post-meta-tags rt-el-post-meta\">\r\n\t\t\t\t\t\t\t\t            <span class='date'>\n\t\t\t\t<i class='flaticon-calendar '><\/i>\t\t\t\t<a href=\"https:\/\/mindef.gov.cm\/sapeurs-pompiers\/2024\/10\/21\/\">\n\t\t\t\t\t21 octobre 2024\t\t\t\t<\/a>\n\t\t\t<\/span>\n\t\t\t\t\t\t\t\t\t\t<\/div>\r\n\t\t\t\t\t\t\r\n\t\t\t\t\t\t                            <div class=\"tpg-excerpt tpg-el-excerpt\">\r\n\t\t\t\t\t\t\t\t                                    <div class=\"tpg-excerpt-inner\">\r\n\t\t\t\t\t\t\t\t\t\tLancement de la 22e Journ\u00e9e Nationale de l'Orientation Scolaire coupl\u00e9e au lancement du projet...                                    <\/div>\r\n\t\t\t\t\t\t\t\t\t\t\t\t\t\t\t\t                            <\/div>\r\n\t\t\t\t\t\t\r\n\t\t\t\t\t\t        <div class=\"post-footer\">\n            <div class=\"post-footer\">\n                <div class=\"read-more\">\n\t\t\t\t\t<a data-id=\"4768\" href=\"https:\/\/mindef.gov.cm\/sapeurs-pompiers\/journee-nationale-de-lorientation-scolaire-couplee-au-lancement-du-projet-damelioration-des-performances-scolaires\/\" class=\"tpg-post-link\" target=\"_self\">Lire la suite<\/a>                <\/div>\n            <\/div>\n        <\/div>\n\t\t\t\t\t\t\t<\/div>\r\n\t\t\t\t<\/div>\r\n\t\t\t<\/div>\r\n\t\t<\/div>\r\n\t<\/div>\r\n<\/div>\r\n                    <\/div>\n\n                <\/div>\n\n\n\t\t\t\t\n\t\t\t\t                    <div class=\"slider-thumb-main-wrapper\">\n                        <div class=\"swiper-thumb-wrapper gallery-thumbs swiper\">\n                            <div class=\"swiper-wrapper\">\n\t\t\t\t\t\t\t\t                                        <div class=\"swiper-slide\">\n                                            <div class=\"post-thumbnail-wrap\">\n                                                <div class=\"p-thumbnail\">\n\t\t\t\t\t\t\t\t\t\t\t\t\t<img loading=\"lazy\" decoding=\"async\" width=\"150\" height=\"150\" src=\"https:\/\/mindef.gov.cm\/sapeurs-pompiers\/wp-content\/uploads\/sites\/8\/2025\/11\/\ud835\udc2c\ud835\udc1a\ud835\udc2e\ud835\udc2f\ud835\udc1e\ud835\udc2b-\ud835\udc1d\ud835\udc1e\ud835\udc2c-\ud835\udc2f\ud835\udc22\ud835\udc1e\ud835\udc2c-1-150x150.jpg\" class=\"attachment-thumbnail size-thumbnail wp-post-image\" alt=\"\" \/>                                                <\/div>\n                                                <div class=\"p-content\">\n                                                    <div class=\"post-taxonomy\">\n\t\t\t\t\t\t\t\t\t\t\t\t\t\t<a class=\"scroll\" style=\"\" href=\"https:\/\/mindef.gov.cm\/sapeurs-pompiers\/category\/scroll\/\" rel=\"tag\">scroll<\/a>                                                    <\/div>\n                                                    <h3 class=\"thumb-title\">Pour sauver des vies, il faut rester pr\u00eat, inform\u00e9 et exigeant \u2026<\/h3>\n\t\t\t\t\t\t\t\t\t\t\t\t\t                                                        <div class=\"post-meta-tags rt-el-post-meta\">\n\t\t\t\t\t\t\t\t\t\t\t\t\t\t\t            <span class='date'>\n\t\t\t\t<i class='flaticon-calendar '><\/i>\t\t\t\t<a href=\"https:\/\/mindef.gov.cm\/sapeurs-pompiers\/2025\/11\/27\/\">\n\t\t\t\t\t27 novembre 2025\t\t\t\t<\/a>\n\t\t\t<\/span>\n\t\t\t                                                        <\/div>\n\t\t\t\t\t\t\t\t\t\t\t\t\t                                                <\/div>\n                                            <\/div>\n                                        <\/div>\n\t\t\t\t\t\t\t\t\t\t                                        <div class=\"swiper-slide\">\n                                            <div class=\"post-thumbnail-wrap\">\n                                                <div class=\"p-thumbnail\">\n\t\t\t\t\t\t\t\t\t\t\t\t\t<img loading=\"lazy\" decoding=\"async\" width=\"150\" height=\"150\" src=\"https:\/\/mindef.gov.cm\/sapeurs-pompiers\/wp-content\/uploads\/sites\/8\/2025\/11\/Nkongsamba-1-150x150.jpg\" class=\"attachment-thumbnail size-thumbnail wp-post-image\" alt=\"\" \/>                                                <\/div>\n                                                <div class=\"p-content\">\n                                                    <div class=\"post-taxonomy\">\n\t\t\t\t\t\t\t\t\t\t\t\t\t\t<a class=\"scroll\" style=\"\" href=\"https:\/\/mindef.gov.cm\/sapeurs-pompiers\/category\/scroll\/\" rel=\"tag\">scroll<\/a>                                                    <\/div>\n                                                    <h3 class=\"thumb-title\">*Contr\u00f4le d\u2019Aptitude Op\u00e9rationnelle au Centre de Secours de Nkongsamba*<\/h3>\n\t\t\t\t\t\t\t\t\t\t\t\t\t                                                        <div class=\"post-meta-tags rt-el-post-meta\">\n\t\t\t\t\t\t\t\t\t\t\t\t\t\t\t            <span class='date'>\n\t\t\t\t<i class='flaticon-calendar '><\/i>\t\t\t\t<a href=\"https:\/\/mindef.gov.cm\/sapeurs-pompiers\/2025\/11\/27\/\">\n\t\t\t\t\t27 novembre 2025\t\t\t\t<\/a>\n\t\t\t<\/span>\n\t\t\t                                                        <\/div>\n\t\t\t\t\t\t\t\t\t\t\t\t\t                                                <\/div>\n                                            <\/div>\n                                        <\/div>\n\t\t\t\t\t\t\t\t\t\t                                        <div class=\"swiper-slide\">\n                                            <div class=\"post-thumbnail-wrap\">\n                                                <div class=\"p-thumbnail\">\n\t\t\t\t\t\t\t\t\t\t\t\t\t<img loading=\"lazy\" decoding=\"async\" width=\"150\" height=\"150\" src=\"https:\/\/mindef.gov.cm\/sapeurs-pompiers\/wp-content\/uploads\/sites\/8\/2025\/09\/RADIE-Palar.-4-150x150.jpg\" class=\"attachment-thumbnail size-thumbnail wp-post-image\" alt=\"\" \/>                                                <\/div>\n                                                <div class=\"p-content\">\n                                                    <div class=\"post-taxonomy\">\n\t\t\t\t\t\t\t\t\t\t\t\t\t\t<a class=\"interventions-marquantes\" style=\"\" href=\"https:\/\/mindef.gov.cm\/sapeurs-pompiers\/category\/interventions-marquantes\/\" rel=\"tag\">INTERVENTIONS MARQUANTES<\/a><a class=\"scroll\" style=\"\" href=\"https:\/\/mindef.gov.cm\/sapeurs-pompiers\/category\/scroll\/\" rel=\"tag\">scroll<\/a>                                                    <\/div>\n                                                    <h3 class=\"thumb-title\">NOYADE DANS LES EAUX DU RADI\u00c9 Palar.<\/h3>\n\t\t\t\t\t\t\t\t\t\t\t\t\t                                                        <div class=\"post-meta-tags rt-el-post-meta\">\n\t\t\t\t\t\t\t\t\t\t\t\t\t\t\t            <span class='date'>\n\t\t\t\t<i class='flaticon-calendar '><\/i>\t\t\t\t<a href=\"https:\/\/mindef.gov.cm\/sapeurs-pompiers\/2025\/09\/24\/\">\n\t\t\t\t\t24 septembre 2025\t\t\t\t<\/a>\n\t\t\t<\/span>\n\t\t\t                                                        <\/div>\n\t\t\t\t\t\t\t\t\t\t\t\t\t                                                <\/div>\n                                            <\/div>\n                                        <\/div>\n\t\t\t\t\t\t\t\t\t\t                                        <div class=\"swiper-slide\">\n                                            <div class=\"post-thumbnail-wrap\">\n                                                <div class=\"p-thumbnail\">\n\t\t\t\t\t\t\t\t\t\t\t\t\t<img loading=\"lazy\" decoding=\"async\" width=\"150\" height=\"150\" src=\"https:\/\/mindef.gov.cm\/sapeurs-pompiers\/wp-content\/uploads\/sites\/8\/2025\/09\/IMG-20250922-WA0026-150x150.jpg\" class=\"attachment-thumbnail size-thumbnail wp-post-image\" alt=\"\" \/>                                                <\/div>\n                                                <div class=\"p-content\">\n                                                    <div class=\"post-taxonomy\">\n\t\t\t\t\t\t\t\t\t\t\t\t\t\t<a class=\"interventions-marquantes\" style=\"\" href=\"https:\/\/mindef.gov.cm\/sapeurs-pompiers\/category\/interventions-marquantes\/\" rel=\"tag\">INTERVENTIONS MARQUANTES<\/a><a class=\"scroll\" style=\"\" href=\"https:\/\/mindef.gov.cm\/sapeurs-pompiers\/category\/scroll\/\" rel=\"tag\">scroll<\/a>                                                    <\/div>\n                                                    <h3 class=\"thumb-title\">Campagne de Consultation au Centre M\u00e9dical du 10e Groupement de Sapeurs-Pompiers sis a MIMBOMAN Terminus du 25 au 28 Septembre 2025.<\/h3>\n\t\t\t\t\t\t\t\t\t\t\t\t\t                                                        <div class=\"post-meta-tags rt-el-post-meta\">\n\t\t\t\t\t\t\t\t\t\t\t\t\t\t\t            <span class='date'>\n\t\t\t\t<i class='flaticon-calendar '><\/i>\t\t\t\t<a href=\"https:\/\/mindef.gov.cm\/sapeurs-pompiers\/2025\/09\/23\/\">\n\t\t\t\t\t23 septembre 2025\t\t\t\t<\/a>\n\t\t\t<\/span>\n\t\t\t                                                        <\/div>\n\t\t\t\t\t\t\t\t\t\t\t\t\t                                                <\/div>\n                                            <\/div>\n                                        <\/div>\n\t\t\t\t\t\t\t\t\t\t                                        <div class=\"swiper-slide\">\n                                            <div class=\"post-thumbnail-wrap\">\n                                                <div class=\"p-thumbnail\">\n\t\t\t\t\t\t\t\t\t\t\t\t\t<img loading=\"lazy\" decoding=\"async\" width=\"150\" height=\"150\" src=\"https:\/\/mindef.gov.cm\/sapeurs-pompiers\/wp-content\/uploads\/sites\/8\/2025\/09\/sapeur-150x150.jpg\" class=\"attachment-thumbnail size-thumbnail wp-post-image\" alt=\"\" \/>                                                <\/div>\n                                                <div class=\"p-content\">\n                                                    <div class=\"post-taxonomy\">\n\t\t\t\t\t\t\t\t\t\t\t\t\t\t<a class=\"interventions-marquantes\" style=\"\" href=\"https:\/\/mindef.gov.cm\/sapeurs-pompiers\/category\/interventions-marquantes\/\" rel=\"tag\">INTERVENTIONS MARQUANTES<\/a><a class=\"scroll\" style=\"\" href=\"https:\/\/mindef.gov.cm\/sapeurs-pompiers\/category\/scroll\/\" rel=\"tag\">scroll<\/a>                                                    <\/div>\n                                                    <h3 class=\"thumb-title\">Rentr\u00e9e Scolaire: Prot\u00e9geons nos enfants avant tout!<\/h3>\n\t\t\t\t\t\t\t\t\t\t\t\t\t                                                        <div class=\"post-meta-tags rt-el-post-meta\">\n\t\t\t\t\t\t\t\t\t\t\t\t\t\t\t            <span class='date'>\n\t\t\t\t<i class='flaticon-calendar '><\/i>\t\t\t\t<a href=\"https:\/\/mindef.gov.cm\/sapeurs-pompiers\/2025\/09\/09\/\">\n\t\t\t\t\t9 septembre 2025\t\t\t\t<\/a>\n\t\t\t<\/span>\n\t\t\t                                                        <\/div>\n\t\t\t\t\t\t\t\t\t\t\t\t\t                                                <\/div>\n                                            <\/div>\n                                        <\/div>\n\t\t\t\t\t\t\t\t\t\t                                        <div class=\"swiper-slide\">\n                                            <div class=\"post-thumbnail-wrap\">\n                                                <div class=\"p-thumbnail\">\n\t\t\t\t\t\t\t\t\t\t\t\t\t<img loading=\"lazy\" decoding=\"async\" width=\"150\" height=\"150\" src=\"https:\/\/mindef.gov.cm\/sapeurs-pompiers\/wp-content\/uploads\/sites\/8\/2025\/04\/vente-de-carburant-1-150x150.jpg\" class=\"attachment-thumbnail size-thumbnail wp-post-image\" alt=\"\" \/>                                                <\/div>\n                                                <div class=\"p-content\">\n                                                    <div class=\"post-taxonomy\">\n\t\t\t\t\t\t\t\t\t\t\t\t\t\t<a class=\"interventions-marquantes\" style=\"\" href=\"https:\/\/mindef.gov.cm\/sapeurs-pompiers\/category\/interventions-marquantes\/\" rel=\"tag\">INTERVENTIONS MARQUANTES<\/a><a class=\"scroll\" style=\"\" href=\"https:\/\/mindef.gov.cm\/sapeurs-pompiers\/category\/scroll\/\" rel=\"tag\">scroll<\/a>                                                    <\/div>\n                                                    <h3 class=\"thumb-title\">Deuxi\u00e8me journ\u00e9e de sensibilisation des acteurs impliqu\u00e9s dans la vente de carburant dans la ville de Garoua<\/h3>\n\t\t\t\t\t\t\t\t\t\t\t\t\t                                                        <div class=\"post-meta-tags rt-el-post-meta\">\n\t\t\t\t\t\t\t\t\t\t\t\t\t\t\t            <span class='date'>\n\t\t\t\t<i class='flaticon-calendar '><\/i>\t\t\t\t<a href=\"https:\/\/mindef.gov.cm\/sapeurs-pompiers\/2025\/04\/25\/\">\n\t\t\t\t\t25 avril 2025\t\t\t\t<\/a>\n\t\t\t<\/span>\n\t\t\t                                                        <\/div>\n\t\t\t\t\t\t\t\t\t\t\t\t\t                                                <\/div>\n                                            <\/div>\n                                        <\/div>\n\t\t\t\t\t\t\t\t\t\t                                        <div class=\"swiper-slide\">\n                                            <div class=\"post-thumbnail-wrap\">\n                                                <div class=\"p-thumbnail\">\n\t\t\t\t\t\t\t\t\t\t\t\t\t<img loading=\"lazy\" decoding=\"async\" width=\"150\" height=\"150\" src=\"https:\/\/mindef.gov.cm\/sapeurs-pompiers\/wp-content\/uploads\/sites\/8\/2025\/04\/produits-inflammables-1-150x150.jpg\" class=\"attachment-thumbnail size-thumbnail wp-post-image\" alt=\"\" \/>                                                <\/div>\n                                                <div class=\"p-content\">\n                                                    <div class=\"post-taxonomy\">\n\t\t\t\t\t\t\t\t\t\t\t\t\t\t<a class=\"interventions-marquantes\" style=\"\" href=\"https:\/\/mindef.gov.cm\/sapeurs-pompiers\/category\/interventions-marquantes\/\" rel=\"tag\">INTERVENTIONS MARQUANTES<\/a><a class=\"scroll\" style=\"\" href=\"https:\/\/mindef.gov.cm\/sapeurs-pompiers\/category\/scroll\/\" rel=\"tag\">scroll<\/a>                                                    <\/div>\n                                                    <h3 class=\"thumb-title\">Sensibilisation des populations sur le stockage des produits inflammables dans les m\u00e9nages.<\/h3>\n\t\t\t\t\t\t\t\t\t\t\t\t\t                                                        <div class=\"post-meta-tags rt-el-post-meta\">\n\t\t\t\t\t\t\t\t\t\t\t\t\t\t\t            <span class='date'>\n\t\t\t\t<i class='flaticon-calendar '><\/i>\t\t\t\t<a href=\"https:\/\/mindef.gov.cm\/sapeurs-pompiers\/2025\/04\/25\/\">\n\t\t\t\t\t25 avril 2025\t\t\t\t<\/a>\n\t\t\t<\/span>\n\t\t\t                                                        <\/div>\n\t\t\t\t\t\t\t\t\t\t\t\t\t                                                <\/div>\n                                            <\/div>\n                                        <\/div>\n\t\t\t\t\t\t\t\t\t\t                                        <div class=\"swiper-slide\">\n                                            <div class=\"post-thumbnail-wrap\">\n                                                <div class=\"p-thumbnail\">\n\t\t\t\t\t\t\t\t\t\t\t\t\t<img loading=\"lazy\" decoding=\"async\" width=\"150\" height=\"150\" src=\"https:\/\/mindef.gov.cm\/sapeurs-pompiers\/wp-content\/uploads\/sites\/8\/2025\/04\/matelas-1-150x150.jpg\" class=\"attachment-thumbnail size-thumbnail wp-post-image\" alt=\"\" \/>                                                <\/div>\n                                                <div class=\"p-content\">\n                                                    <div class=\"post-taxonomy\">\n\t\t\t\t\t\t\t\t\t\t\t\t\t\t<a class=\"interventions-marquantes\" style=\"\" href=\"https:\/\/mindef.gov.cm\/sapeurs-pompiers\/category\/interventions-marquantes\/\" rel=\"tag\">INTERVENTIONS MARQUANTES<\/a><a class=\"scroll\" style=\"\" href=\"https:\/\/mindef.gov.cm\/sapeurs-pompiers\/category\/scroll\/\" rel=\"tag\">scroll<\/a>                                                    <\/div>\n                                                    <h3 class=\"thumb-title\">Douala, le 19 avril 2025, feu usine fabrication de matelas<\/h3>\n\t\t\t\t\t\t\t\t\t\t\t\t\t                                                        <div class=\"post-meta-tags rt-el-post-meta\">\n\t\t\t\t\t\t\t\t\t\t\t\t\t\t\t            <span class='date'>\n\t\t\t\t<i class='flaticon-calendar '><\/i>\t\t\t\t<a href=\"https:\/\/mindef.gov.cm\/sapeurs-pompiers\/2025\/04\/21\/\">\n\t\t\t\t\t21 avril 2025\t\t\t\t<\/a>\n\t\t\t<\/span>\n\t\t\t                                                        <\/div>\n\t\t\t\t\t\t\t\t\t\t\t\t\t                                                <\/div>\n                                            <\/div>\n                                        <\/div>\n\t\t\t\t\t\t\t\t\t\t                                        <div class=\"swiper-slide\">\n                                            <div class=\"post-thumbnail-wrap\">\n                                                <div class=\"p-thumbnail\">\n\t\t\t\t\t\t\t\t\t\t\t\t\t<img loading=\"lazy\" decoding=\"async\" width=\"150\" height=\"150\" src=\"https:\/\/mindef.gov.cm\/sapeurs-pompiers\/wp-content\/uploads\/sites\/8\/2025\/04\/CARREFOUR-8-1-150x150.jpg\" class=\"attachment-thumbnail size-thumbnail wp-post-image\" alt=\"\" \/>                                                <\/div>\n                                                <div class=\"p-content\">\n                                                    <div class=\"post-taxonomy\">\n\t\t\t\t\t\t\t\t\t\t\t\t\t\t<a class=\"interventions-marquantes\" style=\"\" href=\"https:\/\/mindef.gov.cm\/sapeurs-pompiers\/category\/interventions-marquantes\/\" rel=\"tag\">INTERVENTIONS MARQUANTES<\/a><a class=\"scroll\" style=\"\" href=\"https:\/\/mindef.gov.cm\/sapeurs-pompiers\/category\/scroll\/\" rel=\"tag\">scroll<\/a>                                                    <\/div>\n                                                    <h3 class=\"thumb-title\">PROTECTION DES BIENS CARREFOUR 8\/GAROUA<\/h3>\n\t\t\t\t\t\t\t\t\t\t\t\t\t                                                        <div class=\"post-meta-tags rt-el-post-meta\">\n\t\t\t\t\t\t\t\t\t\t\t\t\t\t\t            <span class='date'>\n\t\t\t\t<i class='flaticon-calendar '><\/i>\t\t\t\t<a href=\"https:\/\/mindef.gov.cm\/sapeurs-pompiers\/2025\/04\/21\/\">\n\t\t\t\t\t21 avril 2025\t\t\t\t<\/a>\n\t\t\t<\/span>\n\t\t\t                                                        <\/div>\n\t\t\t\t\t\t\t\t\t\t\t\t\t                                                <\/div>\n                                            <\/div>\n                                        <\/div>\n\t\t\t\t\t\t\t\t\t\t                                        <div class=\"swiper-slide\">\n                                            <div class=\"post-thumbnail-wrap\">\n                                                <div class=\"p-thumbnail\">\n\t\t\t\t\t\t\t\t\t\t\t\t\t<img loading=\"lazy\" decoding=\"async\" width=\"150\" height=\"150\" src=\"https:\/\/mindef.gov.cm\/sapeurs-pompiers\/wp-content\/uploads\/sites\/8\/2024\/10\/Orientation-Scolaire-8-150x150.jpg\" class=\"attachment-thumbnail size-thumbnail wp-post-image\" alt=\"\" \/>                                                <\/div>\n                                                <div class=\"p-content\">\n                                                    <div class=\"post-taxonomy\">\n\t\t\t\t\t\t\t\t\t\t\t\t\t\t<a class=\"interventions-marquantes\" style=\"\" href=\"https:\/\/mindef.gov.cm\/sapeurs-pompiers\/category\/interventions-marquantes\/\" rel=\"tag\">INTERVENTIONS MARQUANTES<\/a><a class=\"scroll\" style=\"\" href=\"https:\/\/mindef.gov.cm\/sapeurs-pompiers\/category\/scroll\/\" rel=\"tag\">scroll<\/a>                                                    <\/div>\n                                                    <h3 class=\"thumb-title\">Journ\u00e9e Nationale de l&#8217;Orientation Scolaire coupl\u00e9e au lancement du projet d&#8217;am\u00e9lioration des performances scolaires<\/h3>\n\t\t\t\t\t\t\t\t\t\t\t\t\t                                                        <div class=\"post-meta-tags rt-el-post-meta\">\n\t\t\t\t\t\t\t\t\t\t\t\t\t\t\t            <span class='date'>\n\t\t\t\t<i class='flaticon-calendar '><\/i>\t\t\t\t<a href=\"https:\/\/mindef.gov.cm\/sapeurs-pompiers\/2024\/10\/21\/\">\n\t\t\t\t\t21 octobre 2024\t\t\t\t<\/a>\n\t\t\t<\/span>\n\t\t\t                                                        <\/div>\n\t\t\t\t\t\t\t\t\t\t\t\t\t                                                <\/div>\n                                            <\/div>\n                                        <\/div>\n\t\t\t\t\t\t\t\t\t\t                            <\/div>\n                            <div class=\"swiper-thumb-pagination\"><\/div>\n                        <\/div>\n                    <\/div>\n\t\t\t\t            <\/div>\n        <\/div>\n\t\t\t\t<\/div>\n\t\t\t\t<\/div>\n\t\t\t\t\t<\/div>\n\t\t<\/div>\n\t\t\t\t\t<\/div>\n\t\t<\/section>\n\t\t\t\t<section class=\"elementor-section elementor-top-section elementor-element elementor-element-4ad5c69 elementor-section-full_width elementor-section-height-default elementor-section-height-default\" data-id=\"4ad5c69\" data-element_type=\"section\" data-settings=\"{&quot;background_background&quot;:&quot;classic&quot;}\">\n\t\t\t\t\t\t<div class=\"elementor-container elementor-column-gap-default\">\n\t\t\t\t\t<div class=\"elementor-column elementor-col-50 elementor-top-column elementor-element elementor-element-8508f29\" data-id=\"8508f29\" data-element_type=\"column\">\n\t\t\t<div class=\"elementor-widget-wrap elementor-element-populated\">\n\t\t\t\t\t\t<div class=\"elementor-element elementor-element-a16bf8d elementor-widget elementor-widget-google_maps\" data-id=\"a16bf8d\" data-element_type=\"widget\" data-widget_type=\"google_maps.default\">\n\t\t\t\t<div class=\"elementor-widget-container\">\n\t\t\t\t\t<div class=\"elementor-custom-embed\">\n\t\t\t<iframe loading=\"lazy\"\n\t\t\t\t\tsrc=\"https:\/\/maps.google.com\/maps?q=yaounde%20sappeurs%20pompiers%20&#038;t=m&#038;z=10&#038;output=embed&#038;iwloc=near\"\n\t\t\t\t\ttitle=\"yaounde sappeurs pompiers \"\n\t\t\t\t\taria-label=\"yaounde sappeurs pompiers \"\n\t\t\t><\/iframe>\n\t\t<\/div>\n\t\t\t\t<\/div>\n\t\t\t\t<\/div>\n\t\t\t\t\t<\/div>\n\t\t<\/div>\n\t\t\t\t<div class=\"elementor-column elementor-col-50 elementor-top-column elementor-element elementor-element-ff6137b\" data-id=\"ff6137b\" data-element_type=\"column\">\n\t\t\t<div class=\"elementor-widget-wrap elementor-element-populated\">\n\t\t\t\t\t\t<div class=\"elementor-element elementor-element-55300a9 elementor-widget elementor-widget-image\" data-id=\"55300a9\" data-element_type=\"widget\" data-widget_type=\"image.default\">\n\t\t\t\t<div class=\"elementor-widget-container\">\n\t\t\t\t\t\t\t\t\t\t\t\t\t<img loading=\"lazy\" decoding=\"async\" width=\"403\" height=\"284\" src=\"https:\/\/mindef.gov.cm\/sapeurs-pompiers\/wp-content\/uploads\/sites\/8\/2023\/11\/numeros-utiles-CNSP-01.jpg\" class=\"attachment-full size-full wp-image-2420\" alt=\"\" \/>\t\t\t\t\t\t\t\t\t\t\t\t\t<\/div>\n\t\t\t\t<\/div>\n\t\t\t\t\t<\/div>\n\t\t<\/div>\n\t\t\t\t\t<\/div>\n\t\t<\/section>\n\t\t\t\t<\/div>\n\t\t","protected":false},"excerpt":{"rendered":"<p>SAPEURS-POMPIERS NATIONAL FIRE BRIGADE Nos valeurs Consulter Nos missions Consulter Publications Consulter GD MAHAMAT AHMED KOTOKO Commandant du Corps National des Sapeurs Pompiers Commander Of the National Fire Brigade Consultez la Biographie du Commandant Actualit\u00e9s Pour sauver des vies, il faut rester pr\u00eat, inform\u00e9 et exigeant \u2026 27 novembre 2025 C&#8217;est conscients de cela que [&hellip;]<\/p>\n","protected":false},"author":1,"featured_media":0,"parent":0,"menu_order":0,"comment_status":"closed","ping_status":"closed","template":"","meta":{"footnotes":""},"class_list":["post-123","page","type-page","status-publish","hentry"],"yoast_head":"<!-- This site is optimized with the Yoast SEO plugin v23.3 - https:\/\/yoast.com\/wordpress\/plugins\/seo\/ -->\n<title>accueil - Sapeurs Pompiers<\/title>\n<meta name=\"robots\" content=\"index, follow, max-snippet:-1, max-image-preview:large, max-video-preview:-1\" \/>\n<link rel=\"canonical\" href=\"https:\/\/mindef.gov.cm\/sapeurs-pompiers\/\" \/>\n<meta property=\"og:locale\" content=\"fr_FR\" \/>\n<meta property=\"og:type\" content=\"article\" \/>\n<meta property=\"og:title\" content=\"accueil - Sapeurs Pompiers\" \/>\n<meta property=\"og:description\" content=\"SAPEURS-POMPIERS NATIONAL FIRE BRIGADE Nos valeurs Consulter Nos missions Consulter Publications Consulter GD MAHAMAT AHMED KOTOKO Commandant du Corps National des Sapeurs Pompiers Commander Of the National Fire Brigade Consultez la Biographie du Commandant Actualit\u00e9s Pour sauver des vies, il faut rester pr\u00eat, inform\u00e9 et exigeant \u2026 27 novembre 2025 C&#8217;est conscients de cela que [&hellip;]\" \/>\n<meta property=\"og:url\" content=\"https:\/\/mindef.gov.cm\/sapeurs-pompiers\/\" \/>\n<meta property=\"og:site_name\" content=\"Sapeurs Pompiers\" \/>\n<meta property=\"article:modified_time\" content=\"2025-12-08T13:04:26+00:00\" \/>\n<meta property=\"og:image\" content=\"https:\/\/mindef.gov.cm\/sapeurs-pompiers\/wp-content\/uploads\/sites\/8\/2025\/11\/Nkongsamba-1-768x576.jpg\" \/>\n<meta name=\"twitter:card\" content=\"summary_large_image\" \/>\n<meta name=\"twitter:label1\" content=\"Dur\u00e9e de lecture estim\u00e9e\" \/>\n\t<meta name=\"twitter:data1\" content=\"25 minutes\" \/>\n<script type=\"application\/ld+json\" class=\"yoast-schema-graph\">{\"@context\":\"https:\/\/schema.org\",\"@graph\":[{\"@type\":\"WebPage\",\"@id\":\"https:\/\/mindef.gov.cm\/sapeurs-pompiers\/\",\"url\":\"https:\/\/mindef.gov.cm\/sapeurs-pompiers\/\",\"name\":\"accueil - Sapeurs Pompiers\",\"isPartOf\":{\"@id\":\"https:\/\/mindef.gov.cm\/sapeurs-pompiers\/#website\"},\"primaryImageOfPage\":{\"@id\":\"https:\/\/mindef.gov.cm\/sapeurs-pompiers\/#primaryimage\"},\"image\":{\"@id\":\"https:\/\/mindef.gov.cm\/sapeurs-pompiers\/#primaryimage\"},\"thumbnailUrl\":\"https:\/\/mindef.gov.cm\/sapeurs-pompiers\/wp-content\/uploads\/sites\/8\/2025\/11\/Nkongsamba-1-768x576.jpg\",\"datePublished\":\"2023-07-27T14:40:57+00:00\",\"dateModified\":\"2025-12-08T13:04:26+00:00\",\"breadcrumb\":{\"@id\":\"https:\/\/mindef.gov.cm\/sapeurs-pompiers\/#breadcrumb\"},\"inLanguage\":\"fr-FR\",\"potentialAction\":[{\"@type\":\"ReadAction\",\"target\":[\"https:\/\/mindef.gov.cm\/sapeurs-pompiers\/\"]}]},{\"@type\":\"ImageObject\",\"inLanguage\":\"fr-FR\",\"@id\":\"https:\/\/mindef.gov.cm\/sapeurs-pompiers\/#primaryimage\",\"url\":\"https:\/\/mindef.gov.cm\/sapeurs-pompiers\/wp-content\/uploads\/sites\/8\/2025\/11\/Nkongsamba-1.jpg\",\"contentUrl\":\"https:\/\/mindef.gov.cm\/sapeurs-pompiers\/wp-content\/uploads\/sites\/8\/2025\/11\/Nkongsamba-1.jpg\",\"width\":1280,\"height\":960},{\"@type\":\"BreadcrumbList\",\"@id\":\"https:\/\/mindef.gov.cm\/sapeurs-pompiers\/#breadcrumb\",\"itemListElement\":[{\"@type\":\"ListItem\",\"position\":1,\"name\":\"Home\",\"item\":\"https:\/\/mindef.gov.cm\/sapeurs-pompiers\/\"},{\"@type\":\"ListItem\",\"position\":2,\"name\":\"accueil\"}]},{\"@type\":\"WebSite\",\"@id\":\"https:\/\/mindef.gov.cm\/sapeurs-pompiers\/#website\",\"url\":\"https:\/\/mindef.gov.cm\/sapeurs-pompiers\/\",\"name\":\"Sapeurs Pompiers\",\"description\":\"\",\"publisher\":{\"@id\":\"https:\/\/mindef.gov.cm\/sapeurs-pompiers\/#organization\"},\"potentialAction\":[{\"@type\":\"SearchAction\",\"target\":{\"@type\":\"EntryPoint\",\"urlTemplate\":\"https:\/\/mindef.gov.cm\/sapeurs-pompiers\/?s={search_term_string}\"},\"query-input\":\"required name=search_term_string\"}],\"inLanguage\":\"fr-FR\"},{\"@type\":\"Organization\",\"@id\":\"https:\/\/mindef.gov.cm\/sapeurs-pompiers\/#organization\",\"name\":\"Sapeurs Pompiers\",\"url\":\"https:\/\/mindef.gov.cm\/sapeurs-pompiers\/\",\"logo\":{\"@type\":\"ImageObject\",\"inLanguage\":\"fr-FR\",\"@id\":\"https:\/\/mindef.gov.cm\/sapeurs-pompiers\/#\/schema\/logo\/image\/\",\"url\":\"https:\/\/mindef.gov.cm\/sapeurs-pompiers\/wp-content\/uploads\/sites\/8\/2023\/07\/Logo-Mindef-fr.jpg\",\"contentUrl\":\"https:\/\/mindef.gov.cm\/sapeurs-pompiers\/wp-content\/uploads\/sites\/8\/2023\/07\/Logo-Mindef-fr.jpg\",\"width\":1324,\"height\":298,\"caption\":\"Sapeurs Pompiers\"},\"image\":{\"@id\":\"https:\/\/mindef.gov.cm\/sapeurs-pompiers\/#\/schema\/logo\/image\/\"}}]}<\/script>\n<!-- \/ Yoast SEO plugin. -->","yoast_head_json":{"title":"accueil - Sapeurs Pompiers","robots":{"index":"index","follow":"follow","max-snippet":"max-snippet:-1","max-image-preview":"max-image-preview:large","max-video-preview":"max-video-preview:-1"},"canonical":"https:\/\/mindef.gov.cm\/sapeurs-pompiers\/","og_locale":"fr_FR","og_type":"article","og_title":"accueil - Sapeurs Pompiers","og_description":"SAPEURS-POMPIERS NATIONAL FIRE BRIGADE Nos valeurs Consulter Nos missions Consulter Publications Consulter GD MAHAMAT AHMED KOTOKO Commandant du Corps National des Sapeurs Pompiers Commander Of the National Fire Brigade Consultez la Biographie du Commandant Actualit\u00e9s Pour sauver des vies, il faut rester pr\u00eat, inform\u00e9 et exigeant \u2026 27 novembre 2025 C&#8217;est conscients de cela que [&hellip;]","og_url":"https:\/\/mindef.gov.cm\/sapeurs-pompiers\/","og_site_name":"Sapeurs Pompiers","article_modified_time":"2025-12-08T13:04:26+00:00","og_image":[{"url":"https:\/\/mindef.gov.cm\/sapeurs-pompiers\/wp-content\/uploads\/sites\/8\/2025\/11\/Nkongsamba-1-768x576.jpg"}],"twitter_card":"summary_large_image","twitter_misc":{"Dur\u00e9e de lecture estim\u00e9e":"25 minutes"},"schema":{"@context":"https:\/\/schema.org","@graph":[{"@type":"WebPage","@id":"https:\/\/mindef.gov.cm\/sapeurs-pompiers\/","url":"https:\/\/mindef.gov.cm\/sapeurs-pompiers\/","name":"accueil - Sapeurs Pompiers","isPartOf":{"@id":"https:\/\/mindef.gov.cm\/sapeurs-pompiers\/#website"},"primaryImageOfPage":{"@id":"https:\/\/mindef.gov.cm\/sapeurs-pompiers\/#primaryimage"},"image":{"@id":"https:\/\/mindef.gov.cm\/sapeurs-pompiers\/#primaryimage"},"thumbnailUrl":"https:\/\/mindef.gov.cm\/sapeurs-pompiers\/wp-content\/uploads\/sites\/8\/2025\/11\/Nkongsamba-1-768x576.jpg","datePublished":"2023-07-27T14:40:57+00:00","dateModified":"2025-12-08T13:04:26+00:00","breadcrumb":{"@id":"https:\/\/mindef.gov.cm\/sapeurs-pompiers\/#breadcrumb"},"inLanguage":"fr-FR","potentialAction":[{"@type":"ReadAction","target":["https:\/\/mindef.gov.cm\/sapeurs-pompiers\/"]}]},{"@type":"ImageObject","inLanguage":"fr-FR","@id":"https:\/\/mindef.gov.cm\/sapeurs-pompiers\/#primaryimage","url":"https:\/\/mindef.gov.cm\/sapeurs-pompiers\/wp-content\/uploads\/sites\/8\/2025\/11\/Nkongsamba-1.jpg","contentUrl":"https:\/\/mindef.gov.cm\/sapeurs-pompiers\/wp-content\/uploads\/sites\/8\/2025\/11\/Nkongsamba-1.jpg","width":1280,"height":960},{"@type":"BreadcrumbList","@id":"https:\/\/mindef.gov.cm\/sapeurs-pompiers\/#breadcrumb","itemListElement":[{"@type":"ListItem","position":1,"name":"Home","item":"https:\/\/mindef.gov.cm\/sapeurs-pompiers\/"},{"@type":"ListItem","position":2,"name":"accueil"}]},{"@type":"WebSite","@id":"https:\/\/mindef.gov.cm\/sapeurs-pompiers\/#website","url":"https:\/\/mindef.gov.cm\/sapeurs-pompiers\/","name":"Sapeurs Pompiers","description":"","publisher":{"@id":"https:\/\/mindef.gov.cm\/sapeurs-pompiers\/#organization"},"potentialAction":[{"@type":"SearchAction","target":{"@type":"EntryPoint","urlTemplate":"https:\/\/mindef.gov.cm\/sapeurs-pompiers\/?s={search_term_string}"},"query-input":"required name=search_term_string"}],"inLanguage":"fr-FR"},{"@type":"Organization","@id":"https:\/\/mindef.gov.cm\/sapeurs-pompiers\/#organization","name":"Sapeurs Pompiers","url":"https:\/\/mindef.gov.cm\/sapeurs-pompiers\/","logo":{"@type":"ImageObject","inLanguage":"fr-FR","@id":"https:\/\/mindef.gov.cm\/sapeurs-pompiers\/#\/schema\/logo\/image\/","url":"https:\/\/mindef.gov.cm\/sapeurs-pompiers\/wp-content\/uploads\/sites\/8\/2023\/07\/Logo-Mindef-fr.jpg","contentUrl":"https:\/\/mindef.gov.cm\/sapeurs-pompiers\/wp-content\/uploads\/sites\/8\/2023\/07\/Logo-Mindef-fr.jpg","width":1324,"height":298,"caption":"Sapeurs Pompiers"},"image":{"@id":"https:\/\/mindef.gov.cm\/sapeurs-pompiers\/#\/schema\/logo\/image\/"}}]}},"rttpg_featured_image_url":null,"rttpg_author":{"display_name":"ricaldorichard237@gmail.com","author_link":"https:\/\/mindef.gov.cm\/sapeurs-pompiers\/author\/ricaldorichard237gmail-com\/"},"rttpg_comment":0,"rttpg_category":"","rttpg_excerpt":"SAPEURS-POMPIERS NATIONAL FIRE BRIGADE Nos valeurs Consulter Nos missions Consulter Publications Consulter GD MAHAMAT AHMED KOTOKO Commandant du Corps National des Sapeurs Pompiers Commander Of the National Fire Brigade Consultez la Biographie du Commandant Actualit\u00e9s Pour sauver des vies, il faut rester pr\u00eat, inform\u00e9 et exigeant \u2026 27 novembre 2025 C&#8217;est conscients de cela que\u2026","_links":{"self":[{"href":"https:\/\/mindef.gov.cm\/sapeurs-pompiers\/wp-json\/wp\/v2\/pages\/123","targetHints":{"allow":["GET"]}}],"collection":[{"href":"https:\/\/mindef.gov.cm\/sapeurs-pompiers\/wp-json\/wp\/v2\/pages"}],"about":[{"href":"https:\/\/mindef.gov.cm\/sapeurs-pompiers\/wp-json\/wp\/v2\/types\/page"}],"author":[{"embeddable":true,"href":"https:\/\/mindef.gov.cm\/sapeurs-pompiers\/wp-json\/wp\/v2\/users\/1"}],"replies":[{"embeddable":true,"href":"https:\/\/mindef.gov.cm\/sapeurs-pompiers\/wp-json\/wp\/v2\/comments?post=123"}],"version-history":[{"count":6,"href":"https:\/\/mindef.gov.cm\/sapeurs-pompiers\/wp-json\/wp\/v2\/pages\/123\/revisions"}],"predecessor-version":[{"id":5218,"href":"https:\/\/mindef.gov.cm\/sapeurs-pompiers\/wp-json\/wp\/v2\/pages\/123\/revisions\/5218"}],"wp:attachment":[{"href":"https:\/\/mindef.gov.cm\/sapeurs-pompiers\/wp-json\/wp\/v2\/media?parent=123"}],"curies":[{"name":"wp","href":"https:\/\/api.w.org\/{rel}","templated":true}]}}